{"version":"1.0","provider_name":"Av. Deniz Can K\u0131z\u0131l","provider_url":"http:\/\/denizcankizil.tr\/de","author_name":"Antalya K\u00f6rfez","author_url":"http:\/\/denizcankizil.tr\/de\/author\/www-antalyakorfez-com\/","title":"S\u0131rr\u0131 S\u00fcreyya \u00d6nder'in cenaze t\u00f6reni program\u0131 a\u00e7\u0131kland\u0131!","type":"rich","width":600,"height":338,"html":"<blockquote class=\"wp-embedded-content\" data-secret=\"Hqqw9ell7s\"><a href=\"http:\/\/denizcankizil.tr\/de\/haberler\/gundem\/sirri-sureyya-onderin-cenaze-toreni-programi-aciklandi\/\">S\u0131rr\u0131 S\u00fcreyya \u00d6nder&#8217;in cenaze t\u00f6reni program\u0131 a\u00e7\u0131kland\u0131!<\/a><\/blockquote><iframe sandbox=\"allow-scripts\" security=\"restricted\" src=\"http:\/\/denizcankizil.tr\/de\/haberler\/gundem\/sirri-sureyya-onderin-cenaze-toreni-programi-aciklandi\/embed\/#?secret=Hqqw9ell7s\" width=\"600\" height=\"338\" title=\"&#8222;S\u0131rr\u0131 S\u00fcreyya \u00d6nder&#8217;in cenaze t\u00f6reni program\u0131 a\u00e7\u0131kland\u0131!&#8220; &#8211; Av. Deniz Can K\u0131z\u0131l\" data-secret=\"Hqqw9ell7s\" frameborder=\"0\" marginwidth=\"0\" marginheight=\"0\" scrolling=\"no\" class=\"wp-embedded-content\"><\/iframe><script>\n\/*! This file is auto-generated *\/\n!function(d,l){\"use strict\";l.querySelector&&d.addEventListener&&\"undefined\"!=typeof URL&&(d.wp=d.wp||{},d.wp.receiveEmbedMessage||(d.wp.receiveEmbedMessage=function(e){var t=e.data;if((t||t.secret||t.message||t.value)&&!\/[^a-zA-Z0-9]\/.test(t.secret)){for(var s,r,n,a=l.querySelectorAll('iframe[data-secret=\"'+t.secret+'\"]'),o=l.querySelectorAll('blockquote[data-secret=\"'+t.secret+'\"]'),c=new RegExp(\"^https?:$\",\"i\"),i=0;i<o.length;i++)o[i].style.display=\"none\";for(i=0;i<a.length;i++)s=a[i],e.source===s.contentWindow&&(s.removeAttribute(\"style\"),\"height\"===t.message?(1e3<(r=parseInt(t.value,10))?r=1e3:~~r<200&&(r=200),s.height=r):\"link\"===t.message&&(r=new URL(s.getAttribute(\"src\")),n=new URL(t.value),c.test(n.protocol))&&n.host===r.host&&l.activeElement===s&&(d.top.location.href=t.value))}},d.addEventListener(\"message\",d.wp.receiveEmbedMessage,!1),l.addEventListener(\"DOMContentLoaded\",function(){for(var e,t,s=l.querySelectorAll(\"iframe.wp-embedded-content\"),r=0;r<s.length;r++)(t=(e=s[r]).getAttribute(\"data-secret\"))||(t=Math.random().toString(36).substring(2,12),e.src+=\"#?secret=\"+t,e.setAttribute(\"data-secret\",t)),e.contentWindow.postMessage({message:\"ready\",secret:t},\"*\")},!1)))}(window,document);\n\/\/# sourceURL=http:\/\/denizcankizil.tr\/wp-includes\/js\/wp-embed.min.js\n<\/script>","description":"DEM Parti Grup Ba\u015fkanvekilleri G\u00fclistan K\u0131l\u0131\u00e7 Ko\u00e7yi\u011fit ve Sezai Temelli, tedavi g\u00f6rd\u00fc\u011f\u00fc hastanede hayat\u0131n\u0131 kaybeden S\u0131rr\u0131 S\u00fcreyya \u00d6nder i\u00e7in yar\u0131n (4 May\u0131s) yap\u0131lacak cenaze t\u00f6reniyle ilgili a\u00e7\u0131klamalarda bulundu. T\u00d6REN PROGRAMI Atat\u00fcrk K\u00fclt\u00fcr Merkezi (AKM) T\u00f6reni: S\u0131rr\u0131 S\u00fcreyya \u00d6nder&#8217;in naa\u015f\u0131, saat 11.00&#8217;de Taksim&#8217;deki Atat\u00fcrk K\u00fclt\u00fcr Merkezi&#8217;ne getirilecek. Burada bir t\u00f6ren d\u00fczenlenecek ve \u0130stanbullular, \u00d6nder&#8217;e veda etme f\u0131rsat\u0131 bulacak. Levent Barbaros Hayrettin Pa\u015fa Camii Cenaze T\u00f6reni: AKM&#8217;deki t\u00f6renin ard\u0131ndan, cenaze namaz\u0131 Levent Barbaros Hayrettin Pa\u015fa Camii&#8217;nde k\u0131l\u0131nacak. Zincirlikuyu Mezarl\u0131\u011f\u0131 Defni: Cenaze namaz\u0131n\u0131n ard\u0131ndan S\u0131rr\u0131 S\u00fcreyya \u00d6nder, Zincirlikuyu Mezarl\u0131\u011f\u0131&#8217;nda topra\u011fa verilecek. DEM PART\u0130&#8217;DEN \u00c7A\u011eRI DEM Parti Grup Ba\u015fkanvekili G\u00fclistan K\u0131l\u0131\u00e7 Ko\u00e7yi\u011fit, &#8220;S\u0131rr\u0131 S\u00fcreyya \u00d6nder&#8217;i kaybetmenin derin \u00fcz\u00fcnt\u00fcs\u00fcn\u00fc ya\u015f\u0131yoruz. Bizim a\u00e7\u0131m\u0131zdan yeri doldurulamaz, \u00e7ok b\u00fcy\u00fck bir kay\u0131p. Yar\u0131n (4 May\u0131s), S\u0131rr\u0131 S\u00fcreyya \u00d6nder&#8217;in naa\u015f\u0131 saat 11.00&#8217;da Taksim&#8217;deki Atat\u00fcrk K\u00fclt\u00fcr Merkezi&#8217;ne gelecek, bir t\u00f6ren d\u00fczenlenecek. B\u00fct\u00fcn \u0130stanbullular\u0131 S\u0131rr\u0131 S\u00fcreyya \u00d6nder&#8217;i u\u011furlamak i\u00e7in \u00f6ncelikle Taksim&#8217;e bekliyoruz&#8221; dedi. &#8220;M\u00dcCADELES\u0130 BUG\u00dcN BA\u015eLAYACAK&#8221; Grup Ba\u015fkanvekili Sezai Temelli ise, &#8220;\u00c7ok \u00fczg\u00fcn\u00fcz. 18 g\u00fcn boyunca S\u0131rr\u0131 ba\u015fkan direndi ama maalesef onu yitirdik. Onun bar\u0131\u015f m\u00fccadelesi hepimiz i\u00e7in ger\u00e7ekten yol g\u00f6stericidir. Onun m\u00fccadelesi bug\u00fcnden sonra da ya\u015fayacak. Yar\u0131n \u00f6nce AKM&#8217;de sonra da Zincirlikuyu&#8217;da kendisini u\u011furlayaca\u011f\u0131z. T\u00fcrkiye&#8217;nin her yerinden, \u0130stanbul&#8217;a gelemeyenlerin, il ve il\u00e7e binalar\u0131m\u0131zda taziyeleri kabul edilecek&#8221; \u015feklinde konu\u015ftu \u200bDEM Parti Grup &hellip;"}