{"version":"1.0","provider_name":"Av. Deniz Can K\u0131z\u0131l","provider_url":"http:\/\/denizcankizil.tr\/de","author_name":"Av. Deniz Can K\u0131z\u0131l","author_url":"http:\/\/denizcankizil.tr\/de","title":"Satran\u00e7 turnuvas\u0131nda dereceye girenler belli oldu","type":"rich","width":600,"height":338,"html":"<blockquote class=\"wp-embedded-content\" data-secret=\"eloss3STlE\"><a href=\"http:\/\/denizcankizil.tr\/de\/haberler\/gundem\/satranc-turnuvasinda-dereceye-girenler-belli-oldu\/\">Satran\u00e7 turnuvas\u0131nda dereceye girenler belli oldu<\/a><\/blockquote><iframe sandbox=\"allow-scripts\" security=\"restricted\" src=\"http:\/\/denizcankizil.tr\/de\/haberler\/gundem\/satranc-turnuvasinda-dereceye-girenler-belli-oldu\/embed\/#?secret=eloss3STlE\" width=\"600\" height=\"338\" title=\"&#8222;Satran\u00e7 turnuvas\u0131nda dereceye girenler belli oldu&#8220; &#8211; Av. Deniz Can K\u0131z\u0131l\" data-secret=\"eloss3STlE\" frameborder=\"0\" marginwidth=\"0\" marginheight=\"0\" scrolling=\"no\" class=\"wp-embedded-content\"><\/iframe><script>\n\/*! This file is auto-generated *\/\n!function(d,l){\"use strict\";l.querySelector&&d.addEventListener&&\"undefined\"!=typeof URL&&(d.wp=d.wp||{},d.wp.receiveEmbedMessage||(d.wp.receiveEmbedMessage=function(e){var t=e.data;if((t||t.secret||t.message||t.value)&&!\/[^a-zA-Z0-9]\/.test(t.secret)){for(var s,r,n,a=l.querySelectorAll('iframe[data-secret=\"'+t.secret+'\"]'),o=l.querySelectorAll('blockquote[data-secret=\"'+t.secret+'\"]'),c=new RegExp(\"^https?:$\",\"i\"),i=0;i<o.length;i++)o[i].style.display=\"none\";for(i=0;i<a.length;i++)s=a[i],e.source===s.contentWindow&&(s.removeAttribute(\"style\"),\"height\"===t.message?(1e3<(r=parseInt(t.value,10))?r=1e3:~~r<200&&(r=200),s.height=r):\"link\"===t.message&&(r=new URL(s.getAttribute(\"src\")),n=new URL(t.value),c.test(n.protocol))&&n.host===r.host&&l.activeElement===s&&(d.top.location.href=t.value))}},d.addEventListener(\"message\",d.wp.receiveEmbedMessage,!1),l.addEventListener(\"DOMContentLoaded\",function(){for(var e,t,s=l.querySelectorAll(\"iframe.wp-embedded-content\"),r=0;r<s.length;r++)(t=(e=s[r]).getAttribute(\"data-secret\"))||(t=Math.random().toString(36).substring(2,12),e.src+=\"#?secret=\"+t,e.setAttribute(\"data-secret\",t)),e.contentWindow.postMessage({message:\"ready\",secret:t},\"*\")},!1)))}(window,document);\n\/\/# sourceURL=http:\/\/denizcankizil.tr\/wp-includes\/js\/wp-embed.min.js\n<\/script>","description":"Malatya B\u00fcy\u00fck\u015fehir Belediyesi e\u011fitim \u00e7a\u011f\u0131ndaki \u00e7ocuklar\u0131n sosyal ve k\u00fclt\u00fcrel a\u00e7\u0131dan geli\u015fimlerine katk\u0131 sa\u011flamak amac\u0131yla \u00e7al\u0131\u015fmalar\u0131na aral\u0131ks\u0131z bir \u015fekilde devam ediyor. MALATYA (\u0130GFA) &#8211;\u00a0Malatya B\u00fcy\u00fck\u015fehir Belediyesi b\u00fcnyesinde hizmet vermekte olan Semt konaklar\u0131nda \u00f6\u011frencilere y\u00f6nelik d\u00fczenlenen okul derslerine yard\u0131mc\u0131 kurslar\u0131n yan\u0131 s\u0131ra sosyal-k\u00fclt\u00fcrel faaliyetler de ayr\u0131 bir canl\u0131l\u0131k sa\u011fl\u0131yor. Her e\u011fitim \u00f6\u011fretim d\u00f6neminde farkl\u0131 etkinlikler ger\u00e7ekle\u015ftirerek \u00f6\u011frencilere sosyal ve k\u00fclt\u00fcrel alanlarda da destek sunan Malatya B\u00fcy\u00fck\u015fehir Belediyesi, Kernek K\u00fclliyesinde 2024-2025 e\u011fitim-\u00f6\u011fretim d\u00f6neminin ilk etkinli\u011fi olarak satran\u00e7 turnuvas\u0131 d\u00fczenledi. Kernek K\u00fclliyesinde ger\u00e7ekle\u015ftirilen Satran\u00e7 Turnuvas\u0131 elemelerine yakla\u015f\u0131k 300 \u00f6\u011frenci m\u00fcracaat etti. Yap\u0131lan elemeler sonras\u0131nda ise 12 \u00f6\u011frenci finale kald\u0131. Finaller sonras\u0131nda ilk \u00fc\u00e7e giren \u00f6\u011frenciler \u00f6d\u00fcllendirildi. 5 ve 6. s\u0131n\u0131flarda; birinci Kayra \u00d6zhan, ikinci Muhammed Eymen, \u00fc\u00e7\u00fcnc\u00fc ise Emir \u00d6mer Emre oldu. 7 ve 8. s\u0131n\u0131flarda; \u00a0birinci Yusuf Ta\u015f, ikinci Yi\u011fit Ali D\u00f6nmezer,\u00fc\u00e7\u00fcnc\u00fc ise Emre De\u011firmenci oldu. \u200bMalatya B\u00fcy\u00fck\u015fehir Belediyesi e\u011fitim \u00e7a\u011f\u0131ndaki \u00e7ocuklar\u0131n sosyal ve k\u00fclt\u00fcrel a\u00e7\u0131dan geli\u015fimlerine katk\u0131 sa\u011flamak amac\u0131yla \u00e7al\u0131\u015fmalar\u0131na aral\u0131ks\u0131z bir \u015fekilde devam ediyor. MALATYA (\u0130GFA) &#8211;\u00a0Malatya B\u00fcy\u00fck\u015fehir Belediyesi b\u00fcnyesinde hizmet vermekte olan Semt konaklar\u0131nda \u00f6\u011frencilere y\u00f6nelik d\u00fczenlenen okul derslerine yard\u0131mc\u0131 kurslar\u0131n yan\u0131 s\u0131ra sosyal-k\u00fclt\u00fcrel faaliyetler de ayr\u0131 bir canl\u0131l\u0131k sa\u011fl\u0131yor. Her e\u011fitim \u00f6\u011fretim d\u00f6neminde farkl\u0131 etkinlikler ger\u00e7ekle\u015ftirerek \u00f6\u011frencilere sosyal ve k\u00fclt\u00fcrel alanlarda da destek sunan Malatya B\u00fcy\u00fck\u015fehir Belediyesi, Kernek K\u00fclliyesinde &hellip;"}