{"version":"1.0","provider_name":"Av. Deniz Can K\u0131z\u0131l","provider_url":"http:\/\/denizcankizil.tr\/de","author_name":"admin","author_url":"http:\/\/denizcankizil.tr\/de\/author\/admin\/","title":"Organik at\u0131klar \u0130zmir'de ekonomiye kazand\u0131r\u0131l\u0131yor","type":"rich","width":600,"height":338,"html":"<blockquote class=\"wp-embedded-content\" data-secret=\"4CkU3RUqKX\"><a href=\"http:\/\/denizcankizil.tr\/de\/haberler\/gundem\/organik-atiklar-izmirde-ekonomiye-kazandiriliyor\/\">Organik at\u0131klar \u0130zmir&#8217;de ekonomiye kazand\u0131r\u0131l\u0131yor<\/a><\/blockquote><iframe sandbox=\"allow-scripts\" security=\"restricted\" src=\"http:\/\/denizcankizil.tr\/de\/haberler\/gundem\/organik-atiklar-izmirde-ekonomiye-kazandiriliyor\/embed\/#?secret=4CkU3RUqKX\" width=\"600\" height=\"338\" title=\"&#8222;Organik at\u0131klar \u0130zmir&#8217;de ekonomiye kazand\u0131r\u0131l\u0131yor&#8220; &#8211; Av. Deniz Can K\u0131z\u0131l\" data-secret=\"4CkU3RUqKX\" frameborder=\"0\" marginwidth=\"0\" marginheight=\"0\" scrolling=\"no\" class=\"wp-embedded-content\"><\/iframe><script>\n\/*! This file is auto-generated *\/\n!function(d,l){\"use strict\";l.querySelector&&d.addEventListener&&\"undefined\"!=typeof URL&&(d.wp=d.wp||{},d.wp.receiveEmbedMessage||(d.wp.receiveEmbedMessage=function(e){var t=e.data;if((t||t.secret||t.message||t.value)&&!\/[^a-zA-Z0-9]\/.test(t.secret)){for(var s,r,n,a=l.querySelectorAll('iframe[data-secret=\"'+t.secret+'\"]'),o=l.querySelectorAll('blockquote[data-secret=\"'+t.secret+'\"]'),c=new RegExp(\"^https?:$\",\"i\"),i=0;i<o.length;i++)o[i].style.display=\"none\";for(i=0;i<a.length;i++)s=a[i],e.source===s.contentWindow&&(s.removeAttribute(\"style\"),\"height\"===t.message?(1e3<(r=parseInt(t.value,10))?r=1e3:~~r<200&&(r=200),s.height=r):\"link\"===t.message&&(r=new URL(s.getAttribute(\"src\")),n=new URL(t.value),c.test(n.protocol))&&n.host===r.host&&l.activeElement===s&&(d.top.location.href=t.value))}},d.addEventListener(\"message\",d.wp.receiveEmbedMessage,!1),l.addEventListener(\"DOMContentLoaded\",function(){for(var e,t,s=l.querySelectorAll(\"iframe.wp-embedded-content\"),r=0;r<s.length;r++)(t=(e=s[r]).getAttribute(\"data-secret\"))||(t=Math.random().toString(36).substring(2,12),e.src+=\"#?secret=\"+t,e.setAttribute(\"data-secret\",t)),e.contentWindow.postMessage({message:\"ready\",secret:t},\"*\")},!1)))}(window,document);\n\/\/# sourceURL=http:\/\/denizcankizil.tr\/wp-includes\/js\/wp-embed.min.js\n<\/script>","description":"\u0130zmir B\u00fcy\u00fck\u015fehir Belediyesi, s\u00fcrd\u00fcr\u00fclebilir at\u0131k y\u00f6netimi ve tar\u0131msal alanlar\u0131n canland\u0131r\u0131lmas\u0131 i\u00e7in K\u00fclt\u00fcrpark\u2019ta kompost e\u011fitimi verdi.\u0130ZM\u0130R (\u0130GFA) &#8211; \u0130zmir B\u00fcy\u00fck\u015fehir Belediyesi, kent genelinde s\u00fcrd\u00fcr\u00fclebilir at\u0131k y\u00f6netimini yerle\u015ftirebilmek i\u00e7in \u00e7al\u0131\u015fmalar\u0131n\u0131 s\u00fcrd\u00fcr\u00fcyor. \u0130zmir B\u00fcy\u00fck\u015fehir Belediyesi \u0130klim De\u011fi\u015fikli\u011fi ve S\u0131f\u0131r At\u0131k Dairesi Ba\u015fkanl\u0131\u011f\u0131 ile Bu\u011fday Derne\u011fi taraf\u0131ndan K\u00fclt\u00fcrpark\u2019taki \u00fcretici pazar\u0131nda \u201cYerel \u00dcreticilerimizle D\u00f6ng\u00fcsel Tar\u0131ma Y\u00f6n Veriyoruz\u201d adl\u0131 etkinlik d\u00fczenledi. K\u00fclt\u00fcrpark\u2019taki \u00fcreticilere ve yurtta\u015flara alanda kolay y\u00f6ntemlerle kompost \u00fcretimi uygulamal\u0131 olarak anlat\u0131ld\u0131. Etkinlikte konu\u015fan \u0130zmir B\u00fcy\u00fck\u015fehir Belediyesi \u0130klim De\u011fi\u015fikli\u011fi ve S\u0131f\u0131r At\u0131k Dairesi Ba\u015fkan\u0131 I\u015f\u0131l Konya, \u201c\u0130zmir\u2019de g\u0131da at\u0131klar\u0131n\u0131 da organik at\u0131klar\u0131 da de\u011ferlendirerek kentsel at\u0131k y\u00f6netiminde etkin bir s\u00fcre\u00e7 ba\u015flatmay\u0131 hedefliyoruz. Bu\u011fday Derne\u011fi de bizi bu \u00e7al\u0131\u015fmalar\u0131m\u0131zda destekleyecek. Bah\u00e7e, ev gibi yerlerde, belki mahallelerde g\u0131da at\u0131klar\u0131n\u0131n de\u011ferlendirilebilece\u011fi basit uygulamalar\u0131 g\u00f6sterece\u011fiz\u201d ifadelerini kulland\u0131. TOPRA\u011eIN CANLILIK A\u015eISI KOMPOST Etkinlikte kompost e\u011fitimini Bu\u011fday Derne\u011fi\u2019nden Murat Akhuy verdi. Uygulamal\u0131 e\u011fitim \u00f6ncesi kompost \u00fcretimi hakk\u0131nda yurtta\u015flar\u0131 bilgilendiren Murat Akhuy, kompostun bir canl\u0131l\u0131k a\u015f\u0131s\u0131 oldu\u011funu, tar\u0131msal faaliyet nedeniyle bozulan topraklar\u0131 tekrar canland\u0131rmak, bitkilere sa\u011fl\u0131k ve hastal\u0131k direncini yeniden kazand\u0131rmak i\u00e7in yap\u0131lan bir uygulama oldu\u011funu ifade etti. Akhuy, \u201cHangi kompost y\u00f6ntemini yaparsak yapal\u0131m amac\u0131m\u0131z net. Canl\u0131l\u0131\u011f\u0131 azalm\u0131\u015f, organik madde seviyesi d\u00fc\u015fm\u00fc\u015f, bozulmu\u015f topraklar\u0131 tekrar canland\u0131rmak, sa\u011fl\u0131k kazand\u0131rmak ve kimyasal ila\u00e7lara ihtiya\u00e7 kalmadan toprak ekosisteminin kendi kendine bitkiyi besleyebilmesini sa\u011flamak. Kompost, bizi &hellip;"}