{"version":"1.0","provider_name":"Av. Deniz Can K\u0131z\u0131l","provider_url":"http:\/\/denizcankizil.tr\/de","author_name":"Antalya K\u00f6rfez","author_url":"http:\/\/denizcankizil.tr\/de\/author\/www-antalyakorfez-com\/","title":"Muhittin B\u00f6cek\u2019in yerine vek\u00e2let edecek isim belli oldu","type":"rich","width":600,"height":338,"html":"<blockquote class=\"wp-embedded-content\" data-secret=\"k6mN5yAFjn\"><a href=\"http:\/\/denizcankizil.tr\/de\/haberler\/gundem\/muhittin-bocekin-yerine-vekalet-edecek-isim-belli-oldu\/\">Muhittin B\u00f6cek\u2019in yerine vek\u00e2let edecek isim belli oldu<\/a><\/blockquote><iframe sandbox=\"allow-scripts\" security=\"restricted\" src=\"http:\/\/denizcankizil.tr\/de\/haberler\/gundem\/muhittin-bocekin-yerine-vekalet-edecek-isim-belli-oldu\/embed\/#?secret=k6mN5yAFjn\" width=\"600\" height=\"338\" title=\"&#8222;Muhittin B\u00f6cek\u2019in yerine vek\u00e2let edecek isim belli oldu&#8220; &#8211; Av. Deniz Can K\u0131z\u0131l\" data-secret=\"k6mN5yAFjn\" frameborder=\"0\" marginwidth=\"0\" marginheight=\"0\" scrolling=\"no\" class=\"wp-embedded-content\"><\/iframe><script>\n\/*! This file is auto-generated *\/\n!function(d,l){\"use strict\";l.querySelector&&d.addEventListener&&\"undefined\"!=typeof URL&&(d.wp=d.wp||{},d.wp.receiveEmbedMessage||(d.wp.receiveEmbedMessage=function(e){var t=e.data;if((t||t.secret||t.message||t.value)&&!\/[^a-zA-Z0-9]\/.test(t.secret)){for(var s,r,n,a=l.querySelectorAll('iframe[data-secret=\"'+t.secret+'\"]'),o=l.querySelectorAll('blockquote[data-secret=\"'+t.secret+'\"]'),c=new RegExp(\"^https?:$\",\"i\"),i=0;i<o.length;i++)o[i].style.display=\"none\";for(i=0;i<a.length;i++)s=a[i],e.source===s.contentWindow&&(s.removeAttribute(\"style\"),\"height\"===t.message?(1e3<(r=parseInt(t.value,10))?r=1e3:~~r<200&&(r=200),s.height=r):\"link\"===t.message&&(r=new URL(s.getAttribute(\"src\")),n=new URL(t.value),c.test(n.protocol))&&n.host===r.host&&l.activeElement===s&&(d.top.location.href=t.value))}},d.addEventListener(\"message\",d.wp.receiveEmbedMessage,!1),l.addEventListener(\"DOMContentLoaded\",function(){for(var e,t,s=l.querySelectorAll(\"iframe.wp-embedded-content\"),r=0;r<s.length;r++)(t=(e=s[r]).getAttribute(\"data-secret\"))||(t=Math.random().toString(36).substring(2,12),e.src+=\"#?secret=\"+t,e.setAttribute(\"data-secret\",t)),e.contentWindow.postMessage({message:\"ready\",secret:t},\"*\")},!1)))}(window,document);\n\/\/# sourceURL=http:\/\/denizcankizil.tr\/wp-includes\/js\/wp-embed.min.js\n<\/script>","description":"Antalya Cumhuriyet Ba\u015fsavc\u0131l\u0131\u011f\u0131 taraf\u0131ndan ba\u015flat\u0131lan &#8220;r\u00fc\u015fvet&#8221; soru\u015fturmas\u0131 kapsam\u0131nda tutuklanan Antalya B\u00fcy\u00fck\u015fehir Belediye Ba\u015fkan\u0131 Muhittin B\u00f6cek\u2019in yerine, ge\u00e7ici olarak ba\u015fkanl\u0131k g\u00f6revini y\u00fcr\u00fctecek isim belli oldu. Ba\u015fkan B\u00f6cek\u2019in yerine vek\u00e2let edecek isim Antalya B\u00fcy\u00fck\u015fehir ve Konyaalt\u0131 Belediye Meclis \u00dcyesi Hasan Akkoyun olacak. TEKRARDAN BA\u015eKANVEK\u0130L\u0130 SE\u00c7\u0130LECEK Yasal s\u00fcre\u00e7 kapsam\u0131nda ilk etapta ba\u015fkanl\u0131k g\u00f6revine meclis taraf\u0131ndan bir se\u00e7im yap\u0131lmayacak. B\u00f6cek\u2019in tutukluluk karar\u0131na y\u00f6nelik itiraz s\u00fcreci tamamlanana kadar Akkoyun vekaleten g\u00f6revde bulunacak. Mahkemenin tutuklulu\u011fa devam y\u00f6n\u00fcnde karar vermesi ve itirazlar\u0131n reddedilmesi halinde ise Antalya B\u00fcy\u00fck\u015fehir Belediye Meclisi toplanarak yeni bir ba\u015fkanvekili se\u00e7ecek. HASAN AKKOYUN K\u0130MD\u0130R? Hasan Akkoyun \u0130stanbul do\u011fumludur. \u0130lk, orta ve \u00fcniversite e\u011fitimini Antalya\u2019da tamamlam\u0131\u015ft\u0131r. Babas\u0131 emekli polis memuru, annesi emekli hem\u015firedir. Akdeniz \u00dcniversitesi Spor Bilimleri Fak\u00fcltesi mezunudur. Askerlik hizmetini Batman \u0130l Jandarma Komutanl\u0131\u011f\u0131\u2019nda \u00dcst\u00fcn Hizmet Belgesi ile tamamlam\u0131\u015ft\u0131r. CHP Konyaalt\u0131 \u0130l\u00e7e Gen\u00e7lik Kollar\u0131 Ba\u015fkanl\u0131\u011f\u0131 ve CHP Antalya \u0130l Gen\u00e7lik Kollar\u0131 Y\u00f6netim Kurulu \u00fcyeli\u011fi g\u00f6revlerinde bulunmu\u015ftur. 2019 y\u0131l\u0131nda yap\u0131lan parti i\u00e7i \u00f6n se\u00e7imde ikinci olarak Konyaalt\u0131 Belediye Meclis \u00dcyesi, 2024 y\u0131l\u0131nda yine \u00f6n se\u00e7imde ikinci olarak Antalya B\u00fcy\u00fck\u015fehir ve Konyaalt\u0131 Belediye Meclis \u00dcyesi se\u00e7ilmi\u015ftir. Galatasaray Spor Kul\u00fcb\u00fc kongre \u00fcyesidir. Antalya B\u00fcy\u00fck\u015fehir Belediyesi Tekerlekli Sandalye Basketbol Tak\u0131m\u0131\u2019n\u0131n ba\u015fantren\u00f6rl\u00fc\u011f\u00fcn\u00fc yapm\u0131\u015f, tak\u0131m\u0131yla T\u00fcrkiye 1. Ligi \u015fampiyonlu\u011fu ya\u015fam\u0131\u015ft\u0131r. Lisans bitirme tezi uluslararas\u0131 hakemli bir dergide yay\u0131mlanm\u0131\u015ft\u0131r. \u00c7ocuklara y\u00f6nelik &hellip;"}