{"version":"1.0","provider_name":"Av. Deniz Can K\u0131z\u0131l","provider_url":"http:\/\/denizcankizil.tr\/de","author_name":"admin","author_url":"http:\/\/denizcankizil.tr\/de\/author\/admin\/","title":"Meteoroloji'den pe\u015f pe\u015fe uyar\u0131lar!","type":"rich","width":600,"height":338,"html":"<blockquote class=\"wp-embedded-content\" data-secret=\"K4BjmonCn2\"><a href=\"http:\/\/denizcankizil.tr\/de\/haberler\/gundem\/meteorolojiden-pes-pese-uyarilar\/\">Meteoroloji&#8217;den pe\u015f pe\u015fe uyar\u0131lar!<\/a><\/blockquote><iframe sandbox=\"allow-scripts\" security=\"restricted\" src=\"http:\/\/denizcankizil.tr\/de\/haberler\/gundem\/meteorolojiden-pes-pese-uyarilar\/embed\/#?secret=K4BjmonCn2\" width=\"600\" height=\"338\" title=\"&#8222;Meteoroloji&#8217;den pe\u015f pe\u015fe uyar\u0131lar!&#8220; &#8211; Av. Deniz Can K\u0131z\u0131l\" data-secret=\"K4BjmonCn2\" frameborder=\"0\" marginwidth=\"0\" marginheight=\"0\" scrolling=\"no\" class=\"wp-embedded-content\"><\/iframe><script>\n\/*! This file is auto-generated *\/\n!function(d,l){\"use strict\";l.querySelector&&d.addEventListener&&\"undefined\"!=typeof URL&&(d.wp=d.wp||{},d.wp.receiveEmbedMessage||(d.wp.receiveEmbedMessage=function(e){var t=e.data;if((t||t.secret||t.message||t.value)&&!\/[^a-zA-Z0-9]\/.test(t.secret)){for(var s,r,n,a=l.querySelectorAll('iframe[data-secret=\"'+t.secret+'\"]'),o=l.querySelectorAll('blockquote[data-secret=\"'+t.secret+'\"]'),c=new RegExp(\"^https?:$\",\"i\"),i=0;i<o.length;i++)o[i].style.display=\"none\";for(i=0;i<a.length;i++)s=a[i],e.source===s.contentWindow&&(s.removeAttribute(\"style\"),\"height\"===t.message?(1e3<(r=parseInt(t.value,10))?r=1e3:~~r<200&&(r=200),s.height=r):\"link\"===t.message&&(r=new URL(s.getAttribute(\"src\")),n=new URL(t.value),c.test(n.protocol))&&n.host===r.host&&l.activeElement===s&&(d.top.location.href=t.value))}},d.addEventListener(\"message\",d.wp.receiveEmbedMessage,!1),l.addEventListener(\"DOMContentLoaded\",function(){for(var e,t,s=l.querySelectorAll(\"iframe.wp-embedded-content\"),r=0;r<s.length;r++)(t=(e=s[r]).getAttribute(\"data-secret\"))||(t=Math.random().toString(36).substring(2,12),e.src+=\"#?secret=\"+t,e.setAttribute(\"data-secret\",t)),e.contentWindow.postMessage({message:\"ready\",secret:t},\"*\")},!1)))}(window,document);\n\/\/# sourceURL=http:\/\/denizcankizil.tr\/wp-includes\/js\/wp-embed.min.js\n<\/script>","description":"Meteoroloji Genel M\u00fcd\u00fcrl\u00fc\u011f\u00fc taraf\u0131ndan yap\u0131lan tahminlere g\u00f6re yurdun bir\u00e7ok b\u00f6lgesinde etkili olan ya\u011f\u0131\u015fl\u0131 hava devam ediyor. Mevsim normallerinin alt\u0131nda seyretmekte olan hava s\u0131cakl\u0131klar\u0131n\u0131n; do\u011fu kesimlerinde 2-4 derece azalmas\u0131 beklenirken ula\u015f\u0131mda ya\u015fanabilecek aksamalara ve buzlanmaya kar\u015f\u0131 tedbirli olunmas\u0131 gerekti\u011fi uyar\u0131s\u0131 yap\u0131ld\u0131. ANKARA (\u0130GFA) &#8211;\u00a0Meteoroloji Genel M\u00fcd\u00fcrl\u00fc\u011f\u00fc, 21 \u015eubat Cuma g\u00fcn\u00fcne ili\u015fkin hava tahmin raporunu yay\u0131mlad\u0131. Meteoroloji Genel M\u00fcd\u00fcrl\u00fc\u011f\u00fc taraf\u0131ndan yap\u0131lan tahminlere g\u00f6re \u00fclkemiz genelinin par\u00e7al\u0131 ve \u00e7ok bulutlu, Marmara\u2019n\u0131n do\u011fusu, Karadeniz, \u0130\u00e7 Anadolu\u2019nun kuzey ve do\u011fusu, Do\u011fu Anadolu\u2019nun do\u011fusu ile K\u00fctahya, Afyonkarahisar, Bing\u00f6l ve Siirt \u00e7evrelerinin kar ya\u011f\u0131\u015fl\u0131 ge\u00e7ece\u011fi tahmin ediliyor. Ya\u011f\u0131\u015flar\u0131n, Bat\u0131 Karadeniz, Orta ve Do\u011fu Karadeniz k\u0131y\u0131lar\u0131 ile \u0130stanbul, Kocaeli, Sakarya, Yalova, Bursa, Bal\u0131kesir&#8217;in kuzeyinde yerel kuvvetli olmas\u0131 bekleniyor. R\u00fczgar\u0131n; Marmara, K\u0131y\u0131 Ege, Akdeniz\u2019in i\u00e7 kesimleri ile \u0130\u00e7 Anadolu\u2019nun g\u00fcneyinde kuzeyli y\u00f6nlerden kuvvetli olarak (40-60 km\/saat) esmesi bekleniyor. Gece ve sabah saatlerinde kuzey, i\u00e7 ve do\u011fu kesimlerde buzlanma ve don olay\u0131 bekleniyor. Do\u011fu Karadeniz\u2019in i\u00e7 kesimlerinin y\u00fcksekleri ile Do\u011fu Anadolu\u2019nun y\u00fcksek ve dik yama\u00e7lar\u0131nda \u00e7\u0131\u011f tehlikesi bulunmaktad\u0131r. HAVA SICAKLI\u011eI:\u00a0Mevsim normallerinin alt\u0131nda seyretmekte olan hava s\u0131cakl\u0131klar\u0131n\u0131n; do\u011fu kesimlerinde 2-4 derece azalmas\u0131 bekleniyor. R\u00dcZGAR:\u00a0Genellikle kuzeyli y\u00f6nlerden hafif, ara s\u0131ra orta kuvvette, R\u00fczgar\u0131n; Marmara, K\u0131y\u0131 Ege, Akdeniz\u2019in i\u00e7 kesimleri ile \u0130\u00e7 Anadolu\u2019nun g\u00fcneyinde kuzeyli y\u00f6nlerden kuvvetli olarak (40-60 km\/saat) esmesi bekleniyor. KUVVETL\u0130 &hellip;"}