{"version":"1.0","provider_name":"Av. Deniz Can K\u0131z\u0131l","provider_url":"http:\/\/denizcankizil.tr\/de","author_name":"admin","author_url":"http:\/\/denizcankizil.tr\/de\/author\/admin\/","title":"Meteoroloji'den haftaya 'kuvvetli' ba\u015flang\u0131\u00e7!","type":"rich","width":600,"height":338,"html":"<blockquote class=\"wp-embedded-content\" data-secret=\"UZ2dV53mgu\"><a href=\"http:\/\/denizcankizil.tr\/de\/haberler\/gundem\/meteorolojiden-haftaya-kuvvetli-baslangic\/\">Meteoroloji&#8217;den haftaya &#8216;kuvvetli&#8217; ba\u015flang\u0131\u00e7!<\/a><\/blockquote><iframe sandbox=\"allow-scripts\" security=\"restricted\" src=\"http:\/\/denizcankizil.tr\/de\/haberler\/gundem\/meteorolojiden-haftaya-kuvvetli-baslangic\/embed\/#?secret=UZ2dV53mgu\" width=\"600\" height=\"338\" title=\"&#8222;Meteoroloji&#8217;den haftaya &#8216;kuvvetli&#8217; ba\u015flang\u0131\u00e7!&#8220; &#8211; Av. Deniz Can K\u0131z\u0131l\" data-secret=\"UZ2dV53mgu\" frameborder=\"0\" marginwidth=\"0\" marginheight=\"0\" scrolling=\"no\" class=\"wp-embedded-content\"><\/iframe><script>\n\/*! This file is auto-generated *\/\n!function(d,l){\"use strict\";l.querySelector&&d.addEventListener&&\"undefined\"!=typeof URL&&(d.wp=d.wp||{},d.wp.receiveEmbedMessage||(d.wp.receiveEmbedMessage=function(e){var t=e.data;if((t||t.secret||t.message||t.value)&&!\/[^a-zA-Z0-9]\/.test(t.secret)){for(var s,r,n,a=l.querySelectorAll('iframe[data-secret=\"'+t.secret+'\"]'),o=l.querySelectorAll('blockquote[data-secret=\"'+t.secret+'\"]'),c=new RegExp(\"^https?:$\",\"i\"),i=0;i<o.length;i++)o[i].style.display=\"none\";for(i=0;i<a.length;i++)s=a[i],e.source===s.contentWindow&&(s.removeAttribute(\"style\"),\"height\"===t.message?(1e3<(r=parseInt(t.value,10))?r=1e3:~~r<200&&(r=200),s.height=r):\"link\"===t.message&&(r=new URL(s.getAttribute(\"src\")),n=new URL(t.value),c.test(n.protocol))&&n.host===r.host&&l.activeElement===s&&(d.top.location.href=t.value))}},d.addEventListener(\"message\",d.wp.receiveEmbedMessage,!1),l.addEventListener(\"DOMContentLoaded\",function(){for(var e,t,s=l.querySelectorAll(\"iframe.wp-embedded-content\"),r=0;r<s.length;r++)(t=(e=s[r]).getAttribute(\"data-secret\"))||(t=Math.random().toString(36).substring(2,12),e.src+=\"#?secret=\"+t,e.setAttribute(\"data-secret\",t)),e.contentWindow.postMessage({message:\"ready\",secret:t},\"*\")},!1)))}(window,document);\n\/\/# sourceURL=http:\/\/denizcankizil.tr\/wp-includes\/js\/wp-embed.min.js\n<\/script>","description":"Haftaya par\u00e7al\u0131 ve \u00e7ok bulutlu olarak ba\u015flang\u0131\u00e7 yapan Meteoroloji&#8217;nin hava tahmin raporuna g\u00f6re, yurt genelinde ya\u011f\u0131\u015f ve kar ya\u011f\u0131\u015f\u0131 bekleniyor. Kar, r\u00fczgar, \u00e7\u0131\u011f ve buzlanma konusunda da kuvvetli uyar\u0131lar geldi.ANKARA (\u0130GFA) &#8211; Meteoroloji Genel M\u00fcd\u00fcrl\u00fc\u011f\u00fc, 3 Mart Pazartesi g\u00fcn\u00fcne ili\u015fkin hava tahmin raporunu yay\u0131mlad\u0131.\u00a0 Buna g\u00f6re T\u00fcrkiye genelinin par\u00e7al\u0131 ve \u00e7ok bulutlu, Marmara&#8217;n\u0131n do\u011fusu, G\u00fcney ve \u0130\u00e7 Ege, Bat\u0131 ve Orta Akdeniz, \u0130\u00e7 Anadolu&#8217;nun g\u00fcney ve do\u011fusu, Karadeniz, Do\u011fu Anadolu\u2019nun kuzey ve bat\u0131s\u0131 ile Mu\u015f, Bitlis, Bing\u00f6l, Van, Hakkari, Ad\u0131yaman, Diyarbak\u0131r, Siirt, Osmaniye, Kahramanmara\u015f, Ankara, Eski\u015fehir&#8217;in g\u00fcneyi ve Adana&#8217;n\u0131n kuzey \u00e7evrelerinin aral\u0131kl\u0131 ya\u011f\u0131\u015fl\u0131 ge\u00e7ece\u011fi tahmin edildi. Kuzey, i\u00e7 ve bat\u0131 kesimlerde ya\u011f\u0131\u015fla birlikte 3 ila 5 derece azalaca\u011f\u0131, di\u011fer yerlerde \u00f6nemli bir de\u011fi\u015fiklik olmayaca\u011f\u0131 tahmin edilen rapora g\u00f6re; ya\u011f\u0131\u015flar\u0131n Marmara&#8217;n\u0131n do\u011fusu, G\u00fcney ve \u0130\u00e7 Ege, Bat\u0131 ve Orta Akdeniz k\u0131y\u0131lar\u0131, Karadeniz k\u0131y\u0131lar\u0131, Manisa, Denizli, Ankara, Eski\u015fehir&#8217;in g\u00fcneyi, Adana&#8217;n\u0131n kuzey kesimleri, Osmaniye, Kahramanmara\u015f, Ad\u0131yaman, Diyarbak\u0131r, Siirt \u00e7evrelerinde ya\u011fmur ve sa\u011fanak, ya\u011f\u0131\u015f alan di\u011fer yerlerde karla kar\u0131\u015f\u0131k ya\u011fmur ve kar \u015feklinde olmas\u0131 bekleniyor. Kar ya\u011f\u0131\u015flar\u0131n\u0131n Do\u011fu Karadeniz&#8217;in i\u00e7 kesimleri ile Karaman, Ni\u011fde, Kayseri, Sivas, Erzincan, Tunceli ve Bing\u00f6l \u00e7evrelerinde yer yer kuvvetli olaca\u011f\u0131 tahmin ediliyor. Yurdun i\u00e7 ve do\u011fu kesimlerinde buzlanma ve don ile birlikte pus ve yer yer sis bekleniyor. R\u00fczgar\u0131n &hellip;"}