{"version":"1.0","provider_name":"Av. Deniz Can K\u0131z\u0131l","provider_url":"http:\/\/denizcankizil.tr\/de","author_name":"admin","author_url":"http:\/\/denizcankizil.tr\/de\/author\/admin\/","title":"Kuzeybat\u0131da toz ta\u015f\u0131n\u0131m\u0131na dikkat!","type":"rich","width":600,"height":338,"html":"<blockquote class=\"wp-embedded-content\" data-secret=\"RyuVLJJ0Op\"><a href=\"http:\/\/denizcankizil.tr\/de\/haberler\/gundem\/kuzeybatida-toz-tasinimina-dikkat\/\">Kuzeybat\u0131da toz ta\u015f\u0131n\u0131m\u0131na dikkat!<\/a><\/blockquote><iframe sandbox=\"allow-scripts\" security=\"restricted\" src=\"http:\/\/denizcankizil.tr\/de\/haberler\/gundem\/kuzeybatida-toz-tasinimina-dikkat\/embed\/#?secret=RyuVLJJ0Op\" width=\"600\" height=\"338\" title=\"&#8222;Kuzeybat\u0131da toz ta\u015f\u0131n\u0131m\u0131na dikkat!&#8220; &#8211; Av. Deniz Can K\u0131z\u0131l\" data-secret=\"RyuVLJJ0Op\" frameborder=\"0\" marginwidth=\"0\" marginheight=\"0\" scrolling=\"no\" class=\"wp-embedded-content\"><\/iframe><script>\n\/*! This file is auto-generated *\/\n!function(d,l){\"use strict\";l.querySelector&&d.addEventListener&&\"undefined\"!=typeof URL&&(d.wp=d.wp||{},d.wp.receiveEmbedMessage||(d.wp.receiveEmbedMessage=function(e){var t=e.data;if((t||t.secret||t.message||t.value)&&!\/[^a-zA-Z0-9]\/.test(t.secret)){for(var s,r,n,a=l.querySelectorAll('iframe[data-secret=\"'+t.secret+'\"]'),o=l.querySelectorAll('blockquote[data-secret=\"'+t.secret+'\"]'),c=new RegExp(\"^https?:$\",\"i\"),i=0;i<o.length;i++)o[i].style.display=\"none\";for(i=0;i<a.length;i++)s=a[i],e.source===s.contentWindow&&(s.removeAttribute(\"style\"),\"height\"===t.message?(1e3<(r=parseInt(t.value,10))?r=1e3:~~r<200&&(r=200),s.height=r):\"link\"===t.message&&(r=new URL(s.getAttribute(\"src\")),n=new URL(t.value),c.test(n.protocol))&&n.host===r.host&&l.activeElement===s&&(d.top.location.href=t.value))}},d.addEventListener(\"message\",d.wp.receiveEmbedMessage,!1),l.addEventListener(\"DOMContentLoaded\",function(){for(var e,t,s=l.querySelectorAll(\"iframe.wp-embedded-content\"),r=0;r<s.length;r++)(t=(e=s[r]).getAttribute(\"data-secret\"))||(t=Math.random().toString(36).substring(2,12),e.src+=\"#?secret=\"+t,e.setAttribute(\"data-secret\",t)),e.contentWindow.postMessage({message:\"ready\",secret:t},\"*\")},!1)))}(window,document);\n\/\/# sourceURL=http:\/\/denizcankizil.tr\/wp-includes\/js\/wp-embed.min.js\n<\/script>","description":"Meteoroloji&#8217;nin tahminine g\u00f6re, T\u00fcrkiye&#8217;nin kuzey ve i\u00e7 kesimleri bulutlu, Karadeniz&#8217;in baz\u0131 b\u00f6lgelerinde ya\u011fmur bekleniyor. Hava s\u0131cakl\u0131klar\u0131 do\u011fuda artacak. Kuzeybat\u0131 kesimlerinde toz ta\u015f\u0131n\u0131m\u0131, Do\u011fu Karadeniz ve Do\u011fu Anadolu&#8217;da \u00e7\u0131\u011f, i\u00e7 kesimlerde ise don tehlikesi mevcut.ANKARA (\u0130GFA) &#8211; Meteoroloji Genel M\u00fcd\u00fcrl\u00fc\u011f\u00fc 26 Mart \u00c7ar\u015famba g\u00fcn\u00fcne ili\u015fkin hava tahmin raporunu yay\u0131mlad\u0131. Yap\u0131lan tahminlere g\u00f6re T\u00fcrkiye&#8217;nin kuzey ve i\u00e7 kesimlerinin par\u00e7al\u0131 ve yer yer \u00e7ok bulutlu, Artvin ve Ardahan \u00e7evreleri ile Trabzon ve Rize&#8217;nin i\u00e7 kesimlerinin ya\u011fmur ve sa\u011fanak ya\u011f\u0131\u015fl\u0131, di\u011fer yerlerin az bulutlu ve a\u00e7\u0131k ge\u00e7ecek. Hava s\u0131cakl\u0131klar\u0131n\u0131n do\u011fu kesimlerde 3-6 derece artaca\u011f\u0131, di\u011fer yerlerde \u00f6nemli bir de\u011fi\u015fiklik beklenmiyor. R\u00fczgar\u0131n ise genellikle g\u00fcneyli, G\u00fcneydo\u011fu Anadolu&#8217;nun kuzeyli y\u00f6nlerden hafif, ara s\u0131ra orta kuvvette esmesi bekleniyor. Sabah ve gece saatlerinde i\u00e7 ve do\u011fu kesimlerde buzlanma ve don olay\u0131 beklenirken, kuzeybat\u0131 kesimlerde toz ta\u015f\u0131n\u0131m\u0131 olaca\u011f\u0131 tahmin ediliyor. Do\u011fu Karadeniz ile Do\u011fu Anadolu\u2019nun y\u00fcksek kar \u00f6rt\u00fcs\u00fcne sahip e\u011fimli yama\u00e7lar\u0131nda \u00e7\u0131\u011f tehlikesi bulunuyor. Olumsuzluklara kar\u015f\u0131 ilgililerin ve vatanda\u015flar\u0131m\u0131z\u0131n dikkatli ve tedbirli olmalar\u0131 istendi. \u200bMeteoroloji&#8217;nin tahminine g\u00f6re, T\u00fcrkiye&#8217;nin kuzey ve i\u00e7 kesimleri bulutlu, Karadeniz&#8217;in baz\u0131 b\u00f6lgelerinde ya\u011fmur bekleniyor. Hava s\u0131cakl\u0131klar\u0131 do\u011fuda artacak. Kuzeybat\u0131 kesimlerinde toz ta\u015f\u0131n\u0131m\u0131, Do\u011fu Karadeniz ve Do\u011fu Anadolu&#8217;da \u00e7\u0131\u011f, i\u00e7 kesimlerde ise don tehlikesi mevcut.ANKARA (\u0130GFA) &#8211; Meteoroloji Genel M\u00fcd\u00fcrl\u00fc\u011f\u00fc 26 Mart \u00c7ar\u015famba g\u00fcn\u00fcne ili\u015fkin hava &hellip;"}