{"version":"1.0","provider_name":"Av. Deniz Can K\u0131z\u0131l","provider_url":"http:\/\/denizcankizil.tr\/de","author_name":"Av. Deniz Can K\u0131z\u0131l","author_url":"http:\/\/denizcankizil.tr\/de","title":"\u201cKumlu\u2019da Hayvanc\u0131l\u0131kla U\u011fra\u015fan \u00c7obanlar \u00c7aresiz\u201d","type":"rich","width":600,"height":338,"html":"<blockquote class=\"wp-embedded-content\" data-secret=\"2hUc350Bk2\"><a href=\"http:\/\/denizcankizil.tr\/de\/haberler\/gundem\/kumluda-hayvancilikla-ugrasan-cobanlar-caresiz\/\">\u201cKumlu\u2019da Hayvanc\u0131l\u0131kla U\u011fra\u015fan \u00c7obanlar \u00c7aresiz\u201d<\/a><\/blockquote><iframe sandbox=\"allow-scripts\" security=\"restricted\" src=\"http:\/\/denizcankizil.tr\/de\/haberler\/gundem\/kumluda-hayvancilikla-ugrasan-cobanlar-caresiz\/embed\/#?secret=2hUc350Bk2\" width=\"600\" height=\"338\" title=\"&#8222;\u201cKumlu\u2019da Hayvanc\u0131l\u0131kla U\u011fra\u015fan \u00c7obanlar \u00c7aresiz\u201d&#8220; &#8211; Av. Deniz Can K\u0131z\u0131l\" data-secret=\"2hUc350Bk2\" frameborder=\"0\" marginwidth=\"0\" marginheight=\"0\" scrolling=\"no\" class=\"wp-embedded-content\"><\/iframe><script>\n\/*! This file is auto-generated *\/\n!function(d,l){\"use strict\";l.querySelector&&d.addEventListener&&\"undefined\"!=typeof URL&&(d.wp=d.wp||{},d.wp.receiveEmbedMessage||(d.wp.receiveEmbedMessage=function(e){var t=e.data;if((t||t.secret||t.message||t.value)&&!\/[^a-zA-Z0-9]\/.test(t.secret)){for(var s,r,n,a=l.querySelectorAll('iframe[data-secret=\"'+t.secret+'\"]'),o=l.querySelectorAll('blockquote[data-secret=\"'+t.secret+'\"]'),c=new RegExp(\"^https?:$\",\"i\"),i=0;i<o.length;i++)o[i].style.display=\"none\";for(i=0;i<a.length;i++)s=a[i],e.source===s.contentWindow&&(s.removeAttribute(\"style\"),\"height\"===t.message?(1e3<(r=parseInt(t.value,10))?r=1e3:~~r<200&&(r=200),s.height=r):\"link\"===t.message&&(r=new URL(s.getAttribute(\"src\")),n=new URL(t.value),c.test(n.protocol))&&n.host===r.host&&l.activeElement===s&&(d.top.location.href=t.value))}},d.addEventListener(\"message\",d.wp.receiveEmbedMessage,!1),l.addEventListener(\"DOMContentLoaded\",function(){for(var e,t,s=l.querySelectorAll(\"iframe.wp-embedded-content\"),r=0;r<s.length;r++)(t=(e=s[r]).getAttribute(\"data-secret\"))||(t=Math.random().toString(36).substring(2,12),e.src+=\"#?secret=\"+t,e.setAttribute(\"data-secret\",t)),e.contentWindow.postMessage({message:\"ready\",secret:t},\"*\")},!1)))}(window,document);\n\/\/# sourceURL=http:\/\/denizcankizil.tr\/wp-includes\/js\/wp-embed.min.js\n<\/script>","description":"Kara, b\u00f6lgedeki meralar\u0131n imara a\u00e7\u0131lmas\u0131, \u00e7evre kirlili\u011fi ve hayvanc\u0131l\u0131kla u\u011fra\u015fan vatanda\u015flar\u0131n ma\u011fduriyeti nedeniyle yetkililere \u00e7a\u011fr\u0131da bulundu. \u201cMera Alanlar\u0131 Tahrip Ediliyor\u201d Milletvekili Kara, Kumlu \u0130l\u00e7e Ba\u015fkan\u0131 ve parti y\u00f6neticileri ile yapt\u0131\u011f\u0131 incelemelerde, Cumhuriyet Mahallesi s\u0131n\u0131r\u0131ndaki meralar\u0131n durumuna dikkat \u00e7ekerek, \u201cHayvanc\u0131l\u0131\u011f\u0131n bitme noktas\u0131na geldi\u011fi bug\u00fcnlerde, meralar\u0131n tahrip edilmesi g\u00f6rmezden geliniyor. Kumlu\u2019da hayvanlar\u0131n otlat\u0131ld\u0131\u011f\u0131 bir mera, hukuki ve idari hamleler sonucunda imara a\u00e7\u0131ld\u0131. Mera alan\u0131na in\u015faat yap\u0131l\u0131rken, bir k\u0131sm\u0131na \u00e7\u00f6p d\u00f6k\u00fcl\u00fcyor, hatta dereye kanalizasyon de\u015farj ediliyor. K\u00f6yl\u00fcler, ge\u00e7im kaynaklar\u0131n\u0131 kaybetme tehlikesiyle kar\u015f\u0131 kar\u015f\u0131ya\u201d diye konu\u015ftu. \u00c7evre Kirlili\u011fi Alarm Veriyor B\u00f6lgedeki \u00e7evre kirlili\u011fine de vurgu yaparak yerle\u015fim alanlar\u0131na yak\u0131n mesafedeki \u00e7\u00f6plerin \u00e7evreye zarar verdi\u011fini belirten Milletvekili Kara, \u201c\u00c7\u00f6pler, mahallelerin ortas\u0131na d\u00f6k\u00fclm\u00fc\u015f durumda. Yanan \u00e7\u00f6plerin kokusu ve kanalizasyon at\u0131klar\u0131, b\u00f6lgeyi ya\u015fanmaz hale getiriyor. Hava ve toprak kirlili\u011fi o kadar artt\u0131 ki, \u00e7evresinde oturmak pencereler kapal\u0131 olsa bile m\u00fcmk\u00fcn de\u011fil\u201d dedi. \u201cMeralar \u0130n\u015faatlara Teslim Edilmesin\u201d Hayvanc\u0131l\u0131kla u\u011fra\u015fan yurtta\u015flar\u0131n \u00e7aresiz durumda oldu\u011funu ifade eden Kara, \u015funlar\u0131 s\u00f6yledi: \u201cVatanda\u015flar\u0131m\u0131z, ge\u00e7im kaynaklar\u0131n\u0131 korumak ve sa\u011fl\u0131kl\u0131 bir \u00e7evrede ya\u015famak istiyor. Deprem bahane edilerek kanuna ayk\u0131r\u0131 \u015fekilde meralar\u0131n imara a\u00e7\u0131lmas\u0131n\u0131 ve in\u015faatlara teslim edilmesini istemiyorlar. Bu konuyu \u00c7evre, \u015eehircilik ve \u0130klim De\u011fi\u015fikli\u011fi Bakanl\u0131\u011f\u0131\u2019na ta\u015f\u0131yaca\u011f\u0131z.\u201d Yetkililere \u00c7a\u011fr\u0131 CHP\u2019li Kara, Kumlu\u2019da ya\u015fanan bu sorunlar\u0131n \u00e7\u00f6z\u00fcm\u00fc i\u00e7in acilen ad\u0131m at\u0131lmas\u0131 gerekti\u011fini vurgulayarak, meralar\u0131n korunmas\u0131, &hellip;"}