{"version":"1.0","provider_name":"Av. Deniz Can K\u0131z\u0131l","provider_url":"http:\/\/denizcankizil.tr\/de","author_name":"Antalya K\u00f6rfez","author_url":"http:\/\/denizcankizil.tr\/de\/author\/www-antalyakorfez-com\/","title":"Konyaalt\u0131'ndan emeklilere yaz d\u00fczenlemesi","type":"rich","width":600,"height":338,"html":"<blockquote class=\"wp-embedded-content\" data-secret=\"1EAmt7CRYx\"><a href=\"http:\/\/denizcankizil.tr\/de\/haberler\/gundem\/konyaaltindan-emeklilere-yaz-duzenlemesi\/\">Konyaalt\u0131&#8217;ndan emeklilere yaz d\u00fczenlemesi<\/a><\/blockquote><iframe sandbox=\"allow-scripts\" security=\"restricted\" src=\"http:\/\/denizcankizil.tr\/de\/haberler\/gundem\/konyaaltindan-emeklilere-yaz-duzenlemesi\/embed\/#?secret=1EAmt7CRYx\" width=\"600\" height=\"338\" title=\"&#8222;Konyaalt\u0131&#8217;ndan emeklilere yaz d\u00fczenlemesi&#8220; &#8211; Av. Deniz Can K\u0131z\u0131l\" data-secret=\"1EAmt7CRYx\" frameborder=\"0\" marginwidth=\"0\" marginheight=\"0\" scrolling=\"no\" class=\"wp-embedded-content\"><\/iframe><script>\n\/*! This file is auto-generated *\/\n!function(d,l){\"use strict\";l.querySelector&&d.addEventListener&&\"undefined\"!=typeof URL&&(d.wp=d.wp||{},d.wp.receiveEmbedMessage||(d.wp.receiveEmbedMessage=function(e){var t=e.data;if((t||t.secret||t.message||t.value)&&!\/[^a-zA-Z0-9]\/.test(t.secret)){for(var s,r,n,a=l.querySelectorAll('iframe[data-secret=\"'+t.secret+'\"]'),o=l.querySelectorAll('blockquote[data-secret=\"'+t.secret+'\"]'),c=new RegExp(\"^https?:$\",\"i\"),i=0;i<o.length;i++)o[i].style.display=\"none\";for(i=0;i<a.length;i++)s=a[i],e.source===s.contentWindow&&(s.removeAttribute(\"style\"),\"height\"===t.message?(1e3<(r=parseInt(t.value,10))?r=1e3:~~r<200&&(r=200),s.height=r):\"link\"===t.message&&(r=new URL(s.getAttribute(\"src\")),n=new URL(t.value),c.test(n.protocol))&&n.host===r.host&&l.activeElement===s&&(d.top.location.href=t.value))}},d.addEventListener(\"message\",d.wp.receiveEmbedMessage,!1),l.addEventListener(\"DOMContentLoaded\",function(){for(var e,t,s=l.querySelectorAll(\"iframe.wp-embedded-content\"),r=0;r<s.length;r++)(t=(e=s[r]).getAttribute(\"data-secret\"))||(t=Math.random().toString(36).substring(2,12),e.src+=\"#?secret=\"+t,e.setAttribute(\"data-secret\",t)),e.contentWindow.postMessage({message:\"ready\",secret:t},\"*\")},!1)))}(window,document);\n\/\/# sourceURL=http:\/\/denizcankizil.tr\/wp-includes\/js\/wp-embed.min.js\n<\/script>","description":"Konyaalt\u0131 Belediyesi, yaz mevsimi boyunca Emekli Kahveleri&#8217;nin hizmet saatlerinde de\u011fi\u015fikli\u011fe gitti. Belediye taraf\u0131ndan yap\u0131lan a\u00e7\u0131klamaya g\u00f6re, Emekli Kahveleri art\u0131k saat 10.00&#8217;da a\u00e7\u0131lacak, 19.00&#8217;da kapanacak. Ayr\u0131ca her pazartesi g\u00fcn\u00fc hijyen \u00e7al\u0131\u015fmalar\u0131 nedeniyle kapal\u0131 olacak. KONFOR VE H\u0130JYEN \u00d6NDE TUTULDU Konyaalt\u0131 Belediyesi sosyal medya hesaplar\u0131ndan yap\u0131lan duyuruda, yeni uygulaman\u0131n yaz s\u0131cakl\u0131klar\u0131 ve vatanda\u015flar\u0131n rahatl\u0131\u011f\u0131 g\u00f6zetilerek hayata ge\u00e7irildi\u011fi belirtildi. Duyuruda \u015fu ifadelere yer verildi: &#8220;Konyaalt\u0131 Belediyesi Emekli Kahvelerimiz, yaz mevsimi boyunca saat 10.00&#8217;da a\u00e7\u0131l\u0131p 19.00&#8217;da kapanacakt\u0131r. Ayr\u0131ca, ger\u00e7ekle\u015fecek rutin hijyen \u00e7al\u0131\u015fmalar\u0131m\u0131z sebebiyle her pazartesi g\u00fcn\u00fc kapal\u0131 olacakt\u0131r.&#8221; Yap\u0131lan d\u00fczenleme hem yaz aylar\u0131nda daha konforlu bir ortam sa\u011flanmas\u0131 hem de hijyen standartlar\u0131n\u0131n y\u00fckseltilmesi ama\u00e7lan\u0131yor. \u200bKonyaalt\u0131 Belediyesi, yaz mevsimi boyunca Emekli Kahveleri&#8217;nin hizmet saatlerinde de\u011fi\u015fikli\u011fe gitti. Konyaalt\u0131 Belediyesi&#8217;nin yapt\u0131\u011f\u0131 duyuruya g\u00f6re i\u015fte yeni a\u00e7\u0131l\u0131\u015f ve kapan\u0131\u015f saatleri&#8230;\u00a0 \u200bHaberin Al\u0131nt\u0131land\u0131\u011f\u0131 Kaynak: www.antalyakorfez.com"}