{"version":"1.0","provider_name":"Av. Deniz Can K\u0131z\u0131l","provider_url":"http:\/\/denizcankizil.tr\/de","author_name":"admin","author_url":"http:\/\/denizcankizil.tr\/de\/author\/admin\/","title":"Kocaeli'de 90'lar konseri mest etti","type":"rich","width":600,"height":338,"html":"<blockquote class=\"wp-embedded-content\" data-secret=\"P5sXeqdkAu\"><a href=\"http:\/\/denizcankizil.tr\/de\/haberler\/gundem\/kocaelide-90lar-konseri-mest-etti\/\">Kocaeli&#8217;de 90&#8217;lar konseri mest etti<\/a><\/blockquote><iframe sandbox=\"allow-scripts\" security=\"restricted\" src=\"http:\/\/denizcankizil.tr\/de\/haberler\/gundem\/kocaelide-90lar-konseri-mest-etti\/embed\/#?secret=P5sXeqdkAu\" width=\"600\" height=\"338\" title=\"&#8222;Kocaeli&#8217;de 90&#8217;lar konseri mest etti&#8220; &#8211; Av. Deniz Can K\u0131z\u0131l\" data-secret=\"P5sXeqdkAu\" frameborder=\"0\" marginwidth=\"0\" marginheight=\"0\" scrolling=\"no\" class=\"wp-embedded-content\"><\/iframe><script>\n\/*! This file is auto-generated *\/\n!function(d,l){\"use strict\";l.querySelector&&d.addEventListener&&\"undefined\"!=typeof URL&&(d.wp=d.wp||{},d.wp.receiveEmbedMessage||(d.wp.receiveEmbedMessage=function(e){var t=e.data;if((t||t.secret||t.message||t.value)&&!\/[^a-zA-Z0-9]\/.test(t.secret)){for(var s,r,n,a=l.querySelectorAll('iframe[data-secret=\"'+t.secret+'\"]'),o=l.querySelectorAll('blockquote[data-secret=\"'+t.secret+'\"]'),c=new RegExp(\"^https?:$\",\"i\"),i=0;i<o.length;i++)o[i].style.display=\"none\";for(i=0;i<a.length;i++)s=a[i],e.source===s.contentWindow&&(s.removeAttribute(\"style\"),\"height\"===t.message?(1e3<(r=parseInt(t.value,10))?r=1e3:~~r<200&&(r=200),s.height=r):\"link\"===t.message&&(r=new URL(s.getAttribute(\"src\")),n=new URL(t.value),c.test(n.protocol))&&n.host===r.host&&l.activeElement===s&&(d.top.location.href=t.value))}},d.addEventListener(\"message\",d.wp.receiveEmbedMessage,!1),l.addEventListener(\"DOMContentLoaded\",function(){for(var e,t,s=l.querySelectorAll(\"iframe.wp-embedded-content\"),r=0;r<s.length;r++)(t=(e=s[r]).getAttribute(\"data-secret\"))||(t=Math.random().toString(36).substring(2,12),e.src+=\"#?secret=\"+t,e.setAttribute(\"data-secret\",t)),e.contentWindow.postMessage({message:\"ready\",secret:t},\"*\")},!1)))}(window,document);\n\/\/# sourceURL=http:\/\/denizcankizil.tr\/wp-includes\/js\/wp-embed.min.js\n<\/script>","description":"Kocaeli B\u00fcy\u00fck\u015fehir\u2019in EnFest Gen\u00e7lik Festivali kapsam\u0131nda Milli \u0130rade Meydan\u0131\u2019ndaki Ana Sahne\u2019de ger\u00e7ekle\u015ftirdi\u011fi 90\u2019lar Konseri herkesi mest ettiKOCAEL\u0130 (\u0130GFA) -Kocaeli B\u00fcy\u00fck\u015fehir Belediyesi\u2019nin \u0130zmit Milli \u0130rade Meydan\u0131\u2019nda ger\u00e7ekle\u015ftirdi\u011fi 90\u2019lar Konseri alan\u0131 dolduran herkesi mest etti. \u015eark\u0131lara hep birlikte e\u015flik eden kat\u0131l\u0131mc\u0131lar, unutamayacaklar\u0131 bir ak\u015fam ge\u00e7irdi. GEN\u00c7LER G\u00d6N\u00dcLLER\u0130NCE E\u011eLEN\u0130YOR Kocaeli B\u00fcy\u00fck\u015fehir Belediyesi taraf\u0131ndan \u0130zmit Milli \u0130rade Meydan\u0131\u2019nda ger\u00e7ekle\u015ftirilen EnFest etkinlikleri kapsam\u0131nda gen\u00e7ler; spor, k\u00fclt\u00fcr, sanat ve e\u011flence dolu bir festival atmosferinde 19 May\u0131s Atat\u00fcrk\u2019\u00fc Anma, Gen\u00e7lik ve Spor Bayram\u0131\u2019n\u0131 doyas\u0131ya kutluyor. T\u00fcrkiye\u2019nin en gen\u00e7, en dinamik ve en renkli festivali EnFest; spor, k\u00fclt\u00fcr, sanat ve teknoloji alan\u0131ndaki etkinliklerle gen\u00e7lere bayram havas\u0131nda bir 19 May\u0131s ya\u015fat\u0131yor. Etkinlik alan\u0131nda kurulan sahne ve stantlarda \u00e7e\u015fitli sahne g\u00f6sterileri, at\u00f6lye \u00e7al\u0131\u015fmalar\u0131 ve etkile\u015fimli aktivitelere kat\u0131lan gen\u00e7ler g\u00f6n\u00fcllerince e\u011flenmenin tad\u0131n\u0131 \u00e7\u0131kar\u0131yor. 90\u2019LAR KONSER\u0130 HERKES\u0130 B\u00dcY\u00dcLED\u0130 EnFest kapsam\u0131nda B\u00fcy\u00fck\u015fehir Belediye Konservatuvar\u0131 e\u011fitmenleri taraf\u0131ndan Milli \u0130rade Meydan\u0131\u2019nda 90\u2019lar Konseri ger\u00e7ekle\u015ftirildi. B\u00fcy\u00fck\u015fehir Belediye Konservatuvar\u0131 Ses E\u011fitmeni Tu\u011f\u00e7e Erenci\u2019nin enfes yorumuyla solist olarak yer ald\u0131\u011f\u0131 konserde Oda Orkestras\u0131 \u015eefi Engin \u015een de piyano ve seslendirdi\u011fi \u015fark\u0131larla adeta nostalji r\u00fczgarlar\u0131 estirdi. Kat\u0131l\u0131m\u0131n yo\u011fun oldu\u011fu konserde dinleyicilere 90\u2019l\u0131 y\u0131llar\u0131n pop \u015fark\u0131lar\u0131ndan olu\u015fan bir repertuar sunuldu. \u015eark\u0131lara hep birlikte e\u015flik eden gen\u00e7ler konserde doyas\u0131ya e\u011flendi. \u200bKocaeli B\u00fcy\u00fck\u015fehir\u2019in EnFest Gen\u00e7lik Festivali kapsam\u0131nda Milli \u0130rade Meydan\u0131\u2019ndaki Ana Sahne\u2019de &hellip;"}