{"version":"1.0","provider_name":"Av. Deniz Can K\u0131z\u0131l","provider_url":"http:\/\/denizcankizil.tr\/de","author_name":"admin","author_url":"http:\/\/denizcankizil.tr\/de\/author\/admin\/","title":"Karadeniz\u2019in bereketi \u015fimdi de sanayiye hayat verecek","type":"rich","width":600,"height":338,"html":"<blockquote class=\"wp-embedded-content\" data-secret=\"hncKj8XkR6\"><a href=\"http:\/\/denizcankizil.tr\/de\/haberler\/gundem\/karadenizin-bereketi-simdi-de-sanayiye-hayat-verecek\/\">Karadeniz\u2019in bereketi \u015fimdi de sanayiye hayat verecek<\/a><\/blockquote><iframe sandbox=\"allow-scripts\" security=\"restricted\" src=\"http:\/\/denizcankizil.tr\/de\/haberler\/gundem\/karadenizin-bereketi-simdi-de-sanayiye-hayat-verecek\/embed\/#?secret=hncKj8XkR6\" width=\"600\" height=\"338\" title=\"&#8222;Karadeniz\u2019in bereketi \u015fimdi de sanayiye hayat verecek&#8220; &#8211; Av. Deniz Can K\u0131z\u0131l\" data-secret=\"hncKj8XkR6\" frameborder=\"0\" marginwidth=\"0\" marginheight=\"0\" scrolling=\"no\" class=\"wp-embedded-content\"><\/iframe><script>\n\/*! This file is auto-generated *\/\n!function(d,l){\"use strict\";l.querySelector&&d.addEventListener&&\"undefined\"!=typeof URL&&(d.wp=d.wp||{},d.wp.receiveEmbedMessage||(d.wp.receiveEmbedMessage=function(e){var t=e.data;if((t||t.secret||t.message||t.value)&&!\/[^a-zA-Z0-9]\/.test(t.secret)){for(var s,r,n,a=l.querySelectorAll('iframe[data-secret=\"'+t.secret+'\"]'),o=l.querySelectorAll('blockquote[data-secret=\"'+t.secret+'\"]'),c=new RegExp(\"^https?:$\",\"i\"),i=0;i<o.length;i++)o[i].style.display=\"none\";for(i=0;i<a.length;i++)s=a[i],e.source===s.contentWindow&&(s.removeAttribute(\"style\"),\"height\"===t.message?(1e3<(r=parseInt(t.value,10))?r=1e3:~~r<200&&(r=200),s.height=r):\"link\"===t.message&&(r=new URL(s.getAttribute(\"src\")),n=new URL(t.value),c.test(n.protocol))&&n.host===r.host&&l.activeElement===s&&(d.top.location.href=t.value))}},d.addEventListener(\"message\",d.wp.receiveEmbedMessage,!1),l.addEventListener(\"DOMContentLoaded\",function(){for(var e,t,s=l.querySelectorAll(\"iframe.wp-embedded-content\"),r=0;r<s.length;r++)(t=(e=s[r]).getAttribute(\"data-secret\"))||(t=Math.random().toString(36).substring(2,12),e.src+=\"#?secret=\"+t,e.setAttribute(\"data-secret\",t)),e.contentWindow.postMessage({message:\"ready\",secret:t},\"*\")},!1)))}(window,document);\n\/\/# sourceURL=http:\/\/denizcankizil.tr\/wp-includes\/js\/wp-embed.min.js\n<\/script>","description":"Karadeniz\u2019in \u00f6nemli ge\u00e7im kayna\u011f\u0131 f\u0131nd\u0131ktan d\u00fcnyada ilk defa aktif karbon \u00fcretilecek. Ordu\u2019da \u00fcretimine ba\u015flan\u0131lacak aktif karbon savunma sanayinden t\u0131bba, tekstilden g\u0131da sekt\u00f6r\u00fcne geni\u015f bir alanda hammadde olarak kullan\u0131lacak.ORDU (\u0130GFA) &#8211; Ordu\u2019da ilkleri ya\u015fatan B\u00fcy\u00fck\u015fehir Belediye Ba\u015fkan\u0131 Dr. Mehmet Hilmi G\u00fcler, sanayi alan\u0131nda da bir ilke imza att\u0131. Ordu\u2019da \u00fcretimi yap\u0131lan ve sadece meyvesi kullan\u0131lan f\u0131nd\u0131\u011f\u0131n kabu\u011funu da de\u011ferlendirmek isteyen Ba\u015fkan G\u00fcler d\u00fcnyada ilk defa f\u0131nd\u0131k kabu\u011fundan aktif karbon \u00fcretimi ile sanayide yeni d\u00f6nem ba\u015flatt\u0131. Aktif karbonun \u00fcretimi i\u00e7in Ordu\u2019nun Per\u015fembe il\u00e7esi Efirli Mahallesi\u2019nde Aktif Karbon \u00dcretim Tesisi kuruldu. \u00c7al\u0131\u015fmalar\u0131n h\u0131zla devam etti\u011fi tesiste yurt d\u0131\u015f\u0131ndan gelen teknik ekip ve Ordu B\u00fcy\u00fck\u015fehir Belediyesi ekipleri makinelerin kurulum \u00e7al\u0131\u015fmalar\u0131nda sona yakla\u015ft\u0131. B\u00d6LGE EKONOM\u0130S\u0130NE G\u00dc\u00c7 KATACAK Tesiste f\u0131nd\u0131k kabu\u011fu i\u015flenerek aktif karbona d\u00f6n\u00fc\u015ft\u00fcr\u00fclecek. Ordu\u2019da sadece yakacak olarak kullan\u0131lan f\u0131nd\u0131k kabu\u011fu aktif karbon olarak pek \u00e7ok alanda kullan\u0131lacak. Zehirli gazlar\u0131 s\u00fczme, su ar\u0131tma, hava temizleme gibi onlarca sekt\u00f6r\u00fcn ihtiyac\u0131 aktif karbon art\u0131k Ordu\u2019dan temin edilecek. Aktif karbonun Ordu\u2019da \u00fcretilmesi hem T\u00fcrkiye\u2019nin d\u0131\u015fa ba\u011f\u0131ml\u0131l\u0131\u011f\u0131n\u0131 azaltacak hem de b\u00f6lge ekonomisine g\u00fc\u00e7 katacak. \u200bKaradeniz\u2019in \u00f6nemli ge\u00e7im kayna\u011f\u0131 f\u0131nd\u0131ktan d\u00fcnyada ilk defa aktif karbon \u00fcretilecek. Ordu\u2019da \u00fcretimine ba\u015flan\u0131lacak aktif karbon savunma sanayinden t\u0131bba, tekstilden g\u0131da sekt\u00f6r\u00fcne geni\u015f bir alanda hammadde olarak kullan\u0131lacak.ORDU (\u0130GFA) &#8211; Ordu\u2019da ilkleri ya\u015fatan B\u00fcy\u00fck\u015fehir Belediye &hellip;"}