{"version":"1.0","provider_name":"Av. Deniz Can K\u0131z\u0131l","provider_url":"http:\/\/denizcankizil.tr\/de","author_name":"Av. Deniz Can K\u0131z\u0131l","author_url":"http:\/\/denizcankizil.tr\/de","title":"\u0130zmir'de 9 saatlik beyin f\u0131rt\u0131nas\u0131","type":"rich","width":600,"height":338,"html":"<blockquote class=\"wp-embedded-content\" data-secret=\"5vvgQXzDbh\"><a href=\"http:\/\/denizcankizil.tr\/de\/haberler\/gundem\/izmirde-9-saatlik-beyin-firtinasi\/\">\u0130zmir&#8217;de 9 saatlik beyin f\u0131rt\u0131nas\u0131<\/a><\/blockquote><iframe sandbox=\"allow-scripts\" security=\"restricted\" src=\"http:\/\/denizcankizil.tr\/de\/haberler\/gundem\/izmirde-9-saatlik-beyin-firtinasi\/embed\/#?secret=5vvgQXzDbh\" width=\"600\" height=\"338\" title=\"&#8222;\u0130zmir&#8217;de 9 saatlik beyin f\u0131rt\u0131nas\u0131&#8220; &#8211; Av. Deniz Can K\u0131z\u0131l\" data-secret=\"5vvgQXzDbh\" frameborder=\"0\" marginwidth=\"0\" marginheight=\"0\" scrolling=\"no\" class=\"wp-embedded-content\"><\/iframe><script>\n\/*! This file is auto-generated *\/\n!function(d,l){\"use strict\";l.querySelector&&d.addEventListener&&\"undefined\"!=typeof URL&&(d.wp=d.wp||{},d.wp.receiveEmbedMessage||(d.wp.receiveEmbedMessage=function(e){var t=e.data;if((t||t.secret||t.message||t.value)&&!\/[^a-zA-Z0-9]\/.test(t.secret)){for(var s,r,n,a=l.querySelectorAll('iframe[data-secret=\"'+t.secret+'\"]'),o=l.querySelectorAll('blockquote[data-secret=\"'+t.secret+'\"]'),c=new RegExp(\"^https?:$\",\"i\"),i=0;i<o.length;i++)o[i].style.display=\"none\";for(i=0;i<a.length;i++)s=a[i],e.source===s.contentWindow&&(s.removeAttribute(\"style\"),\"height\"===t.message?(1e3<(r=parseInt(t.value,10))?r=1e3:~~r<200&&(r=200),s.height=r):\"link\"===t.message&&(r=new URL(s.getAttribute(\"src\")),n=new URL(t.value),c.test(n.protocol))&&n.host===r.host&&l.activeElement===s&&(d.top.location.href=t.value))}},d.addEventListener(\"message\",d.wp.receiveEmbedMessage,!1),l.addEventListener(\"DOMContentLoaded\",function(){for(var e,t,s=l.querySelectorAll(\"iframe.wp-embedded-content\"),r=0;r<s.length;r++)(t=(e=s[r]).getAttribute(\"data-secret\"))||(t=Math.random().toString(36).substring(2,12),e.src+=\"#?secret=\"+t,e.setAttribute(\"data-secret\",t)),e.contentWindow.postMessage({message:\"ready\",secret:t},\"*\")},!1)))}(window,document);\n\/\/# sourceURL=http:\/\/denizcankizil.tr\/wp-includes\/js\/wp-embed.min.js\n<\/script>","description":"\u0130zmir&#8217;de 200 uzmandan, 9 saatlik beyin f\u0131rt\u0131nas\u0131 ile &#8216;K\u00f6rfezin Gelece\u011fi \u0130zmir\u2019in Gelece\u011fi \u00c7al\u0131\u015ftay\u0131&#8217;n\u0131 sonu\u00e7land\u0131rd\u0131.\u0130ZM\u0130R (\u0130GFA) &#8211; \u0130zmir B\u00fcy\u00fck\u015fehir Belediyesi\u2019nin K\u00f6rfez\u2019in temizlenmesine y\u00f6nelik yol haritas\u0131n\u0131 belirlemek i\u00e7in Tarihi Havagaz\u0131 Fabrikas\u0131\u2019nda d\u00fczenledi\u011fi \u201cK\u00f6rfezin Gelece\u011fi, \u0130zmir\u2019in Gelece\u011fi\u201d ba\u015fl\u0131kl\u0131 \u00e7al\u0131\u015ftay 9 saat s\u00fcrd\u00fc. Alan\u0131nda uluslararas\u0131 \u00e7al\u0131\u015fmalara imza atm\u0131\u015f isimlerin de yer ald\u0131\u011f\u0131 200 uzman, gruplar halinde 3 ba\u015fl\u0131k \u00fczerinde tart\u0131\u015ft\u0131. \u00c7al\u0131\u015ftay\u0131n kapan\u0131\u015f\u0131nda konu\u015fan, \u0130ZDEN\u0130Z Y\u00f6netim Kurulu Ba\u015fkan\u0131 Dr. I\u015f\u0131khan G\u00fcler, \u201c\u0130zmir K\u00f6rfezi hepimizin sorunudur. Evrensel bir sorundur. Daha iyi bir K\u00f6rfez, daha iyi bir kent, denizle bar\u0131\u015f\u0131k bir kent nas\u0131l yaratabiliriz, bunu ba\u015faraca\u011f\u0131z\u201d dedi. D\u00fcnya \u00e7ap\u0131nda s\u00f6z sahibi bilim insanlar\u0131n\u0131 K\u00f6rfezin Gelece\u011fi \u0130zmir\u2019in Gelece\u011fi ba\u015fl\u0131kl\u0131 \u00e7al\u0131\u015ftayda bir araya getiren \u0130zmir B\u00fcy\u00fck\u015fehir Belediyesi, g\u00fcn boyunca yakla\u015f\u0131k 200 ki\u015finin beyin f\u0131rt\u0131nas\u0131yla \u0130zmir K\u00f6rfez\u2019inin temizlenebilmesi i\u00e7in yol haritas\u0131 olu\u015fturdu. Tarihi Havagaz\u0131 Fabrikas\u0131\u2019nda d\u00fczenlenen \u00e7al\u0131\u015ftayda 9 saat boyunca \u00c7in, Norve\u00e7, Avustralya ve ABD\u2019nin yan\u0131 s\u0131ra T\u00fcrkiye\u2019nin farkl\u0131 \u015fehirlerinden gelen uzmanlar K\u00f6rfez Ekolojisinin Korunmas\u0131 ve S\u00fcrd\u00fcr\u00fclebilirli\u011fi, \u0130zmir Deniz Ula\u015f\u0131m\u0131n\u0131n Geli\u015ftirilmesi ve \u00c7e\u015fitlendirilmesi, B\u00fct\u00fcnle\u015fik K\u0131y\u0131 Alan\u0131 Y\u00f6netimi konular\u0131 oda\u011f\u0131nda grupla\u015ft\u0131 ve g\u00fcn sonunda k\u0131sa, orta ve uzun vadede hayata ge\u00e7irilebilecek projeleri belirledi. DAHA \u0130Y\u0130 B\u0130R K\u00d6RFEZ, DEN\u0130ZLE BARI\u015eIK B\u0130R KENT \u00c7al\u0131\u015ftay sonras\u0131nda t\u00fcm kat\u0131l\u0131mc\u0131lara emekleri ve sabr\u0131 i\u00e7in te\u015fekk\u00fcr eden \u0130ZDEN\u0130Z Y\u00f6netim Kurulu Ba\u015fkan\u0131 Dr. I\u015f\u0131khan G\u00fcler, \u201c3 konu \u00fczerinde &hellip;"}