{"version":"1.0","provider_name":"Av. Deniz Can K\u0131z\u0131l","provider_url":"http:\/\/denizcankizil.tr\/de","author_name":"admin","author_url":"http:\/\/denizcankizil.tr\/de\/author\/admin\/","title":"\u0130zmir \u00c7i\u011fli'de \u00e7ocuklara kitap dolu bir hafta!","type":"rich","width":600,"height":338,"html":"<blockquote class=\"wp-embedded-content\" data-secret=\"8R8SIvC9Px\"><a href=\"http:\/\/denizcankizil.tr\/de\/haberler\/gundem\/izmir-ciglide-cocuklara-kitap-dolu-bir-hafta\/\">\u0130zmir \u00c7i\u011fli&#8217;de \u00e7ocuklara kitap dolu bir hafta!<\/a><\/blockquote><iframe sandbox=\"allow-scripts\" security=\"restricted\" src=\"http:\/\/denizcankizil.tr\/de\/haberler\/gundem\/izmir-ciglide-cocuklara-kitap-dolu-bir-hafta\/embed\/#?secret=8R8SIvC9Px\" width=\"600\" height=\"338\" title=\"&#8222;\u0130zmir \u00c7i\u011fli&#8217;de \u00e7ocuklara kitap dolu bir hafta!&#8220; &#8211; Av. Deniz Can K\u0131z\u0131l\" data-secret=\"8R8SIvC9Px\" frameborder=\"0\" marginwidth=\"0\" marginheight=\"0\" scrolling=\"no\" class=\"wp-embedded-content\"><\/iframe><script>\n\/*! This file is auto-generated *\/\n!function(d,l){\"use strict\";l.querySelector&&d.addEventListener&&\"undefined\"!=typeof URL&&(d.wp=d.wp||{},d.wp.receiveEmbedMessage||(d.wp.receiveEmbedMessage=function(e){var t=e.data;if((t||t.secret||t.message||t.value)&&!\/[^a-zA-Z0-9]\/.test(t.secret)){for(var s,r,n,a=l.querySelectorAll('iframe[data-secret=\"'+t.secret+'\"]'),o=l.querySelectorAll('blockquote[data-secret=\"'+t.secret+'\"]'),c=new RegExp(\"^https?:$\",\"i\"),i=0;i<o.length;i++)o[i].style.display=\"none\";for(i=0;i<a.length;i++)s=a[i],e.source===s.contentWindow&&(s.removeAttribute(\"style\"),\"height\"===t.message?(1e3<(r=parseInt(t.value,10))?r=1e3:~~r<200&&(r=200),s.height=r):\"link\"===t.message&&(r=new URL(s.getAttribute(\"src\")),n=new URL(t.value),c.test(n.protocol))&&n.host===r.host&&l.activeElement===s&&(d.top.location.href=t.value))}},d.addEventListener(\"message\",d.wp.receiveEmbedMessage,!1),l.addEventListener(\"DOMContentLoaded\",function(){for(var e,t,s=l.querySelectorAll(\"iframe.wp-embedded-content\"),r=0;r<s.length;r++)(t=(e=s[r]).getAttribute(\"data-secret\"))||(t=Math.random().toString(36).substring(2,12),e.src+=\"#?secret=\"+t,e.setAttribute(\"data-secret\",t)),e.contentWindow.postMessage({message:\"ready\",secret:t},\"*\")},!1)))}(window,document);\n\/\/# sourceURL=http:\/\/denizcankizil.tr\/wp-includes\/js\/wp-embed.min.js\n<\/script>","description":"\u0130zmir \u00c7i\u011fli Belediyesi, minik okurlar i\u00e7in benzersiz bir etkinli\u011fe imza at\u0131yor.\u0130ZM\u0130R (\u0130GFA) &#8211;\u00a01. \u00c7i\u011fli \u00c7ocuk Kitap G\u00fcnleri, \u00e7ocuklara kitap sevgisini a\u015f\u0131lamak ve onlar\u0131n k\u00fclt\u00fcrel geli\u015fimlerine katk\u0131da bulunmak amac\u0131yla 1-6 May\u0131s tarihleri aras\u0131nda d\u00fczenlenecek. Alt\u0131 g\u00fcn s\u00fcrecek bu renkli etkinlik, Akvaryum Kafe ve Restoran\u2019da minik kitapseverleri a\u011f\u0131rlayacak. K\u00fclt\u00fcr ve e\u011flence dolu bu etkinlik, hem \u00e7ocuklar hem de aileler i\u00e7in harika bir deneyim olacak. Etkinlik, 1 May\u0131s Per\u015fembe g\u00fcn\u00fc kitap stantlar\u0131n\u0131n ziyarete a\u00e7\u0131lmas\u0131yla ba\u015flayacak. Etkinlik program\u0131 2 May\u0131s Cuma g\u00fcn\u00fc saat 18.00\u2019de d\u00fczenlenecek a\u00e7\u0131l\u0131\u015f program\u0131yla devam edecek. DOPDOLU B\u0130R PROGRAM M\u0130N\u0130KLER\u0130 BEKL\u0130YOR Kitap dolu g\u00fcnlerde \u00e7ocuklar\u0131 birbirinden e\u011flenceli ve \u00f6\u011fretici etkinlikler bekliyor. S\u00f6yle\u015filer, \u00e7izim, karikat\u00fcr, yarat\u0131c\u0131 drama, heykel ve ritim at\u00f6lyelerinin yan\u0131 s\u0131ra m\u00fczik ve \u015fiir dinletileri, dans g\u00f6sterileri, yar\u0131\u015fmalar, y\u00fcz boyama etkinlikleri ile jongl\u00f6r ve tahta bacak g\u00f6sterileri gibi birbirinden renkli aktiviteler de yer alacak. Bu b\u00fcy\u00fcl\u00fc etkinlikte minik okuyucular, sevdikleri yazarlarla tan\u0131\u015f\u0131p onlar\u0131n imzalar\u0131n\u0131 alma \u015fans\u0131na da sahip olacak. Hayal g\u00fcc\u00fcn\u00fc ve yarat\u0131c\u0131l\u0131\u011f\u0131 ate\u015fleyecek bu etkinliklerle \u00e7ocuklar unutamayacaklar\u0131 bir kitap \u015f\u00f6leni ya\u015fayacak. BA\u015eKAN YILDIZ\u2019DAN K\u00dc\u00c7\u00dcK K\u0130TAPSEVERLERE DAVET \u00c7ocuklar\u0131n hayal g\u00fcc\u00fcn\u00fc besleyen, onlar\u0131 gelece\u011fe daha g\u00fc\u00e7l\u00fc haz\u0131rlayan en de\u011ferli ara\u00e7lardan birinin kitaplar oldu\u011funa vurgu yapan \u00c7i\u011fli Belediye Ba\u015fkan\u0131 Onur Emrah Y\u0131ld\u0131z, \u201cBiz de \u00c7i\u011fli Belediyesi olarak, bu bilin\u00e7le 1. \u00c7i\u011fli \u00c7ocuk &hellip;"}