{"version":"1.0","provider_name":"Av. Deniz Can K\u0131z\u0131l","provider_url":"http:\/\/denizcankizil.tr\/de","author_name":"admin","author_url":"http:\/\/denizcankizil.tr\/de\/author\/admin\/","title":"\u0130zmir B\u00fcy\u00fck\u015fehir ma\u011fdur aileyi yaln\u0131z b\u0131rakmad\u0131","type":"rich","width":600,"height":338,"html":"<blockquote class=\"wp-embedded-content\" data-secret=\"eyHeXyIzOE\"><a href=\"http:\/\/denizcankizil.tr\/de\/haberler\/gundem\/izmir-buyuksehir-magdur-aileyi-yalniz-birakmadi\/\">\u0130zmir B\u00fcy\u00fck\u015fehir ma\u011fdur aileyi yaln\u0131z b\u0131rakmad\u0131<\/a><\/blockquote><iframe sandbox=\"allow-scripts\" security=\"restricted\" src=\"http:\/\/denizcankizil.tr\/de\/haberler\/gundem\/izmir-buyuksehir-magdur-aileyi-yalniz-birakmadi\/embed\/#?secret=eyHeXyIzOE\" width=\"600\" height=\"338\" title=\"&#8222;\u0130zmir B\u00fcy\u00fck\u015fehir ma\u011fdur aileyi yaln\u0131z b\u0131rakmad\u0131&#8220; &#8211; Av. Deniz Can K\u0131z\u0131l\" data-secret=\"eyHeXyIzOE\" frameborder=\"0\" marginwidth=\"0\" marginheight=\"0\" scrolling=\"no\" class=\"wp-embedded-content\"><\/iframe><script>\n\/*! This file is auto-generated *\/\n!function(d,l){\"use strict\";l.querySelector&&d.addEventListener&&\"undefined\"!=typeof URL&&(d.wp=d.wp||{},d.wp.receiveEmbedMessage||(d.wp.receiveEmbedMessage=function(e){var t=e.data;if((t||t.secret||t.message||t.value)&&!\/[^a-zA-Z0-9]\/.test(t.secret)){for(var s,r,n,a=l.querySelectorAll('iframe[data-secret=\"'+t.secret+'\"]'),o=l.querySelectorAll('blockquote[data-secret=\"'+t.secret+'\"]'),c=new RegExp(\"^https?:$\",\"i\"),i=0;i<o.length;i++)o[i].style.display=\"none\";for(i=0;i<a.length;i++)s=a[i],e.source===s.contentWindow&&(s.removeAttribute(\"style\"),\"height\"===t.message?(1e3<(r=parseInt(t.value,10))?r=1e3:~~r<200&&(r=200),s.height=r):\"link\"===t.message&&(r=new URL(s.getAttribute(\"src\")),n=new URL(t.value),c.test(n.protocol))&&n.host===r.host&&l.activeElement===s&&(d.top.location.href=t.value))}},d.addEventListener(\"message\",d.wp.receiveEmbedMessage,!1),l.addEventListener(\"DOMContentLoaded\",function(){for(var e,t,s=l.querySelectorAll(\"iframe.wp-embedded-content\"),r=0;r<s.length;r++)(t=(e=s[r]).getAttribute(\"data-secret\"))||(t=Math.random().toString(36).substring(2,12),e.src+=\"#?secret=\"+t,e.setAttribute(\"data-secret\",t)),e.contentWindow.postMessage({message:\"ready\",secret:t},\"*\")},!1)))}(window,document);\n\/\/# sourceURL=http:\/\/denizcankizil.tr\/wp-includes\/js\/wp-embed.min.js\n<\/script>","description":"\u0130zmir B\u00fcy\u00fck\u015fehir Belediyesi Buca Onat T\u00fcneli in\u015faat\u0131 s\u0131ras\u0131nda evi zarar g\u00f6ren aileyi Uzundere konutlar\u0131na ta\u015f\u0131d\u0131\u0130ZM\u0130R (\u0130GFA) &#8211; \u0130zmir B\u00fcy\u00fck\u015fehir Belediyesi, Buca Onat T\u00fcneli in\u015faat\u0131 s\u0131ras\u0131nda evi zarar g\u00f6ren aileyi, Karaba\u011flar Uzundere\u2019deki konutlara ta\u015f\u0131d\u0131. Aile 12 ay boyunca burada kira \u00f6demeden oturabilecek. \u0130zmir B\u00fcy\u00fck\u015fehir Belediyesi, Buca ile Bornova\u2019y\u0131 birbirine ba\u011flamas\u0131 planlanan Buca Onat T\u00fcneli\u2019nin in\u015faat\u0131 s\u0131ras\u0131nda evinin duvar\u0131 y\u0131k\u0131lan aileye yard\u0131m eli uzatt\u0131. Konak Atamer Mahallesi 2613 Sokak, 23 numaral\u0131 yap\u0131n\u0131n zemin kat\u0131nda ya\u015fayan Fahriye ve Ersen K\u0131l\u0131\u00e7 ile g\u00f6r\u00fc\u015fen B\u00fcy\u00fck\u015fehir ekipleri, ailenin evden ta\u015f\u0131nmas\u0131 konusunda uzla\u015fmaya vard\u0131. \u0130zmir B\u00fcy\u00fck\u015fehir Belediyesi ekipleri, evdeki e\u015fyalar\u0131 toplayarak nakliye arac\u0131na yerle\u015ftirdi. Ard\u0131ndan aileyi belediyenin Uzundere konutlar\u0131ndaki bo\u015f daireye ta\u015f\u0131d\u0131. Bir y\u0131l s\u00fcreyle oturabilecekler Aile, bir y\u0131l s\u00fcreyle konutta kira \u00f6demeden oturabilecek. \u0130zmir B\u00fcy\u00fck\u015fehir Belediyesi zarar g\u00f6ren evin kamula\u015ft\u0131rma \u00e7al\u0131\u015fmalar\u0131n\u0131 s\u00fcrd\u00fcr\u00fcyor. \u200b\u0130zmir B\u00fcy\u00fck\u015fehir Belediyesi Buca Onat T\u00fcneli in\u015faat\u0131 s\u0131ras\u0131nda evi zarar g\u00f6ren aileyi Uzundere konutlar\u0131na ta\u015f\u0131d\u0131\u0130ZM\u0130R (\u0130GFA) &#8211; \u0130zmir B\u00fcy\u00fck\u015fehir Belediyesi, Buca Onat T\u00fcneli in\u015faat\u0131 s\u0131ras\u0131nda evi zarar g\u00f6ren aileyi, Karaba\u011flar Uzundere\u2019deki konutlara ta\u015f\u0131d\u0131. Aile 12 ay boyunca burada kira \u00f6demeden oturabilecek. \u0130zmir B\u00fcy\u00fck\u015fehir Belediyesi, Buca ile Bornova\u2019y\u0131 birbirine ba\u011flamas\u0131 planlanan Buca Onat T\u00fcneli\u2019nin in\u015faat\u0131 s\u0131ras\u0131nda evinin duvar\u0131 y\u0131k\u0131lan aileye yard\u0131m eli uzatt\u0131. Konak Atamer Mahallesi 2613 Sokak, 23 numaral\u0131 yap\u0131n\u0131n zemin kat\u0131nda ya\u015fayan Fahriye &hellip;"}