{"version":"1.0","provider_name":"Av. Deniz Can K\u0131z\u0131l","provider_url":"http:\/\/denizcankizil.tr\/de","author_name":"Av. Deniz Can K\u0131z\u0131l","author_url":"http:\/\/denizcankizil.tr\/de","title":"\u0130\u015fyurtlar\u0131 \u00dcr\u00fcn ve El Sanatlar\u0131 Fuar\u0131'na ziyaret\u00e7i ak\u0131n\u0131","type":"rich","width":600,"height":338,"html":"<blockquote class=\"wp-embedded-content\" data-secret=\"u0uGuH64EK\"><a href=\"http:\/\/denizcankizil.tr\/de\/haberler\/gundem\/isyurtlari-urun-ve-el-sanatlari-fuarina-ziyaretci-akini\/\">\u0130\u015fyurtlar\u0131 \u00dcr\u00fcn ve El Sanatlar\u0131 Fuar\u0131&#8217;na ziyaret\u00e7i ak\u0131n\u0131<\/a><\/blockquote><iframe sandbox=\"allow-scripts\" security=\"restricted\" src=\"http:\/\/denizcankizil.tr\/de\/haberler\/gundem\/isyurtlari-urun-ve-el-sanatlari-fuarina-ziyaretci-akini\/embed\/#?secret=u0uGuH64EK\" width=\"600\" height=\"338\" title=\"&#8222;\u0130\u015fyurtlar\u0131 \u00dcr\u00fcn ve El Sanatlar\u0131 Fuar\u0131&#8217;na ziyaret\u00e7i ak\u0131n\u0131&#8220; &#8211; Av. Deniz Can K\u0131z\u0131l\" data-secret=\"u0uGuH64EK\" frameborder=\"0\" marginwidth=\"0\" marginheight=\"0\" scrolling=\"no\" class=\"wp-embedded-content\"><\/iframe><script>\n\/*! This file is auto-generated *\/\n!function(d,l){\"use strict\";l.querySelector&&d.addEventListener&&\"undefined\"!=typeof URL&&(d.wp=d.wp||{},d.wp.receiveEmbedMessage||(d.wp.receiveEmbedMessage=function(e){var t=e.data;if((t||t.secret||t.message||t.value)&&!\/[^a-zA-Z0-9]\/.test(t.secret)){for(var s,r,n,a=l.querySelectorAll('iframe[data-secret=\"'+t.secret+'\"]'),o=l.querySelectorAll('blockquote[data-secret=\"'+t.secret+'\"]'),c=new RegExp(\"^https?:$\",\"i\"),i=0;i<o.length;i++)o[i].style.display=\"none\";for(i=0;i<a.length;i++)s=a[i],e.source===s.contentWindow&&(s.removeAttribute(\"style\"),\"height\"===t.message?(1e3<(r=parseInt(t.value,10))?r=1e3:~~r<200&&(r=200),s.height=r):\"link\"===t.message&&(r=new URL(s.getAttribute(\"src\")),n=new URL(t.value),c.test(n.protocol))&&n.host===r.host&&l.activeElement===s&&(d.top.location.href=t.value))}},d.addEventListener(\"message\",d.wp.receiveEmbedMessage,!1),l.addEventListener(\"DOMContentLoaded\",function(){for(var e,t,s=l.querySelectorAll(\"iframe.wp-embedded-content\"),r=0;r<s.length;r++)(t=(e=s[r]).getAttribute(\"data-secret\"))||(t=Math.random().toString(36).substring(2,12),e.src+=\"#?secret=\"+t,e.setAttribute(\"data-secret\",t)),e.contentWindow.postMessage({message:\"ready\",secret:t},\"*\")},!1)))}(window,document);\n\/\/# sourceURL=http:\/\/denizcankizil.tr\/wp-includes\/js\/wp-embed.min.js\n<\/script>","description":"Adalet Bakan\u0131 Y\u0131lmaz Tun\u00e7&#8217;un 14 Ekim Pazartesi g\u00fcn\u00fc hafta ba\u015f\u0131nda a\u00e7\u0131l\u0131\u015f\u0131na kat\u0131ld\u0131\u011f\u0131 \u0130\u015fyurtlar\u0131 \u00dcr\u00fcn ve El Sanatlar\u0131 Fuar\u0131\u2019n\u0131n b\u00fcy\u00fck be\u011feni g\u00f6rd\u00fc. Bakan Tun\u00e7, fuar\u0131n \u015fu ana kadar 151 bin 281 ki\u015fiyi a\u011f\u0131rlad\u0131\u011f\u0131n\u0131 a\u00e7\u0131klad\u0131.ANKARA (\u0130GFA) &#8211; Ankara Millet Bah\u00e7esi\u2019nde d\u00fczenlenen ve bug\u00fcn de a\u00e7\u0131k olan fuarda eme\u011fi ge\u00e7en herkese te\u015fekk\u00fcr eden Adalet Bakan\u0131 Y\u0131lmaz Tun\u00e7, fuarla ilgili yapt\u0131\u011f\u0131 sosyal medya payla\u015f\u0131m\u0131nda h\u00fck\u00fcml\u00fc ve tutuklular\u0131n \u0131slah\u0131n\u0131n \u00f6nemine vurgu yapt\u0131. Adalet Bakanl\u0131\u011f\u0131 olarak h\u00fck\u00fcml\u00fclerin \u0131slah\u0131na ve topluma kazand\u0131r\u0131lmas\u0131na b\u00fcy\u00fck \u00f6nem verdiklerini anlatan Bakan Tun\u00e7, payla\u015f\u0131m\u0131nda, bakanl\u0131k olarak h\u00fck\u00fcml\u00fclerin \u0131slah\u0131na ve topluma kazand\u0131r\u0131lmas\u0131na b\u00fcy\u00fck \u00f6nem verdiklerini ifade etti. https:\/\/twitter.com\/yilmaztunc\/status\/1847889118828679252 &#8220;\u0130\u015fyurdu m\u00fcd\u00fcrl\u00fcklerimizde bir\u00e7ok alanda mesleki e\u011fitim verdi\u011fimiz h\u00fck\u00fcml\u00fcleri, at\u00f6lye ve tesislerimizdeki \u00fcretim s\u00fcre\u00e7lerine dahil ederek meslek sahibi yap\u0131yoruz&#8221; diyen Bakan Tun\u00e7, &#8220;B\u00f6ylece h\u00fck\u00fcml\u00fclerin insan onurunu \u00f6n planda tutan modern infaz sistemi kapsam\u0131nda rehabilite olmalar\u0131n\u0131 sa\u011fl\u0131yoruz. H\u00fck\u00fcml\u00fc ve tutuklular taraf\u0131ndan \u00fcretilen el eme\u011fi, g\u00f6z nuru \u00fcr\u00fcnleri ise d\u00fczenledi\u011fimiz fuarlarda vatanda\u015flar\u0131m\u0131zla bulu\u015fturuyoruz. 14 Ekim Pazartesi g\u00fcn\u00fc 5\u2019incisini ba\u015fkentimizde a\u00e7t\u0131\u011f\u0131m\u0131z \u0130\u015fyurtlar\u0131 \u00dcr\u00fcn ve El Sanatlar\u0131 Fuar\u0131na, Ankaral\u0131 hem\u015fehrilerimiz yo\u011fun ilgi g\u00f6sterdi. Fuar\u0131m\u0131z, \u015fu ana kadar tam 151 bin 281 ki\u015fiyi a\u011f\u0131rlad\u0131. Bug\u00fcn son g\u00fcn. Fuar\u0131m\u0131za herkesi bekliyoruz&#8221; ifadelerini kulland\u0131. \u200bAdalet Bakan\u0131 Y\u0131lmaz Tun\u00e7&#8217;un 14 Ekim Pazartesi g\u00fcn\u00fc hafta ba\u015f\u0131nda a\u00e7\u0131l\u0131\u015f\u0131na kat\u0131ld\u0131\u011f\u0131 \u0130\u015fyurtlar\u0131 \u00dcr\u00fcn ve El Sanatlar\u0131 Fuar\u0131\u2019n\u0131n b\u00fcy\u00fck &hellip;"}