{"version":"1.0","provider_name":"Av. Deniz Can K\u0131z\u0131l","provider_url":"http:\/\/denizcankizil.tr\/de","author_name":"admin","author_url":"http:\/\/denizcankizil.tr\/de\/author\/admin\/","title":"\u0130skenderun\u2019da Kurban Vakti\u2026","type":"rich","width":600,"height":338,"html":"<blockquote class=\"wp-embedded-content\" data-secret=\"ot9klFIIYU\"><a href=\"http:\/\/denizcankizil.tr\/de\/haberler\/gundem\/iskenderunda-kurban-vakti\/\">\u0130skenderun\u2019da Kurban Vakti\u2026<\/a><\/blockquote><iframe sandbox=\"allow-scripts\" security=\"restricted\" src=\"http:\/\/denizcankizil.tr\/de\/haberler\/gundem\/iskenderunda-kurban-vakti\/embed\/#?secret=ot9klFIIYU\" width=\"600\" height=\"338\" title=\"&#8222;\u0130skenderun\u2019da Kurban Vakti\u2026&#8220; &#8211; Av. Deniz Can K\u0131z\u0131l\" data-secret=\"ot9klFIIYU\" frameborder=\"0\" marginwidth=\"0\" marginheight=\"0\" scrolling=\"no\" class=\"wp-embedded-content\"><\/iframe><script>\n\/*! This file is auto-generated *\/\n!function(d,l){\"use strict\";l.querySelector&&d.addEventListener&&\"undefined\"!=typeof URL&&(d.wp=d.wp||{},d.wp.receiveEmbedMessage||(d.wp.receiveEmbedMessage=function(e){var t=e.data;if((t||t.secret||t.message||t.value)&&!\/[^a-zA-Z0-9]\/.test(t.secret)){for(var s,r,n,a=l.querySelectorAll('iframe[data-secret=\"'+t.secret+'\"]'),o=l.querySelectorAll('blockquote[data-secret=\"'+t.secret+'\"]'),c=new RegExp(\"^https?:$\",\"i\"),i=0;i<o.length;i++)o[i].style.display=\"none\";for(i=0;i<a.length;i++)s=a[i],e.source===s.contentWindow&&(s.removeAttribute(\"style\"),\"height\"===t.message?(1e3<(r=parseInt(t.value,10))?r=1e3:~~r<200&&(r=200),s.height=r):\"link\"===t.message&&(r=new URL(s.getAttribute(\"src\")),n=new URL(t.value),c.test(n.protocol))&&n.host===r.host&&l.activeElement===s&&(d.top.location.href=t.value))}},d.addEventListener(\"message\",d.wp.receiveEmbedMessage,!1),l.addEventListener(\"DOMContentLoaded\",function(){for(var e,t,s=l.querySelectorAll(\"iframe.wp-embedded-content\"),r=0;r<s.length;r++)(t=(e=s[r]).getAttribute(\"data-secret\"))||(t=Math.random().toString(36).substring(2,12),e.src+=\"#?secret=\"+t,e.setAttribute(\"data-secret\",t)),e.contentWindow.postMessage({message:\"ready\",secret:t},\"*\")},!1)))}(window,document);\n\/\/# sourceURL=http:\/\/denizcankizil.tr\/wp-includes\/js\/wp-embed.min.js\n<\/script>","description":"Medeniyetin Kalbine A\u00e7\u0131lan Bir Kap\u0131 \u0130skenderun Kurban Bayram\u0131\u2019na yakla\u015f\u0131rken yeniden bir hareketlilikle canlan\u0131yor. \u015eehir merkezinin d\u0131\u015f\u0131na kurulan kurban pazarlar\u0131nda sadece hayvanlar de\u011fil, bir medeniyetin izleri, bir ibadetin derinli\u011fi, bir toplumun \u015fefkati al\u0131c\u0131lar\u0131n\u0131 bekliyor. \u00c7ankaya Asri Mezarl\u0131\u011f\u0131 civar\u0131na kurulan pazarda Anadolu\u2019nun d\u00f6rt bir yan\u0131ndan gelen \u00fcreticiler hayvanlar\u0131n\u0131 sergiliyor. \u015eanl\u0131urfa\u2019dan, Diyarbak\u0131r\u2019dan, Ni\u011fde\u2019den gelen sat\u0131c\u0131lar\u0131n her biri, sadece et de\u011fil; emek, sab\u0131r ve dualarla yo\u011frulmu\u015f bir k\u00fclt\u00fcr\u00fc ta\u015f\u0131yor \u0130skenderun\u2019a. Ama mesele yaln\u0131zca bir pazar, bir sat\u0131\u015f meselesi de\u011fil. Mesele, kurban\u0131n neden kesildi\u011fini yeniden hat\u0131rlamak. Kurban: Kan De\u011fil, Teslimiyet \u0130brahim ile \u0130smail\u2019in k\u0131ssas\u0131ndan bu yana kurban \u0130slam medeniyetinin merkezinde yer al\u0131r. Bu ibadet bir hayvan\u0131n can\u0131yla de\u011fil, insan\u0131n nefsini adamas\u0131yla ilgilidir. Kurban, bir insan\u0131n \u201cen de\u011ferli olan\u0131\u201d Allah i\u00e7in feda edebilmesidir. Etler fakirle payla\u015f\u0131l\u0131r, sofralar geni\u015fler, g\u00f6n\u00fcller yak\u0131nla\u015f\u0131r. Kurban kesen toplumlar daha az \u015fiddete meyilli, daha y\u00fcksek toplumsal duyarl\u0131l\u0131\u011fa sahip olurlar. \u015eiddeti t\u00f6renselle\u015ftirmi\u015f de\u011fil, merhameti kural haline getirmi\u015f bir inan\u00e7tan s\u00f6z ediyoruz. Kurban, bilin\u00e7li yap\u0131ld\u0131\u011f\u0131nda bir y\u0131k\u0131m de\u011fil bir yap\u0131m arac\u0131d\u0131r. Ve evet, tarihsel olarak incelendi\u011finde, kurban ibadetinin ihmal edildi\u011fi toplumlar\u0131n ba\u015fka yollarla \u015fiddeti d\u0131\u015fsalla\u015ft\u0131rd\u0131\u011f\u0131 ve denetimsizle\u015ftirdi\u011fi de g\u00f6r\u00fcl\u00fcr. \u0130slam \u015eehircili\u011fi ve Bayram Esteti\u011fi \u0130skenderun gibi \u015fehirler bu ibadetin medeniyet boyutunu anlamam\u0131z a\u00e7\u0131s\u0131ndan \u00f6nemlidir. Zira Osmanl\u0131 d\u00f6neminde kurban sadece bireysel de\u011fil, kamusal bir \u015fuurdu. &hellip;"}