{"version":"1.0","provider_name":"Av. Deniz Can K\u0131z\u0131l","provider_url":"http:\/\/denizcankizil.tr\/de","author_name":"admin","author_url":"http:\/\/denizcankizil.tr\/de\/author\/admin\/","title":"\u0130skenderun\u2019da korkutan yang\u0131n!","type":"rich","width":600,"height":338,"html":"<blockquote class=\"wp-embedded-content\" data-secret=\"QjV3cDf68d\"><a href=\"http:\/\/denizcankizil.tr\/de\/haberler\/gundem\/iskenderunda-korkutan-yangin\/\">\u0130skenderun\u2019da korkutan yang\u0131n!<\/a><\/blockquote><iframe sandbox=\"allow-scripts\" security=\"restricted\" src=\"http:\/\/denizcankizil.tr\/de\/haberler\/gundem\/iskenderunda-korkutan-yangin\/embed\/#?secret=QjV3cDf68d\" width=\"600\" height=\"338\" title=\"&#8222;\u0130skenderun\u2019da korkutan yang\u0131n!&#8220; &#8211; Av. Deniz Can K\u0131z\u0131l\" data-secret=\"QjV3cDf68d\" frameborder=\"0\" marginwidth=\"0\" marginheight=\"0\" scrolling=\"no\" class=\"wp-embedded-content\"><\/iframe><script>\n\/*! This file is auto-generated *\/\n!function(d,l){\"use strict\";l.querySelector&&d.addEventListener&&\"undefined\"!=typeof URL&&(d.wp=d.wp||{},d.wp.receiveEmbedMessage||(d.wp.receiveEmbedMessage=function(e){var t=e.data;if((t||t.secret||t.message||t.value)&&!\/[^a-zA-Z0-9]\/.test(t.secret)){for(var s,r,n,a=l.querySelectorAll('iframe[data-secret=\"'+t.secret+'\"]'),o=l.querySelectorAll('blockquote[data-secret=\"'+t.secret+'\"]'),c=new RegExp(\"^https?:$\",\"i\"),i=0;i<o.length;i++)o[i].style.display=\"none\";for(i=0;i<a.length;i++)s=a[i],e.source===s.contentWindow&&(s.removeAttribute(\"style\"),\"height\"===t.message?(1e3<(r=parseInt(t.value,10))?r=1e3:~~r<200&&(r=200),s.height=r):\"link\"===t.message&&(r=new URL(s.getAttribute(\"src\")),n=new URL(t.value),c.test(n.protocol))&&n.host===r.host&&l.activeElement===s&&(d.top.location.href=t.value))}},d.addEventListener(\"message\",d.wp.receiveEmbedMessage,!1),l.addEventListener(\"DOMContentLoaded\",function(){for(var e,t,s=l.querySelectorAll(\"iframe.wp-embedded-content\"),r=0;r<s.length;r++)(t=(e=s[r]).getAttribute(\"data-secret\"))||(t=Math.random().toString(36).substring(2,12),e.src+=\"#?secret=\"+t,e.setAttribute(\"data-secret\",t)),e.contentWindow.postMessage({message:\"ready\",secret:t},\"*\")},!1)))}(window,document);\n\/\/# sourceURL=http:\/\/denizcankizil.tr\/wp-includes\/js\/wp-embed.min.js\n<\/script>","description":"Edinilen bilgilere g\u00f6re, Atat\u00fcrk Caddesi 40. Sokak \u00fczerinde bulunan bo\u015f bir bah\u00e7edeki \u00e7ad\u0131rda hen\u00fcz belirlenemeyen bir nedenle yang\u0131n \u00e7\u0131kt\u0131. Alevlerin y\u00fckseldi\u011fini g\u00f6ren mahalle sakinleri durumu hemen itfaiye ekiplerine bildirdi. Bu s\u0131rada baz\u0131 vatanda\u015flar, yang\u0131na kendi imkanlar\u0131yla m\u00fcdahale etmeye \u00e7al\u0131\u015ft\u0131. \u0130hbar \u00fczerine k\u0131sa s\u00fcrede olay yerine gelen itfaiye ekipleri, vatanda\u015flar\u0131n da deste\u011fiyle yang\u0131n\u0131 kontrol alt\u0131na alarak s\u00f6nd\u00fcrd\u00fc. Olayda can kayb\u0131 ya da yaralanma ya\u015fanmazken, yang\u0131n\u0131n \u00e7\u0131k\u0131\u015f nedeni ile ilgili inceleme ba\u015flat\u0131ld\u0131. Yang\u0131nla ilgili soru\u015fturma s\u00fcr\u00fcyor. \u200bHatay\u2019\u0131n \u0130skenderun il\u00e7esine ba\u011fl\u0131 Denizciler Mahallesi\u2019nde bir evin bah\u00e7esinde sabah\u0131n erken saatlerinde \u00e7\u0131kan yang\u0131nda g\u00f6ky\u00fcz\u00fcne metrelerce y\u00fckselen alevler mahalle sakinlerini tedirgin etti.\u00a0 \u200bHaberin Al\u0131nt\u0131land\u0131\u011f\u0131 Kaynak: www.iskenderun.org"}