{"version":"1.0","provider_name":"Av. Deniz Can K\u0131z\u0131l","provider_url":"http:\/\/denizcankizil.tr\/de","author_name":"Antalya K\u00f6rfez","author_url":"http:\/\/denizcankizil.tr\/de\/author\/www-antalyakorfez-com\/","title":"Ing\u0131n'da Osmanl\u0131 Kent Meydan\u0131 Projesi'nde sona gelindi","type":"rich","width":600,"height":338,"html":"<blockquote class=\"wp-embedded-content\" data-secret=\"Wmv4JWuKzG\"><a href=\"http:\/\/denizcankizil.tr\/de\/haberler\/gundem\/inginda-osmanli-kent-meydani-projesinde-sona-gelindi\/\">Ing\u0131n&#8217;da Osmanl\u0131 Kent Meydan\u0131 Projesi&#8217;nde sona gelindi<\/a><\/blockquote><iframe sandbox=\"allow-scripts\" security=\"restricted\" src=\"http:\/\/denizcankizil.tr\/de\/haberler\/gundem\/inginda-osmanli-kent-meydani-projesinde-sona-gelindi\/embed\/#?secret=Wmv4JWuKzG\" width=\"600\" height=\"338\" title=\"&#8222;Ing\u0131n&#8217;da Osmanl\u0131 Kent Meydan\u0131 Projesi&#8217;nde sona gelindi&#8220; &#8211; Av. Deniz Can K\u0131z\u0131l\" data-secret=\"Wmv4JWuKzG\" frameborder=\"0\" marginwidth=\"0\" marginheight=\"0\" scrolling=\"no\" class=\"wp-embedded-content\"><\/iframe><script>\n\/*! This file is auto-generated *\/\n!function(d,l){\"use strict\";l.querySelector&&d.addEventListener&&\"undefined\"!=typeof URL&&(d.wp=d.wp||{},d.wp.receiveEmbedMessage||(d.wp.receiveEmbedMessage=function(e){var t=e.data;if((t||t.secret||t.message||t.value)&&!\/[^a-zA-Z0-9]\/.test(t.secret)){for(var s,r,n,a=l.querySelectorAll('iframe[data-secret=\"'+t.secret+'\"]'),o=l.querySelectorAll('blockquote[data-secret=\"'+t.secret+'\"]'),c=new RegExp(\"^https?:$\",\"i\"),i=0;i<o.length;i++)o[i].style.display=\"none\";for(i=0;i<a.length;i++)s=a[i],e.source===s.contentWindow&&(s.removeAttribute(\"style\"),\"height\"===t.message?(1e3<(r=parseInt(t.value,10))?r=1e3:~~r<200&&(r=200),s.height=r):\"link\"===t.message&&(r=new URL(s.getAttribute(\"src\")),n=new URL(t.value),c.test(n.protocol))&&n.host===r.host&&l.activeElement===s&&(d.top.location.href=t.value))}},d.addEventListener(\"message\",d.wp.receiveEmbedMessage,!1),l.addEventListener(\"DOMContentLoaded\",function(){for(var e,t,s=l.querySelectorAll(\"iframe.wp-embedded-content\"),r=0;r<s.length;r++)(t=(e=s[r]).getAttribute(\"data-secret\"))||(t=Math.random().toString(36).substring(2,12),e.src+=\"#?secret=\"+t,e.setAttribute(\"data-secret\",t)),e.contentWindow.postMessage({message:\"ready\",secret:t},\"*\")},!1)))}(window,document);\n\/\/# sourceURL=http:\/\/denizcankizil.tr\/wp-includes\/js\/wp-embed.min.js\n<\/script>","description":"Konya B\u00fcy\u00fck\u015fehir Belediyesi taraf\u0131ndan yap\u0131m\u0131 s\u00fcrd\u00fcr\u00fclen Ilg\u0131n Osmanl\u0131 Kent Meydan\u0131 D\u00f6n\u00fc\u015f\u00fcm Projesi&#8217;nde sona yakla\u015f\u0131ld\u0131. Konya B\u00fcy\u00fck\u015fehir Belediye Ba\u015fkan\u0131 U\u011fur \u0130brahim Altay, birinci derece deprem b\u00f6lgesi olan Ilg\u0131n&#8217;da ger\u00e7ekle\u015ftirdikleri kentsel d\u00f6n\u00fc\u015f\u00fcmle il\u00e7enin tarihi ve k\u00fclt\u00fcrel miras\u0131n\u0131 koruma ve tan\u0131tma amac\u0131yla \u00f6nemli bir ad\u0131m att\u0131klar\u0131n\u0131, \u00e7al\u0131\u015fmalar\u0131 en k\u0131sa s\u00fcrede tamamlamak i\u00e7in \u00e7al\u0131\u015ft\u0131klar\u0131n\u0131 s\u00f6yledi. &#8220;DAHA DAYANIKLI YAPILAR \u015eEHRE KAZANDIRILACAK&#8221; Konya B\u00fcy\u00fck\u015fehir Belediyesi taraf\u0131ndan Ilg\u0131n&#8217;daki Osmanl\u0131 Kent Meydan\u0131 D\u00f6n\u00fc\u015f\u00fcm\u00fc Projesi&#8217;nde \u00e7al\u0131\u015fmalar sona yakla\u015ft\u0131. Konya B\u00fcy\u00fck\u015fehir Belediye Ba\u015fkan\u0131 U\u011fur \u0130brahim Altay, Ilg\u0131n&#8217;\u0131n\u0131n birinci derece deprem b\u00f6lgesi il\u00e7elerden biri oldu\u011funu hat\u0131rlatarak, Ilg\u0131n&#8217;\u0131n merkezinde \u00f6nemli bir kentsel d\u00f6n\u00fc\u015f\u00fcm \u00e7al\u0131\u015fmas\u0131 ger\u00e7ekle\u015ftirdiklerini vurgulad\u0131. \u00c7al\u0131\u015fmayla birlikte daha dayan\u0131kl\u0131 yap\u0131lar\u0131n \u015fehre kazand\u0131r\u0131laca\u011f\u0131na dikkati \u00e7eken Ba\u015fkan Altay, \u015funlar\u0131 s\u00f6yledi: &#8220;Ilg\u0131n Osmanl\u0131 Kent Meydan\u0131 Kentsel D\u00f6n\u00fc\u015f\u00fcm Projesi ile Ilg\u0131n il\u00e7emizin tarihi, k\u00fclt\u00fcrel ve mimari miras\u0131n\u0131 koruma ve tan\u0131tma amac\u0131yla \u00f6nemli bir ad\u0131m att\u0131k. Yapm\u0131\u015f oldu\u011fumuz binalar depremsellik a\u00e7\u0131s\u0131ndan g\u00fcvenli binalar olarak \u015fehrimize hizmet edecek. Yeni meydan\u0131m\u0131z sayesinde ticaret canlanacak, vatanda\u015flar\u0131m\u0131z rahat bir nefes alacak. Ilg\u0131n&#8217;\u0131m\u0131z\u0131 hak etti\u011fi g\u00fczelli\u011fe en k\u0131sa s\u00fcrede kavu\u015fturmak i\u00e7in var g\u00fcc\u00fcm\u00fczle \u00e7al\u0131\u015f\u0131yoruz. Bu d\u00f6n\u00fc\u015f\u00fcm tamamland\u0131\u011f\u0131nda sadece bir proje bitmi\u015f olmayacak, Ilg\u0131n&#8217;\u0131m\u0131z\u0131n \u015fehir belle\u011fi yeniden yaz\u0131lm\u0131\u015f olacak. \u00c7evre, \u015eehircilik ve \u0130klim De\u011fi\u015fikli\u011fi Bakan\u0131m\u0131z Murat Kurum&#8217;a Konya&#8217;m\u0131za ve projemize desteklerinden dolay\u0131 te\u015fekk\u00fcr ederim.&#8221; &#8220;66 \u0130\u015eYER\u0130N\u0130N YER ALACA\u011eI \u0130K\u0130 B\u00dcY\u00dcK MEYDAN \u0130N\u015eA &hellip;"}