{"version":"1.0","provider_name":"Av. Deniz Can K\u0131z\u0131l","provider_url":"http:\/\/denizcankizil.tr\/de","author_name":"admin","author_url":"http:\/\/denizcankizil.tr\/de\/author\/admin\/","title":"\u0130neg\u00f6l Belediyesi \u015eehir Ara\u015ft\u0131rmalar\u0131 Merkezi Kuruluyor","type":"rich","width":600,"height":338,"html":"<blockquote class=\"wp-embedded-content\" data-secret=\"dMIYHIoeL2\"><a href=\"http:\/\/denizcankizil.tr\/de\/haberler\/gundem\/inegol-belediyesi-sehir-arastirmalari-merkezi-kuruluyor\/\">\u0130neg\u00f6l Belediyesi \u015eehir Ara\u015ft\u0131rmalar\u0131 Merkezi Kuruluyor<\/a><\/blockquote><iframe sandbox=\"allow-scripts\" security=\"restricted\" src=\"http:\/\/denizcankizil.tr\/de\/haberler\/gundem\/inegol-belediyesi-sehir-arastirmalari-merkezi-kuruluyor\/embed\/#?secret=dMIYHIoeL2\" width=\"600\" height=\"338\" title=\"&#8222;\u0130neg\u00f6l Belediyesi \u015eehir Ara\u015ft\u0131rmalar\u0131 Merkezi Kuruluyor&#8220; &#8211; Av. Deniz Can K\u0131z\u0131l\" data-secret=\"dMIYHIoeL2\" frameborder=\"0\" marginwidth=\"0\" marginheight=\"0\" scrolling=\"no\" class=\"wp-embedded-content\"><\/iframe><script>\n\/*! This file is auto-generated *\/\n!function(d,l){\"use strict\";l.querySelector&&d.addEventListener&&\"undefined\"!=typeof URL&&(d.wp=d.wp||{},d.wp.receiveEmbedMessage||(d.wp.receiveEmbedMessage=function(e){var t=e.data;if((t||t.secret||t.message||t.value)&&!\/[^a-zA-Z0-9]\/.test(t.secret)){for(var s,r,n,a=l.querySelectorAll('iframe[data-secret=\"'+t.secret+'\"]'),o=l.querySelectorAll('blockquote[data-secret=\"'+t.secret+'\"]'),c=new RegExp(\"^https?:$\",\"i\"),i=0;i<o.length;i++)o[i].style.display=\"none\";for(i=0;i<a.length;i++)s=a[i],e.source===s.contentWindow&&(s.removeAttribute(\"style\"),\"height\"===t.message?(1e3<(r=parseInt(t.value,10))?r=1e3:~~r<200&&(r=200),s.height=r):\"link\"===t.message&&(r=new URL(s.getAttribute(\"src\")),n=new URL(t.value),c.test(n.protocol))&&n.host===r.host&&l.activeElement===s&&(d.top.location.href=t.value))}},d.addEventListener(\"message\",d.wp.receiveEmbedMessage,!1),l.addEventListener(\"DOMContentLoaded\",function(){for(var e,t,s=l.querySelectorAll(\"iframe.wp-embedded-content\"),r=0;r<s.length;r++)(t=(e=s[r]).getAttribute(\"data-secret\"))||(t=Math.random().toString(36).substring(2,12),e.src+=\"#?secret=\"+t,e.setAttribute(\"data-secret\",t)),e.contentWindow.postMessage({message:\"ready\",secret:t},\"*\")},!1)))}(window,document);\n\/\/# sourceURL=http:\/\/denizcankizil.tr\/wp-includes\/js\/wp-embed.min.js\n<\/script>","description":"\u0130neg\u00f6l Belediye Ba\u015fkan\u0131 Alper Taban, \u015fehrin ge\u00e7mi\u015fi ile gelece\u011fi aras\u0131nda k\u00f6pr\u00fc vazifesi g\u00f6recek \u0130neg\u00f6l Belediyesi \u015eehir Ara\u015ft\u0131rmalar\u0131 Merkezi\u2019nin kuruldu\u011funu duyurdu. Merkezin ilk faaliyeti de 22 \u015eubat\u2019ta yap\u0131lacak \u201cHalk Bilimi \u00c7al\u0131\u015ftay\u0131\u201d olaca\u011f\u0131 a\u00e7\u0131kland\u0131. \u200b\u0130neg\u00f6l Belediye Ba\u015fkan\u0131 Alper Taban, \u015fehrin ge\u00e7mi\u015fi ile gelece\u011fi aras\u0131nda k\u00f6pr\u00fc vazifesi g\u00f6recek \u0130neg\u00f6l Belediyesi \u015eehir Ara\u015ft\u0131rmalar\u0131 Merkezi\u2019nin kuruldu\u011funu duyurdu. Merkezin ilk faaliyeti de 22 \u015eubat\u2019ta yap\u0131lacak \u201cHalk Bilimi \u00c7al\u0131\u015ftay\u0131\u201d olaca\u011f\u0131 a\u00e7\u0131kland\u0131.\u00a0 \u200bHaberin Al\u0131nt\u0131land\u0131\u011f\u0131 Kaynak: www.iskenderun.org"}