{"version":"1.0","provider_name":"Av. Deniz Can K\u0131z\u0131l","provider_url":"http:\/\/denizcankizil.tr\/de","author_name":"admin","author_url":"http:\/\/denizcankizil.tr\/de\/author\/admin\/","title":"\u0130leti\u015fim'den 5 B\u00f6lge M\u00fcd\u00fcrl\u00fc\u011f\u00fc'ne yeni atama","type":"rich","width":600,"height":338,"html":"<blockquote class=\"wp-embedded-content\" data-secret=\"Q8e8YOk2yb\"><a href=\"http:\/\/denizcankizil.tr\/de\/haberler\/gundem\/iletisimden-5-bolge-mudurlugune-yeni-atama\/\">\u0130leti\u015fim&#8217;den 5 B\u00f6lge M\u00fcd\u00fcrl\u00fc\u011f\u00fc&#8217;ne yeni atama<\/a><\/blockquote><iframe sandbox=\"allow-scripts\" security=\"restricted\" src=\"http:\/\/denizcankizil.tr\/de\/haberler\/gundem\/iletisimden-5-bolge-mudurlugune-yeni-atama\/embed\/#?secret=Q8e8YOk2yb\" width=\"600\" height=\"338\" title=\"&#8222;\u0130leti\u015fim&#8217;den 5 B\u00f6lge M\u00fcd\u00fcrl\u00fc\u011f\u00fc&#8217;ne yeni atama&#8220; &#8211; Av. Deniz Can K\u0131z\u0131l\" data-secret=\"Q8e8YOk2yb\" frameborder=\"0\" marginwidth=\"0\" marginheight=\"0\" scrolling=\"no\" class=\"wp-embedded-content\"><\/iframe><script>\n\/*! This file is auto-generated *\/\n!function(d,l){\"use strict\";l.querySelector&&d.addEventListener&&\"undefined\"!=typeof URL&&(d.wp=d.wp||{},d.wp.receiveEmbedMessage||(d.wp.receiveEmbedMessage=function(e){var t=e.data;if((t||t.secret||t.message||t.value)&&!\/[^a-zA-Z0-9]\/.test(t.secret)){for(var s,r,n,a=l.querySelectorAll('iframe[data-secret=\"'+t.secret+'\"]'),o=l.querySelectorAll('blockquote[data-secret=\"'+t.secret+'\"]'),c=new RegExp(\"^https?:$\",\"i\"),i=0;i<o.length;i++)o[i].style.display=\"none\";for(i=0;i<a.length;i++)s=a[i],e.source===s.contentWindow&&(s.removeAttribute(\"style\"),\"height\"===t.message?(1e3<(r=parseInt(t.value,10))?r=1e3:~~r<200&&(r=200),s.height=r):\"link\"===t.message&&(r=new URL(s.getAttribute(\"src\")),n=new URL(t.value),c.test(n.protocol))&&n.host===r.host&&l.activeElement===s&&(d.top.location.href=t.value))}},d.addEventListener(\"message\",d.wp.receiveEmbedMessage,!1),l.addEventListener(\"DOMContentLoaded\",function(){for(var e,t,s=l.querySelectorAll(\"iframe.wp-embedded-content\"),r=0;r<s.length;r++)(t=(e=s[r]).getAttribute(\"data-secret\"))||(t=Math.random().toString(36).substring(2,12),e.src+=\"#?secret=\"+t,e.setAttribute(\"data-secret\",t)),e.contentWindow.postMessage({message:\"ready\",secret:t},\"*\")},!1)))}(window,document);\n\/\/# sourceURL=http:\/\/denizcankizil.tr\/wp-includes\/js\/wp-embed.min.js\n<\/script>","description":"Cumhurba\u015fkanl\u0131\u011f\u0131 \u0130leti\u015fim Ba\u015fkanl\u011f\u0131 B\u00f6lge M\u00fcd\u00fcrl\u00fckleri&#8217;nde \u0130stanbul, Konya ve Antalya g\u00f6revden al\u0131n\u0131rken, \u00c7anakkale ve \u015eanl\u0131urfa ile birlikte yerlerine yeni m\u00fcd\u00fcrler de atand\u0131.ANKARA (\u0130GFA) &#8211; Cumhurba\u015fkan\u0131 Recep Tayyip Erdo\u011fan&#8217;\u0131n imzas\u0131yla \u0130leti\u015fim Ba\u015fkanl\u0131\u011f\u0131 B\u00f6lge M\u00fcd\u00fcrl\u00fcklerine ili\u015fkin atama kararlar\u0131 bug\u00fcnk\u00fc Resmi Gazete&#8217;de yay\u0131mland\u0131. 3 say\u0131l\u0131 Cumhurba\u015fkanl\u0131\u011f\u0131 Kararnamesinin 2 ve 3\u2019\u00fcnc\u00fc maddeleri gere\u011fince Cumhurba\u015fkanl\u0131\u011f\u0131 \u0130leti\u015fim Ba\u015fkanl\u0131\u011f\u0131 b\u00fcnyesindeki \u0130stanbul B\u00f6lge M\u00fcd\u00fcr\u00fc Metin Erol, Konya B\u00f6lge M\u00fcd\u00fcr\u00fc Taner Ta\u015fk\u0131ran ve Antalya B\u00f6lge M\u00fcd\u00fcr\u00fc Sabri \u0130\u015fbilen g\u00f6revden al\u0131nd\u0131. Buna g\u00f6re yerlerine \u0130stanbul B\u00f6lge M\u00fcd\u00fcrl\u00fc\u011f\u00fcne Efe Murat Erba\u015f,\u00a0 Konya B\u00f6lge M\u00fcd\u00fcrl\u00fc\u011f\u00fcne O\u011fuz Tun\u00e7,\u00a0\u00a0 Antalya B\u00f6lge M\u00fcd\u00fcrl\u00fc\u011f\u00fcne Ahmet Uzun atand\u0131. Kararnamede ayr\u0131ca bo\u015f olan \u00c7anakkale B\u00f6lge M\u00fcd\u00fcrl\u00fc\u011f\u00fcne Mustafa Tolga Karao\u011flu, \u015eanl\u0131urfa B\u00f6lge M\u00fcd\u00fcrl\u00fc\u011f\u00fcne Numan G\u00fcnay&#8217;\u0131n da atamalar\u0131 yap\u0131ld\u0131. \u200bCumhurba\u015fkanl\u0131\u011f\u0131 \u0130leti\u015fim Ba\u015fkanl\u011f\u0131 B\u00f6lge M\u00fcd\u00fcrl\u00fckleri&#8217;nde \u0130stanbul, Konya ve Antalya g\u00f6revden al\u0131n\u0131rken, \u00c7anakkale ve \u015eanl\u0131urfa ile birlikte yerlerine yeni m\u00fcd\u00fcrler de atand\u0131.ANKARA (\u0130GFA) &#8211; Cumhurba\u015fkan\u0131 Recep Tayyip Erdo\u011fan&#8217;\u0131n imzas\u0131yla \u0130leti\u015fim Ba\u015fkanl\u0131\u011f\u0131 B\u00f6lge M\u00fcd\u00fcrl\u00fcklerine ili\u015fkin atama kararlar\u0131 bug\u00fcnk\u00fc Resmi Gazete&#8217;de yay\u0131mland\u0131. 3 say\u0131l\u0131 Cumhurba\u015fkanl\u0131\u011f\u0131 Kararnamesinin 2 ve 3\u2019\u00fcnc\u00fc maddeleri gere\u011fince Cumhurba\u015fkanl\u0131\u011f\u0131 \u0130leti\u015fim Ba\u015fkanl\u0131\u011f\u0131 b\u00fcnyesindeki \u0130stanbul B\u00f6lge M\u00fcd\u00fcr\u00fc Metin Erol, Konya B\u00f6lge M\u00fcd\u00fcr\u00fc Taner Ta\u015fk\u0131ran ve Antalya B\u00f6lge M\u00fcd\u00fcr\u00fc Sabri \u0130\u015fbilen g\u00f6revden al\u0131nd\u0131. Buna g\u00f6re yerlerine \u0130stanbul B\u00f6lge M\u00fcd\u00fcrl\u00fc\u011f\u00fcne Efe Murat Erba\u015f,\u00a0 Konya B\u00f6lge M\u00fcd\u00fcrl\u00fc\u011f\u00fcne O\u011fuz Tun\u00e7,\u00a0\u00a0 Antalya B\u00f6lge M\u00fcd\u00fcrl\u00fc\u011f\u00fcne Ahmet Uzun atand\u0131. Kararnamede ayr\u0131ca &hellip;"}