{"version":"1.0","provider_name":"Av. Deniz Can K\u0131z\u0131l","provider_url":"http:\/\/denizcankizil.tr\/de","author_name":"admin","author_url":"http:\/\/denizcankizil.tr\/de\/author\/admin\/","title":"H\u00fck\u00fcml\u00fc ve y\u00fck\u00fcml\u00fclerin istihdam\u0131 i\u00e7in i\u015f birli\u011fi","type":"rich","width":600,"height":338,"html":"<blockquote class=\"wp-embedded-content\" data-secret=\"EGChH9kWxx\"><a href=\"http:\/\/denizcankizil.tr\/de\/haberler\/gundem\/hukumlu-ve-yukumlulerin-istihdami-icin-is-birligi\/\">H\u00fck\u00fcml\u00fc ve y\u00fck\u00fcml\u00fclerin istihdam\u0131 i\u00e7in i\u015f birli\u011fi<\/a><\/blockquote><iframe sandbox=\"allow-scripts\" security=\"restricted\" src=\"http:\/\/denizcankizil.tr\/de\/haberler\/gundem\/hukumlu-ve-yukumlulerin-istihdami-icin-is-birligi\/embed\/#?secret=EGChH9kWxx\" width=\"600\" height=\"338\" title=\"&#8222;H\u00fck\u00fcml\u00fc ve y\u00fck\u00fcml\u00fclerin istihdam\u0131 i\u00e7in i\u015f birli\u011fi&#8220; &#8211; Av. Deniz Can K\u0131z\u0131l\" data-secret=\"EGChH9kWxx\" frameborder=\"0\" marginwidth=\"0\" marginheight=\"0\" scrolling=\"no\" class=\"wp-embedded-content\"><\/iframe><script>\n\/*! This file is auto-generated *\/\n!function(d,l){\"use strict\";l.querySelector&&d.addEventListener&&\"undefined\"!=typeof URL&&(d.wp=d.wp||{},d.wp.receiveEmbedMessage||(d.wp.receiveEmbedMessage=function(e){var t=e.data;if((t||t.secret||t.message||t.value)&&!\/[^a-zA-Z0-9]\/.test(t.secret)){for(var s,r,n,a=l.querySelectorAll('iframe[data-secret=\"'+t.secret+'\"]'),o=l.querySelectorAll('blockquote[data-secret=\"'+t.secret+'\"]'),c=new RegExp(\"^https?:$\",\"i\"),i=0;i<o.length;i++)o[i].style.display=\"none\";for(i=0;i<a.length;i++)s=a[i],e.source===s.contentWindow&&(s.removeAttribute(\"style\"),\"height\"===t.message?(1e3<(r=parseInt(t.value,10))?r=1e3:~~r<200&&(r=200),s.height=r):\"link\"===t.message&&(r=new URL(s.getAttribute(\"src\")),n=new URL(t.value),c.test(n.protocol))&&n.host===r.host&&l.activeElement===s&&(d.top.location.href=t.value))}},d.addEventListener(\"message\",d.wp.receiveEmbedMessage,!1),l.addEventListener(\"DOMContentLoaded\",function(){for(var e,t,s=l.querySelectorAll(\"iframe.wp-embedded-content\"),r=0;r<s.length;r++)(t=(e=s[r]).getAttribute(\"data-secret\"))||(t=Math.random().toString(36).substring(2,12),e.src+=\"#?secret=\"+t,e.setAttribute(\"data-secret\",t)),e.contentWindow.postMessage({message:\"ready\",secret:t},\"*\")},!1)))}(window,document);\n\/\/# sourceURL=http:\/\/denizcankizil.tr\/wp-includes\/js\/wp-embed.min.js\n<\/script>","description":"Adalet Bakan\u0131 Y\u0131lmaz Tun\u00e7, H\u00fck\u00fcml\u00fc ve Y\u00fck\u00fcml\u00fclerin \u0130stihdam\u0131na Y\u00f6nelik \u0130\u015fbirli\u011fi Protokol\u00fc \u0130mza T\u00f6reni\u2019nde, ceza adalet sisteminin toplumsal huzuru sa\u011flama amac\u0131n\u0131 vurgularken, h\u00fck\u00fcml\u00fclerin infaz sonras\u0131 hayata haz\u0131rlanmas\u0131 i\u00e7in yeni ad\u0131mlar at\u0131ld\u0131\u011f\u0131n\u0131 duyurdu.ANKARA (\u0130GFA)\u00a0 &#8211; Adalet Bakan\u0131 Y\u0131lmaz Tun\u00e7, Ankara\u2019da d\u00fczenlenen H\u00fck\u00fcml\u00fc ve Y\u00fck\u00fcml\u00fclerin \u0130stihdam\u0131na Y\u00f6nelik \u0130\u015fbirli\u011fi Protokol\u00fc \u0130mza T\u00f6reni\u2019nde, ceza adalet sisteminin temel amac\u0131n\u0131n toplumsal huzur ve bar\u0131\u015f\u0131 sa\u011flamak oldu\u011funu belirtti. \u00c7al\u0131\u015fma ve Sosyal G\u00fcvenlik Bakanl\u0131\u011f\u0131 ile imzalanan protokolle, h\u00fck\u00fcml\u00fc ve y\u00fck\u00fcml\u00fclerin infaz sonras\u0131 topluma kazand\u0131r\u0131lmas\u0131 hedeflendi. T\u00f6rende konu\u015fan Bakan Tun\u00e7, \u00e7a\u011fda\u015f ceza infaz sistemi kapsam\u0131nda h\u00fck\u00fcml\u00fclerin hayata haz\u0131rlanmas\u0131, de\u011fer \u00fcretmeye y\u00f6nlendirilmesi ve sorumluluk bilinci kazanmas\u0131 i\u00e7in \u00e7al\u0131\u015ft\u0131klar\u0131n\u0131 ifade etti. Ceza adalet sisteminin amac\u0131 toplumsal huzur ve bar\u0131\u015f\u0131 sa\u011flamakt\u0131r.\u00c7a\u011fda\u015f ceza infaz sistemi kapsam\u0131nda h\u00fck\u00fcml\u00fclerin infaz sonras\u0131 hayata haz\u0131rlanmas\u0131, de\u011fer \u00fcretmeye y\u00f6nlendirilmesi ve sorumluluk bilinci kazanmas\u0131 i\u00e7in \u00e7al\u0131\u015f\u0131yoruz. ???? H\u00fck\u00fcml\u00fc ve Y\u00fck\u00fcml\u00fclerin \u0130stihdam\u0131na\u2026 pic.twitter.com\/XhFgnxYGza\u2014 Y\u0131lmaz TUN\u00c7 (@yilmaztunc) May 13, 2025 Protokol\u00fcn, tahliye \u00f6ncesi \u0130\u015eKUR dan\u0131\u015fmanlar\u0131yla birebir g\u00f6r\u00fc\u015fmeler, i\u015f arama becerileri seminerleri ve dan\u0131\u015fmanl\u0131k hizmetleri gibi uygulamalarla h\u00fck\u00fcml\u00fclerin istihdam s\u00fcre\u00e7lerini kolayla\u015ft\u0131raca\u011f\u0131n\u0131 vurgulayan Bakan Tun\u00e7, \u201cBu ad\u0131mlar, h\u00fck\u00fcml\u00fclerin \u00f6z g\u00fcvenini art\u0131rarak meslek d\u00fcnyas\u0131n\u0131n kap\u0131lar\u0131n\u0131 aralayacak ve su\u00e7a yeniden s\u00fcr\u00fcklenme riskini azaltacak\u201d dedi. \u00c7al\u0131\u015fma ve Sosyal G\u00fcvenlik Bakan\u0131 Vedat I\u015f\u0131khan ise, toplumsal bar\u0131\u015fa, ekonomik \u00fcretime ve sosyal dokunun onar\u0131lmas\u0131na \u00f6nemli katk\u0131 sa\u011flayacak protokol\u00fcn hay\u0131rl\u0131 olmas\u0131n\u0131 &hellip;"}