{"version":"1.0","provider_name":"Av. Deniz Can K\u0131z\u0131l","provider_url":"http:\/\/denizcankizil.tr\/de","author_name":"admin","author_url":"http:\/\/denizcankizil.tr\/de\/author\/admin\/","title":"Haklar\u0131n\u0131 Ankara'da Ar\u0131yorlar","type":"rich","width":600,"height":338,"html":"<blockquote class=\"wp-embedded-content\" data-secret=\"ny05JaSj4a\"><a href=\"http:\/\/denizcankizil.tr\/de\/haberler\/gundem\/haklarini-ankarada-ariyorlar\/\">Haklar\u0131n\u0131 Ankara&#8217;da Ar\u0131yorlar<\/a><\/blockquote><iframe sandbox=\"allow-scripts\" security=\"restricted\" src=\"http:\/\/denizcankizil.tr\/de\/haberler\/gundem\/haklarini-ankarada-ariyorlar\/embed\/#?secret=ny05JaSj4a\" width=\"600\" height=\"338\" title=\"&#8222;Haklar\u0131n\u0131 Ankara&#8217;da Ar\u0131yorlar&#8220; &#8211; Av. Deniz Can K\u0131z\u0131l\" data-secret=\"ny05JaSj4a\" frameborder=\"0\" marginwidth=\"0\" marginheight=\"0\" scrolling=\"no\" class=\"wp-embedded-content\"><\/iframe><script>\n\/*! This file is auto-generated *\/\n!function(d,l){\"use strict\";l.querySelector&&d.addEventListener&&\"undefined\"!=typeof URL&&(d.wp=d.wp||{},d.wp.receiveEmbedMessage||(d.wp.receiveEmbedMessage=function(e){var t=e.data;if((t||t.secret||t.message||t.value)&&!\/[^a-zA-Z0-9]\/.test(t.secret)){for(var s,r,n,a=l.querySelectorAll('iframe[data-secret=\"'+t.secret+'\"]'),o=l.querySelectorAll('blockquote[data-secret=\"'+t.secret+'\"]'),c=new RegExp(\"^https?:$\",\"i\"),i=0;i<o.length;i++)o[i].style.display=\"none\";for(i=0;i<a.length;i++)s=a[i],e.source===s.contentWindow&&(s.removeAttribute(\"style\"),\"height\"===t.message?(1e3<(r=parseInt(t.value,10))?r=1e3:~~r<200&&(r=200),s.height=r):\"link\"===t.message&&(r=new URL(s.getAttribute(\"src\")),n=new URL(t.value),c.test(n.protocol))&&n.host===r.host&&l.activeElement===s&&(d.top.location.href=t.value))}},d.addEventListener(\"message\",d.wp.receiveEmbedMessage,!1),l.addEventListener(\"DOMContentLoaded\",function(){for(var e,t,s=l.querySelectorAll(\"iframe.wp-embedded-content\"),r=0;r<s.length;r++)(t=(e=s[r]).getAttribute(\"data-secret\"))||(t=Math.random().toString(36).substring(2,12),e.src+=\"#?secret=\"+t,e.setAttribute(\"data-secret\",t)),e.contentWindow.postMessage({message:\"ready\",secret:t},\"*\")},!1)))}(window,document);\n\/\/# sourceURL=http:\/\/denizcankizil.tr\/wp-includes\/js\/wp-embed.min.js\n<\/script>","description":"\u00d6z\u00e7elik-\u0130\u015f Sendikas\u0131 Genel Ba\u015fkan\u0131 Yunus De\u011firmenci Hatay\u2019dan Ankara\u2019ya gelen Yolbulan Metal i\u015f\u00e7ileri, polis e\u015fli\u011finde A\u015eT\u0130 Ankaray dura\u011f\u0131 b\u00f6lgesinden \u00c7al\u0131\u015fma Bakanl\u0131\u011f\u0131\u2019n\u0131n \u00f6n\u00fcne y\u00fcr\u00fcd\u00fc. \u201cDirene direne kazanaca\u011f\u0131z\u201d, \u201c\u0130\u015f\u00e7i sendika omuz omuza\u201d \u201cYolbulan i\u015f\u00e7isi direni\u015fin simgesi\u2019 sloganlar\u0131 atan i\u015f\u00e7iler, ya\u011fan ya\u011fmura ald\u0131r\u0131\u015f etmeden, taleplerini dile getirdi. Bakanl\u0131k \u00f6n\u00fcnde konu\u015fan Genel Ba\u015fkan Yunus De\u011firmenci, i\u015fveren taraf\u0131n\u0131 uzla\u015fmaya davet ederken, Cumhurba\u015fkan\u0131 Recep Tayyip Erdo\u011fan ve \u00c7al\u0131\u015fma ve Sosyal G\u00fcvenlik Bakan\u0131 Vedat I\u015f\u0131khan\u2019dan da uzla\u015fma konusunda destek ve yard\u0131m talebinde bulundu. 244 g\u00fcnd\u00fcr a\u00e7l\u0131k ve sefalete mahkum edilen i\u015f\u00e7ileri \u00c7al\u0131\u015fma Bakanl\u0131\u011f\u0131 \u00f6n\u00fcne getirdiklerini ifade eden Genel Ba\u015fkan De\u011firmenci, \u201c\u00c7al\u0131\u015fma Bakanl\u0131\u011f\u0131 bizim g\u00fcvencemiz, devletimizin temsilci ve onlardan yard\u0131m isteyece\u011fiz. Kural ve kanun tan\u0131maz, eme\u011fe sayg\u0131s\u0131 olmayan, ne yapt\u0131\u011f\u0131n\u0131 bilmeyen bir i\u015fveren anlay\u0131\u015f\u0131na kar\u015f\u0131 \u00c7al\u0131\u015fma Bakan\u0131m\u0131zdan ve \u00e7al\u0131\u015fma arkada\u015flar\u0131ndan bu ac\u0131mas\u0131z tavra kar\u015f\u0131, destek isteyece\u011fiz. \u201c \u015feklinde a\u00e7\u0131klamada bulundu. Vergisini veren ve emekleriyle \u00fcretime katk\u0131 verip \u00fclke ekonomisini g\u00fc\u00e7lendiren i\u015f\u00e7iler olarak ilk defa devlete i\u015flerinin d\u00fc\u015ft\u00fc\u011f\u00fcn\u00fc kaydeden De\u011firmenci, \u201cMilletimizin her ma\u011fduriyetinde eme\u011fimizle, al\u0131nterimizle, y\u00fcre\u011fimizle, ko\u015ftuk, ko\u015fturduk, destek olduk. Bu h\u00fck\u00fcmetin, bu devletin ayakta kalmas\u0131 i\u00e7in herkesten \u00e7ok m\u00fccadele verdik. Ama bu sefer devletimize bizim bir i\u015fimiz d\u00fc\u015ft\u00fc. \u0130\u015fveren eme\u011fi ve al\u0131nterini yok say\u0131yor, bizi g\u00f6rmezden geliyor. 244 g\u00fcnd\u00fcr grevimizi k\u0131rmak i\u00e7in, fason \u00fcretim yapmak i\u00e7in, sendikas\u0131zla\u015ft\u0131rmak i\u00e7in her &hellip;"}