{"version":"1.0","provider_name":"Av. Deniz Can K\u0131z\u0131l","provider_url":"http:\/\/denizcankizil.tr\/de","author_name":"admin","author_url":"http:\/\/denizcankizil.tr\/de\/author\/admin\/","title":"Ferdi Zeyrek ya\u015fama yenik d\u00fc\u015ft\u00fc","type":"rich","width":600,"height":338,"html":"<blockquote class=\"wp-embedded-content\" data-secret=\"PRhUxfXgHp\"><a href=\"http:\/\/denizcankizil.tr\/de\/haberler\/gundem\/ferdi-zeyrek-yasama-yenik-dustu\/\">Ferdi Zeyrek ya\u015fama yenik d\u00fc\u015ft\u00fc<\/a><\/blockquote><iframe sandbox=\"allow-scripts\" security=\"restricted\" src=\"http:\/\/denizcankizil.tr\/de\/haberler\/gundem\/ferdi-zeyrek-yasama-yenik-dustu\/embed\/#?secret=PRhUxfXgHp\" width=\"600\" height=\"338\" title=\"&#8222;Ferdi Zeyrek ya\u015fama yenik d\u00fc\u015ft\u00fc&#8220; &#8211; Av. Deniz Can K\u0131z\u0131l\" data-secret=\"PRhUxfXgHp\" frameborder=\"0\" marginwidth=\"0\" marginheight=\"0\" scrolling=\"no\" class=\"wp-embedded-content\"><\/iframe><script>\n\/*! This file is auto-generated *\/\n!function(d,l){\"use strict\";l.querySelector&&d.addEventListener&&\"undefined\"!=typeof URL&&(d.wp=d.wp||{},d.wp.receiveEmbedMessage||(d.wp.receiveEmbedMessage=function(e){var t=e.data;if((t||t.secret||t.message||t.value)&&!\/[^a-zA-Z0-9]\/.test(t.secret)){for(var s,r,n,a=l.querySelectorAll('iframe[data-secret=\"'+t.secret+'\"]'),o=l.querySelectorAll('blockquote[data-secret=\"'+t.secret+'\"]'),c=new RegExp(\"^https?:$\",\"i\"),i=0;i<o.length;i++)o[i].style.display=\"none\";for(i=0;i<a.length;i++)s=a[i],e.source===s.contentWindow&&(s.removeAttribute(\"style\"),\"height\"===t.message?(1e3<(r=parseInt(t.value,10))?r=1e3:~~r<200&&(r=200),s.height=r):\"link\"===t.message&&(r=new URL(s.getAttribute(\"src\")),n=new URL(t.value),c.test(n.protocol))&&n.host===r.host&&l.activeElement===s&&(d.top.location.href=t.value))}},d.addEventListener(\"message\",d.wp.receiveEmbedMessage,!1),l.addEventListener(\"DOMContentLoaded\",function(){for(var e,t,s=l.querySelectorAll(\"iframe.wp-embedded-content\"),r=0;r<s.length;r++)(t=(e=s[r]).getAttribute(\"data-secret\"))||(t=Math.random().toString(36).substring(2,12),e.src+=\"#?secret=\"+t,e.setAttribute(\"data-secret\",t)),e.contentWindow.postMessage({message:\"ready\",secret:t},\"*\")},!1)))}(window,document);\n\/\/# sourceURL=http:\/\/denizcankizil.tr\/wp-includes\/js\/wp-embed.min.js\n<\/script>","description":"Manisa B\u00fcy\u00fck\u015fehir Belediye Ba\u015fkan\u0131 Ferdi Zeyrek, evinde elektrik \u00e7arpmas\u0131 sonucu yo\u011fun bak\u0131ma al\u0131nd\u0131ktan sonra hayat\u0131n\u0131 kaybetti. Sa\u011fl\u0131k Bakan\u0131 Kemal Memi\u015fo\u011flu ve Cumhurba\u015fkan\u0131 Erdo\u011fan gibi isimler taziye mesajlar\u0131 yay\u0131mlad\u0131.MAN\u0130SA (\u0130GFA) &#8211; Evinde elektrik ak\u0131m\u0131na kap\u0131lan ve hastanede yo\u011fun bak\u0131ma al\u0131nan Manisa B\u00fcy\u00fck\u015fehir Belediye Ba\u015fkan\u0131 Ferdi Zeyrek&#8217;ten k\u00f6t\u00fc haber geldi. Sa\u011fl\u0131k Bakan\u0131 Kemal Memi\u015fo\u011flu, sosyal medyadan yapt\u0131\u011f\u0131 payla\u015f\u0131mda, bir s\u00fcredir tedavi g\u00f6ren Zeyrek&#8217;in, yap\u0131lan t\u00fcm m\u00fcdahalelere ra\u011fmen hayat\u0131n\u0131 kaybetti\u011fini belirtti. Bakan Memi\u015fo\u011flu, Zeyrek&#8217;e Allah&#8217;tan rahmet, ailesine, yak\u0131nlar\u0131na ve sevenlerine ba\u015fsa\u011fl\u0131\u011f\u0131 diledi. Manisa Celal Bayar \u00dcniversitesi Hafsa Sultan Hastanesi Ba\u015fhekimi Prof. Dr. \u0130smet Top\u00e7u, Manisa B\u00fcy\u00fck\u015fehir Belediye Ba\u015fkan\u0131 Ferdi Zeyrek&#8217;in kardiyak arrest (ani kalp durmas\u0131) nedeniyle hayat\u0131n\u0131 kaybetti\u011fini a\u00e7\u0131klad\u0131. ZEYREK \u0130\u00c7\u0130N BA\u015eSA\u011eLI\u011eI MESAJLARI Cumhurba\u015fkan\u0131 Recep Tayyip Erdo\u011fan, tedavi g\u00f6rd\u00fc\u011f\u00fc hastanede hayat\u0131n\u0131 kaybeden Manisa B\u00fcy\u00fck\u015fehir Belediye Ba\u015fkan\u0131 Ferdi Zeyrek i\u00e7in ba\u015fsa\u011fl\u0131\u011f\u0131 mesaj\u0131 yay\u0131mlad\u0131. Cumhurba\u015fkan\u0131 Erdo\u011fan, sosyal medya hesab\u0131ndan yay\u0131mlad\u0131\u011f\u0131 mesaj\u0131nda, &#8220;Manisa B\u00fcy\u00fck\u015fehir Belediye Ba\u015fkan\u0131 Say\u0131n Ferdi Zeyrek&#8217;in elim bir kaza sonucu vefat etmesinden b\u00fcy\u00fck \u00fcz\u00fcnt\u00fc duydum. Merhum Zeyrek&#8217;e Allah&#8217;tan rahmet niyaz ediyor, ailesine, \u00e7al\u0131\u015fma arkada\u015flar\u0131na, Manisal\u0131 vatanda\u015flar\u0131m\u0131za ve t\u00fcm CHP te\u015fkilat\u0131na ba\u015fsa\u011fl\u0131\u011f\u0131 diliyorum.&#8221; ifadelerine yer verdi. Cumhurba\u015fkanl\u0131\u011f\u0131 \u0130leti\u015fim Ba\u015fkan\u0131 Fahrettin Altun da mesaj\u0131nda, \u201cGe\u00e7irdi\u011fi elim bir kaza sonucu vefat etti\u011fini derin bir teess\u00fcrle \u00f6\u011frendi\u011fimiz Manisa B\u00fcy\u00fck\u015fehir Belediye Ba\u015fkan\u0131 Say\u0131n Ferdi Zeyrek\u2019e Allah\u2019tan rahmet; ailesine, &hellip;"}