{"version":"1.0","provider_name":"Av. Deniz Can K\u0131z\u0131l","provider_url":"http:\/\/denizcankizil.tr\/de","author_name":"Antalya K\u00f6rfez","author_url":"http:\/\/denizcankizil.tr\/de\/author\/www-antalyakorfez-com\/","title":"Ey BOP'tan adamlar!","type":"rich","width":600,"height":338,"html":"<blockquote class=\"wp-embedded-content\" data-secret=\"7YydosfjGc\"><a href=\"http:\/\/denizcankizil.tr\/de\/haberler\/gundem\/ey-boptan-adamlar\/\">Ey BOP&#8217;tan adamlar!<\/a><\/blockquote><iframe sandbox=\"allow-scripts\" security=\"restricted\" src=\"http:\/\/denizcankizil.tr\/de\/haberler\/gundem\/ey-boptan-adamlar\/embed\/#?secret=7YydosfjGc\" width=\"600\" height=\"338\" title=\"&#8222;Ey BOP&#8217;tan adamlar!&#8220; &#8211; Av. Deniz Can K\u0131z\u0131l\" data-secret=\"7YydosfjGc\" frameborder=\"0\" marginwidth=\"0\" marginheight=\"0\" scrolling=\"no\" class=\"wp-embedded-content\"><\/iframe><script>\n\/*! This file is auto-generated *\/\n!function(d,l){\"use strict\";l.querySelector&&d.addEventListener&&\"undefined\"!=typeof URL&&(d.wp=d.wp||{},d.wp.receiveEmbedMessage||(d.wp.receiveEmbedMessage=function(e){var t=e.data;if((t||t.secret||t.message||t.value)&&!\/[^a-zA-Z0-9]\/.test(t.secret)){for(var s,r,n,a=l.querySelectorAll('iframe[data-secret=\"'+t.secret+'\"]'),o=l.querySelectorAll('blockquote[data-secret=\"'+t.secret+'\"]'),c=new RegExp(\"^https?:$\",\"i\"),i=0;i<o.length;i++)o[i].style.display=\"none\";for(i=0;i<a.length;i++)s=a[i],e.source===s.contentWindow&&(s.removeAttribute(\"style\"),\"height\"===t.message?(1e3<(r=parseInt(t.value,10))?r=1e3:~~r<200&&(r=200),s.height=r):\"link\"===t.message&&(r=new URL(s.getAttribute(\"src\")),n=new URL(t.value),c.test(n.protocol))&&n.host===r.host&&l.activeElement===s&&(d.top.location.href=t.value))}},d.addEventListener(\"message\",d.wp.receiveEmbedMessage,!1),l.addEventListener(\"DOMContentLoaded\",function(){for(var e,t,s=l.querySelectorAll(\"iframe.wp-embedded-content\"),r=0;r<s.length;r++)(t=(e=s[r]).getAttribute(\"data-secret\"))||(t=Math.random().toString(36).substring(2,12),e.src+=\"#?secret=\"+t,e.setAttribute(\"data-secret\",t)),e.contentWindow.postMessage({message:\"ready\",secret:t},\"*\")},!1)))}(window,document);\n\/\/# sourceURL=http:\/\/denizcankizil.tr\/wp-includes\/js\/wp-embed.min.js\n<\/script>","description":"G\u00fcl\u00fcn\u00e7s\u00fcn\u00fcz. \u00c7ok g\u00fcl\u00fcn\u00e7! T\u00fcrkiye diye bir millet ad\u0131 olur mu? Milletin ad\u0131 T\u00fcrkiye olursa, devletin ad\u0131 ne olacak? Devletin ad\u0131n\u0131 da, Anadolu veya Orta Do\u011fu \u0130sl\u00e2m \u00dcmmeti Devlet mi koyacaks\u0131n\u0131z? Sizde; dil, tarih, co\u011frafya, k\u00fclt\u00fcr, yurt, ulus bilinci yoksa, temel sosyal bilgiler bilgisi de mi yok? Rakamla, parmak say\u0131s\u0131yla anayasa yap\u0131l\u0131r m\u0131? \u015eanl\u0131 Kurtulu\u015f Sava\u015f\u0131&#8217;m\u0131zda oldu\u011fu gibi, anayasalar; emekle, bilekle, y\u00fcrekle, bellekle, canla, kanla, \u015fanla, irfanla, vicdanla yap\u0131l\u0131r! T\u00fcrkiye sava\u015f kaybetti de, bizim mi haberimiz yok! Anayasan\u0131n de\u011fi\u015fmez ve de de\u011fi\u015ftirilmesi dahi teklif edilemez maddelerini; ancak ve ancak i\u015fgal g\u00fc\u00e7leri de\u011fi\u015ftirmek ister! T\u00fcrkiye Cumhuriyeti Devleti&#8217;ni kurulu\u015f \u00f6z\u00fcn\u00fcnden sapt\u0131rmaya yeltenmek, sapk\u0131nl\u0131kt\u0131r. T\u00fcrkiye kimsenin \u00f6zel m\u00fclk\u00fc de\u011fil! Karde\u015flerim, Devletimizi y\u00f6netenler, yabanc\u0131lar\u0131n dayatmas\u0131yla, be\u015f bin y\u0131ll\u0131k ad\u0131m\u0131z\u0131 de\u011fi\u015ftirmek istiyor! Bize T\u00fcrk olman, T\u00fcrkiyeli olun diyorlar. T\u00fcrkleri tarihten \u00e7\u0131kar\u0131p atsalar, tarih \u00f6ks\u00fcz kalmaz m\u0131? D\u00fcnyada her ulusun bir ad\u0131 vard\u0131r. Her ulus da; ad\u0131yla, diliyle, bayra\u011f\u0131yla, ulusal kimli\u011fiyle varl\u0131\u011f\u0131n\u0131 s\u00fcrd\u00fcr\u00fcr. Bizde T\u00fcrk\u00fcz. K\u00f6kler besinimiz, g\u00f6kler esinimiz ! Ne mutlu T\u00fcrk\u00fcm diyene! &#8220;T\u00fcrkiye Cumhuriyeti&#8217;ni kuran T\u00fcrkiye halk\u0131na; T\u00fcrk Milleti denir. &#8221; 1930. Mustafa Kemal ATAT\u00dcRK T\u00fcrkiye Cumhuriyeti&#8217;nin Kurucusu ve Ebed\u00ee Ba\u015fkomutan\u0131. T\u00dcRK\u0130YEL\u0130 DE\u011e\u0130L, T\u00dcRK\u00dcM HEY T\u00dcRK\u00dcM! T\u00fcrk\u00e7e d\u00fc\u015f\u00fcn\u00fcr\u00fcm, T\u00fcrk\u00fcm hey T\u00fcrk\u00fcm! G\u00fcneyde kuzeyde, \u00e7ak\u0131nlar \u00e7akt\u0131m Kimlik ana \u00f6z\u00fcm, co\u011frafya k\u00fcrk\u00fcm Do\u011fudan bat\u0131ya, d\u00f6rt nala akt\u0131m &hellip;"}