{"version":"1.0","provider_name":"Av. Deniz Can K\u0131z\u0131l","provider_url":"http:\/\/denizcankizil.tr\/de","author_name":"admin","author_url":"http:\/\/denizcankizil.tr\/de\/author\/admin\/","title":"Ergenlik D\u00f6nemi A\u015f\u0131lamalar\u0131 \u0130hmal Edilebiliyor!","type":"rich","width":600,"height":338,"html":"<blockquote class=\"wp-embedded-content\" data-secret=\"9aJySzDwAc\"><a href=\"http:\/\/denizcankizil.tr\/de\/haberler\/gundem\/ergenlik-donemi-asilamalari-ihmal-edilebiliyor\/\">Ergenlik D\u00f6nemi A\u015f\u0131lamalar\u0131 \u0130hmal Edilebiliyor!<\/a><\/blockquote><iframe sandbox=\"allow-scripts\" security=\"restricted\" src=\"http:\/\/denizcankizil.tr\/de\/haberler\/gundem\/ergenlik-donemi-asilamalari-ihmal-edilebiliyor\/embed\/#?secret=9aJySzDwAc\" width=\"600\" height=\"338\" title=\"&#8222;Ergenlik D\u00f6nemi A\u015f\u0131lamalar\u0131 \u0130hmal Edilebiliyor!&#8220; &#8211; Av. Deniz Can K\u0131z\u0131l\" data-secret=\"9aJySzDwAc\" frameborder=\"0\" marginwidth=\"0\" marginheight=\"0\" scrolling=\"no\" class=\"wp-embedded-content\"><\/iframe><script>\n\/*! This file is auto-generated *\/\n!function(d,l){\"use strict\";l.querySelector&&d.addEventListener&&\"undefined\"!=typeof URL&&(d.wp=d.wp||{},d.wp.receiveEmbedMessage||(d.wp.receiveEmbedMessage=function(e){var t=e.data;if((t||t.secret||t.message||t.value)&&!\/[^a-zA-Z0-9]\/.test(t.secret)){for(var s,r,n,a=l.querySelectorAll('iframe[data-secret=\"'+t.secret+'\"]'),o=l.querySelectorAll('blockquote[data-secret=\"'+t.secret+'\"]'),c=new RegExp(\"^https?:$\",\"i\"),i=0;i<o.length;i++)o[i].style.display=\"none\";for(i=0;i<a.length;i++)s=a[i],e.source===s.contentWindow&&(s.removeAttribute(\"style\"),\"height\"===t.message?(1e3<(r=parseInt(t.value,10))?r=1e3:~~r<200&&(r=200),s.height=r):\"link\"===t.message&&(r=new URL(s.getAttribute(\"src\")),n=new URL(t.value),c.test(n.protocol))&&n.host===r.host&&l.activeElement===s&&(d.top.location.href=t.value))}},d.addEventListener(\"message\",d.wp.receiveEmbedMessage,!1),l.addEventListener(\"DOMContentLoaded\",function(){for(var e,t,s=l.querySelectorAll(\"iframe.wp-embedded-content\"),r=0;r<s.length;r++)(t=(e=s[r]).getAttribute(\"data-secret\"))||(t=Math.random().toString(36).substring(2,12),e.src+=\"#?secret=\"+t,e.setAttribute(\"data-secret\",t)),e.contentWindow.postMessage({message:\"ready\",secret:t},\"*\")},!1)))}(window,document);\n\/\/# sourceURL=http:\/\/denizcankizil.tr\/wp-includes\/js\/wp-embed.min.js\n<\/script>","description":"Hayat\u0131n ilk aylar\u0131nda ve erken \u00e7ocukluk d\u00f6neminde oldu\u011fu kadar ergenlik d\u00f6neminde de a\u015f\u0131laman\u0131n devam\u0131 b\u00fcy\u00fck \u00f6nem ta\u015f\u0131d\u0131\u011f\u0131n\u0131 s\u00f6yleyen \u00c7ocuk Enfeksiyon Hastal\u0131klar\u0131 Uzman\u0131 Do\u00e7. Dr. Emine Manolya Kara, bu ya\u015f grubundaki \u00e7ocuklar\u0131n s\u0131kl\u0131kla hastaland\u0131klar\u0131 zaman doktora gitti\u011finden a\u015f\u0131 uygulamalar\u0131n\u0131n bu d\u00f6nemde sekteye u\u011frayabildi\u011fine dikkat \u00e7ekti.\u00a0 \u200bHayat\u0131n ilk aylar\u0131nda ve erken \u00e7ocukluk d\u00f6neminde oldu\u011fu kadar ergenlik d\u00f6neminde de a\u015f\u0131laman\u0131n devam\u0131 b\u00fcy\u00fck \u00f6nem ta\u015f\u0131d\u0131\u011f\u0131n\u0131 s\u00f6yleyen \u00c7ocuk Enfeksiyon Hastal\u0131klar\u0131 Uzman\u0131 Do\u00e7. Dr. Emine Manolya Kara, bu ya\u015f grubundaki \u00e7ocuklar\u0131n s\u0131kl\u0131kla hastaland\u0131klar\u0131 zaman doktora gitti\u011finden a\u015f\u0131 uygulamalar\u0131n\u0131n bu d\u00f6nemde sekteye u\u011frayabildi\u011fine dikkat \u00e7ekti.\u00a0\u00a0 \u200bHaberin Al\u0131nt\u0131land\u0131\u011f\u0131 Kaynak: www.iskenderun.org"}