{"version":"1.0","provider_name":"Av. Deniz Can K\u0131z\u0131l","provider_url":"http:\/\/denizcankizil.tr\/de","author_name":"Antalya K\u00f6rfez","author_url":"http:\/\/denizcankizil.tr\/de\/author\/www-antalyakorfez-com\/","title":"Ekrem \u0130mamo\u011flu'ndan gen\u00e7lere: \"\u0130lk isyan\u0131n\u0131z\u0131 ettiniz\"","type":"rich","width":600,"height":338,"html":"<blockquote class=\"wp-embedded-content\" data-secret=\"LYiMhb52WG\"><a href=\"http:\/\/denizcankizil.tr\/de\/haberler\/gundem\/ekrem-imamoglundan-genclere-ilk-isyaninizi-ettiniz\/\">Ekrem \u0130mamo\u011flu&#8217;ndan gen\u00e7lere: &#8220;\u0130lk isyan\u0131n\u0131z\u0131 ettiniz&#8221;<\/a><\/blockquote><iframe sandbox=\"allow-scripts\" security=\"restricted\" src=\"http:\/\/denizcankizil.tr\/de\/haberler\/gundem\/ekrem-imamoglundan-genclere-ilk-isyaninizi-ettiniz\/embed\/#?secret=LYiMhb52WG\" width=\"600\" height=\"338\" title=\"&#8222;Ekrem \u0130mamo\u011flu&#8217;ndan gen\u00e7lere: &#8220;\u0130lk isyan\u0131n\u0131z\u0131 ettiniz&#8221;&#8220; &#8211; Av. Deniz Can K\u0131z\u0131l\" data-secret=\"LYiMhb52WG\" frameborder=\"0\" marginwidth=\"0\" marginheight=\"0\" scrolling=\"no\" class=\"wp-embedded-content\"><\/iframe><script>\n\/*! This file is auto-generated *\/\n!function(d,l){\"use strict\";l.querySelector&&d.addEventListener&&\"undefined\"!=typeof URL&&(d.wp=d.wp||{},d.wp.receiveEmbedMessage||(d.wp.receiveEmbedMessage=function(e){var t=e.data;if((t||t.secret||t.message||t.value)&&!\/[^a-zA-Z0-9]\/.test(t.secret)){for(var s,r,n,a=l.querySelectorAll('iframe[data-secret=\"'+t.secret+'\"]'),o=l.querySelectorAll('blockquote[data-secret=\"'+t.secret+'\"]'),c=new RegExp(\"^https?:$\",\"i\"),i=0;i<o.length;i++)o[i].style.display=\"none\";for(i=0;i<a.length;i++)s=a[i],e.source===s.contentWindow&&(s.removeAttribute(\"style\"),\"height\"===t.message?(1e3<(r=parseInt(t.value,10))?r=1e3:~~r<200&&(r=200),s.height=r):\"link\"===t.message&&(r=new URL(s.getAttribute(\"src\")),n=new URL(t.value),c.test(n.protocol))&&n.host===r.host&&l.activeElement===s&&(d.top.location.href=t.value))}},d.addEventListener(\"message\",d.wp.receiveEmbedMessage,!1),l.addEventListener(\"DOMContentLoaded\",function(){for(var e,t,s=l.querySelectorAll(\"iframe.wp-embedded-content\"),r=0;r<s.length;r++)(t=(e=s[r]).getAttribute(\"data-secret\"))||(t=Math.random().toString(36).substring(2,12),e.src+=\"#?secret=\"+t,e.setAttribute(\"data-secret\",t)),e.contentWindow.postMessage({message:\"ready\",secret:t},\"*\")},!1)))}(window,document);\n\/\/# sourceURL=http:\/\/denizcankizil.tr\/wp-includes\/js\/wp-embed.min.js\n<\/script>","description":"\u0130stanbul B\u00fcy\u00fck\u015fehir Belediyesi Ba\u015fkan\u0131 ve tutuklu Cumhurba\u015fkan\u0131 aday\u0131 Ekrem \u0130mamo\u011flu, tutuklu bulundu\u011fu Silivri Cezaevi&#8217;nden sosyal medya \u00fczerinden gen\u00e7lere seslendi. \u0130mamo\u011flu, payla\u015ft\u0131\u011f\u0131 mesajda, gen\u00e7lerin ya\u015fad\u0131\u011f\u0131 zor s\u00fcre\u00e7te g\u00f6sterdi\u011fi direncin, gelece\u011fin \u015fekillenmesinde belirleyici olaca\u011f\u0131na dikkat \u00e7ekti. &#8220;KORKU DUVARLARINI A\u015eTINIZ, \u0130LK \u0130SYANINIZI ETT\u0130N\u0130Z&#8221;\u00a0 &#8220;Sevgili gen\u00e7ler; Korku duvarlar\u0131n\u0131 ilk siz a\u015ft\u0131n\u0131z. Gelece\u011finizi, umutlar\u0131n\u0131z\u0131 \u00e7alan, iradenizi, sizi yok sayan ve size sayg\u0131 duymayan akla ilk siz isyan ettiniz&#8221; diyen \u0130mamo\u011flu, gen\u00e7lerin protestolarda kar\u015f\u0131la\u015ft\u0131\u011f\u0131 zorluklara ra\u011fmen g\u00f6sterdi\u011fi cesaretten dolay\u0131 \u00f6vg\u00fcde bulundu. &#8220;\u00dcLKEY\u0130 S\u0130Z AYDINLI\u011eA \u00c7IKARTACAKSINIZ&#8221; \u0130mamo\u011flu, &#8220;Zaman\u0131n ruhu sizi \u00e7a\u011f\u0131r\u0131yor. Zekan\u0131zla, samimiyetinizle, y\u00fcksek adalet duyunuzla, herkesi kucaklayacak ve size ait olacak yak\u0131n gelecekte bu g\u00fczel \u00fclkeyi siz ayd\u0131nl\u0131\u011fa \u00e7\u0131kartacaks\u0131n\u0131z&#8221; ifadelerini kulland\u0131.\u00a0 &#8220;BEN D\u0130MD\u0130K AYAKTAYIM, S\u0130Z DE OLUN&#8221;\u00a0 S\u00f6zlerine devam eden \u0130mamo\u011flu, &#8220;Ben Silivri&#8217;de dimdik duruyorum. Bu kumpaslar, yalanlar, dolanlar beni zerre etkilemiyor. Sizi de etkilemesin&#8221; diyerek, bulundu\u011fu zor ko\u015fullara ra\u011fmen moral kayna\u011f\u0131 olmaya \u00e7al\u0131\u015ft\u0131. &#8220;G\u00d6ZALTINA ALINAN, TUTUKLANAN GEN\u00c7LER, B\u0130Z\u0130M GEN\u00c7LER\u0130M\u0130Z&#8221; \u0130mamo\u011flu, g\u00f6zalt\u0131na al\u0131nan ve tutuklanan gen\u00e7lerin kendilerinin bir par\u00e7as\u0131 oldu\u011funu belirterek, &#8220;Bu s\u00fcre\u00e7te g\u00f6zalt\u0131na al\u0131nan, tutuklanan gen\u00e7ler bizim gen\u00e7lerimiz. Gururumuzsunuz. Size verilmek istenen zarar\u0131 hep birlikte engelleyecek, size ve ailelerimize sonuna kadar sahip \u00e7\u0131kaca\u011f\u0131z&#8221; dedi.\u00a0 &#8220;GEN\u00c7L\u0130K KAZANACAK, B\u0130R AVU\u00c7 \u0130NSAN KAYBEDECEK&#8221;\u00a0 Tutuklu oldu\u011fu d\u00f6nemde bile gen\u00e7lerin m\u00fccadelesine olan inanc\u0131n\u0131 kaybetmeyen \u0130mamo\u011flu, &#8220;Bu m\u00fccadele uzun, ta\u015fl\u0131, tozlu, &hellip;"}