{"version":"1.0","provider_name":"Av. Deniz Can K\u0131z\u0131l","provider_url":"http:\/\/denizcankizil.tr\/de","author_name":"Antalya K\u00f6rfez","author_url":"http:\/\/denizcankizil.tr\/de\/author\/www-antalyakorfez-com\/","title":"Ekrem \u0130mamo\u011flu\u2019na yeni soru\u015fturma!","type":"rich","width":600,"height":338,"html":"<blockquote class=\"wp-embedded-content\" data-secret=\"gxPl5j9xK5\"><a href=\"http:\/\/denizcankizil.tr\/de\/haberler\/gundem\/ekrem-imamogluna-yeni-sorusturma\/\">Ekrem \u0130mamo\u011flu\u2019na yeni soru\u015fturma!<\/a><\/blockquote><iframe sandbox=\"allow-scripts\" security=\"restricted\" src=\"http:\/\/denizcankizil.tr\/de\/haberler\/gundem\/ekrem-imamogluna-yeni-sorusturma\/embed\/#?secret=gxPl5j9xK5\" width=\"600\" height=\"338\" title=\"&#8222;Ekrem \u0130mamo\u011flu\u2019na yeni soru\u015fturma!&#8220; &#8211; Av. Deniz Can K\u0131z\u0131l\" data-secret=\"gxPl5j9xK5\" frameborder=\"0\" marginwidth=\"0\" marginheight=\"0\" scrolling=\"no\" class=\"wp-embedded-content\"><\/iframe><script>\n\/*! This file is auto-generated *\/\n!function(d,l){\"use strict\";l.querySelector&&d.addEventListener&&\"undefined\"!=typeof URL&&(d.wp=d.wp||{},d.wp.receiveEmbedMessage||(d.wp.receiveEmbedMessage=function(e){var t=e.data;if((t||t.secret||t.message||t.value)&&!\/[^a-zA-Z0-9]\/.test(t.secret)){for(var s,r,n,a=l.querySelectorAll('iframe[data-secret=\"'+t.secret+'\"]'),o=l.querySelectorAll('blockquote[data-secret=\"'+t.secret+'\"]'),c=new RegExp(\"^https?:$\",\"i\"),i=0;i<o.length;i++)o[i].style.display=\"none\";for(i=0;i<a.length;i++)s=a[i],e.source===s.contentWindow&&(s.removeAttribute(\"style\"),\"height\"===t.message?(1e3<(r=parseInt(t.value,10))?r=1e3:~~r<200&&(r=200),s.height=r):\"link\"===t.message&&(r=new URL(s.getAttribute(\"src\")),n=new URL(t.value),c.test(n.protocol))&&n.host===r.host&&l.activeElement===s&&(d.top.location.href=t.value))}},d.addEventListener(\"message\",d.wp.receiveEmbedMessage,!1),l.addEventListener(\"DOMContentLoaded\",function(){for(var e,t,s=l.querySelectorAll(\"iframe.wp-embedded-content\"),r=0;r<s.length;r++)(t=(e=s[r]).getAttribute(\"data-secret\"))||(t=Math.random().toString(36).substring(2,12),e.src+=\"#?secret=\"+t,e.setAttribute(\"data-secret\",t)),e.contentWindow.postMessage({message:\"ready\",secret:t},\"*\")},!1)))}(window,document);\n\/\/# sourceURL=http:\/\/denizcankizil.tr\/wp-includes\/js\/wp-embed.min.js\n<\/script>","description":"Silivri&#8217;de tutuklu bulunan \u0130stanbul B\u00fcy\u00fck\u015fehir (\u0130BB) Ba\u015fkan\u0131 ve CHP\u2019nin cumhurba\u015fkan\u0131n aday\u0131 Ekrem \u0130mamo\u011flu hakk\u0131nda \u0130stanbul Ba\u015fsavc\u0131l\u0131\u011f\u0131 yeni bir soru\u015fturma ba\u015flatt\u0131. \u0130MAMO\u011eLU\u2019NA YEN\u0130 SORU\u015eTURMA \u0130BB\u2019y y\u00f6nelik yolsuzluk soru\u015fturmas\u0131 kapsam\u0131nda tutuklanarak ba\u015fkanl\u0131k g\u00f6revinden uzakla\u015ft\u0131r\u0131lan Ekrem \u0130mamo\u011flu hakk\u0131nda, &#8220;kamu g\u00f6revlisine hakaret&#8221; su\u00e7undan soru\u015fturma ba\u015flat\u0131ld\u0131. \u0130stanbul Cumhuriyet Ba\u015fsavc\u0131l\u0131\u011f\u0131, \u0130mamo\u011flu&#8217;nun, &#8220;silahl\u0131 ter\u00f6r \u00f6rg\u00fct\u00fcne yard\u0131m etme&#8221; su\u00e7undan al\u0131nan ifadesinde, yarg\u0131 g\u00f6revlilerine hakaret i\u00e7erikli beyanlar oldu\u011funu tespit etti. Ba\u015fsavc\u0131l\u0131k, Ekrem \u0130mamo\u011flu hakk\u0131nda &#8220;kamu g\u00f6revlisine hakaret&#8221; su\u00e7undan resen soru\u015fturma ba\u015flatt\u0131. \u200bSilivri\u2019de tutuklu bulunan \u0130BB Ba\u015fkan\u0131 ve CHP\u2019nin Cumhurba\u015fkan\u0131 Ekrem \u0130mamo\u011flu hakk\u0131nda &#8216;kamu g\u00f6revlisine hakaret&#8217; su\u00e7undan yeni bir soru\u015fturma ba\u015flat\u0131ld\u0131.\u00a0 \u200bHaberin Al\u0131nt\u0131land\u0131\u011f\u0131 Kaynak: www.antalyakorfez.com"}