{"version":"1.0","provider_name":"Av. Deniz Can K\u0131z\u0131l","provider_url":"http:\/\/denizcankizil.tr\/de","author_name":"Antalya K\u00f6rfez","author_url":"http:\/\/denizcankizil.tr\/de\/author\/www-antalyakorfez-com\/","title":"Do\u011fu Ekspresi yerini Diyarbak\u0131r Ekspresi\u2019ne mi b\u0131rak\u0131yor?","type":"rich","width":600,"height":338,"html":"<blockquote class=\"wp-embedded-content\" data-secret=\"FFPUv1op2j\"><a href=\"http:\/\/denizcankizil.tr\/de\/haberler\/gundem\/dogu-ekspresi-yerini-diyarbakir-ekspresine-mi-birakiyor\/\">Do\u011fu Ekspresi yerini Diyarbak\u0131r Ekspresi\u2019ne mi b\u0131rak\u0131yor?<\/a><\/blockquote><iframe sandbox=\"allow-scripts\" security=\"restricted\" src=\"http:\/\/denizcankizil.tr\/de\/haberler\/gundem\/dogu-ekspresi-yerini-diyarbakir-ekspresine-mi-birakiyor\/embed\/#?secret=FFPUv1op2j\" width=\"600\" height=\"338\" title=\"&#8222;Do\u011fu Ekspresi yerini Diyarbak\u0131r Ekspresi\u2019ne mi b\u0131rak\u0131yor?&#8220; &#8211; Av. Deniz Can K\u0131z\u0131l\" data-secret=\"FFPUv1op2j\" frameborder=\"0\" marginwidth=\"0\" marginheight=\"0\" scrolling=\"no\" class=\"wp-embedded-content\"><\/iframe><script>\n\/*! This file is auto-generated *\/\n!function(d,l){\"use strict\";l.querySelector&&d.addEventListener&&\"undefined\"!=typeof URL&&(d.wp=d.wp||{},d.wp.receiveEmbedMessage||(d.wp.receiveEmbedMessage=function(e){var t=e.data;if((t||t.secret||t.message||t.value)&&!\/[^a-zA-Z0-9]\/.test(t.secret)){for(var s,r,n,a=l.querySelectorAll('iframe[data-secret=\"'+t.secret+'\"]'),o=l.querySelectorAll('blockquote[data-secret=\"'+t.secret+'\"]'),c=new RegExp(\"^https?:$\",\"i\"),i=0;i<o.length;i++)o[i].style.display=\"none\";for(i=0;i<a.length;i++)s=a[i],e.source===s.contentWindow&&(s.removeAttribute(\"style\"),\"height\"===t.message?(1e3<(r=parseInt(t.value,10))?r=1e3:~~r<200&&(r=200),s.height=r):\"link\"===t.message&&(r=new URL(s.getAttribute(\"src\")),n=new URL(t.value),c.test(n.protocol))&&n.host===r.host&&l.activeElement===s&&(d.top.location.href=t.value))}},d.addEventListener(\"message\",d.wp.receiveEmbedMessage,!1),l.addEventListener(\"DOMContentLoaded\",function(){for(var e,t,s=l.querySelectorAll(\"iframe.wp-embedded-content\"),r=0;r<s.length;r++)(t=(e=s[r]).getAttribute(\"data-secret\"))||(t=Math.random().toString(36).substring(2,12),e.src+=\"#?secret=\"+t,e.setAttribute(\"data-secret\",t)),e.contentWindow.postMessage({message:\"ready\",secret:t},\"*\")},!1)))}(window,document);\n\/\/# sourceURL=http:\/\/denizcankizil.tr\/wp-includes\/js\/wp-embed.min.js\n<\/script>","description":"Tarihi Ankara gar\u0131ndan Kars\u2019a sefer yapan ve 2019 y\u0131l\u0131ndan sonra pop\u00fcler olan Do\u011fu Ekspresi biletleri bu y\u0131l da \u2018yok\u2019 satt\u0131. Misafirleri masals\u0131 bir yolculu\u011fa \u00e7\u0131karan Do\u011fu Ekspresi\u2019nin g\u00f6rd\u00fc\u011f\u00fc ilgi yetkilileri harekete ge\u00e7irdi. Do\u011fu Ekspresi\u2019nin farkl\u0131 bir varyasyonu olan Diyarbak\u0131r Ekspresi\u2019nin de ilk sefer tarihi belli oldu. Ula\u015ft\u0131rma ve Altyap\u0131 Bakan\u0131 Abdulkadir Uralo\u011flu, Ankara ile Diyarbak\u0131r aras\u0131nda turizm ama\u00e7l\u0131 i\u015fletilecek Turistik Diyarbak\u0131r Ekspresi\u2019nin ilk seferine 11 Nisan Cuma g\u00fcn\u00fc ba\u015flayaca\u011f\u0131n\u0131 duyurdu. Uralo\u011flu, seferler kapsam\u0131nda Malatya ve Elaz\u0131\u011f\u2019da turistik duraklamalar yap\u0131laca\u011f\u0131n\u0131 da belirtti. 2025 SEZONUNDA TOPLAM 8 SEFER Turistik Diyarbak\u0131r Ekspresi\u2019nin 11 Nisan \u2013 25 May\u0131s 2025 tarihleri aras\u0131nda toplam 8 sefer yapaca\u011f\u0131n\u0131 belirten Uralo\u011flu, \u201cAnkara\u2019dan Cuma g\u00fcnleri, Diyarbak\u0131r\u2019dan ise Pazar g\u00fcnleri hareket edecek trenimiz 2 haftada bir kar\u015f\u0131l\u0131kl\u0131 sefer d\u00fczenleyecek. 4 gidi\u015f, 4 d\u00f6n\u00fc\u015f \u015feklinde planlanan seferleriyle hem i\u00e7 turizm canlanacak hem de \u015fehirler aras\u0131 k\u00fclt\u00fcrel etkile\u015fim artacak.\u201d dedi. 3 SAATL\u0130K MOLA VER\u0130LECEK Turistik Diyarbak\u0131r Ekspresi\u2019nin rotas\u0131 hakk\u0131nda da bilgi veren Bakan Uralo\u011flu, Ankara\u2019dan hareket edecek trenin ve Malatya\u2019da 3 saatlik bir mola verece\u011fini belirtti. Uralo\u011flu, \u201cBu s\u00fcre zarf\u0131nda yolcular Malatya\u2019n\u0131n tarihi ve k\u00fclt\u00fcrel alanlar\u0131n\u0131 gezebilecek. D\u00f6n\u00fc\u015f yolculu\u011funda ise Diyarbak\u0131r\u2019dan saat hareket edecek trenimiz Elaz\u0131\u011f\u2019\u0131n Yol\u00e7at\u0131 istasyonunda 4 saatlik bir duru\u015f yapacak. B\u00f6ylece yolcular, Malatya\u2019da ve Yol\u00e7at\u0131\u2019da verilen molalarda b\u00f6lgenin k\u00fclt\u00fcrel &hellip;"}