{"version":"1.0","provider_name":"Av. Deniz Can K\u0131z\u0131l","provider_url":"http:\/\/denizcankizil.tr\/de","author_name":"Av. Deniz Can K\u0131z\u0131l","author_url":"http:\/\/denizcankizil.tr\/de","title":"Demirk\u00f6pr\u00fc Mahallesi'nde depremin izleri siliniyor\u2026","type":"rich","width":600,"height":338,"html":"<blockquote class=\"wp-embedded-content\" data-secret=\"b1OOCLKw3f\"><a href=\"http:\/\/denizcankizil.tr\/de\/haberler\/gundem\/demirkopru-mahallesinde-depremin-izleri-siliniyor\/\">Demirk\u00f6pr\u00fc Mahallesi&#8217;nde depremin izleri siliniyor\u2026<\/a><\/blockquote><iframe sandbox=\"allow-scripts\" security=\"restricted\" src=\"http:\/\/denizcankizil.tr\/de\/haberler\/gundem\/demirkopru-mahallesinde-depremin-izleri-siliniyor\/embed\/#?secret=b1OOCLKw3f\" width=\"600\" height=\"338\" title=\"&#8222;Demirk\u00f6pr\u00fc Mahallesi&#8217;nde depremin izleri siliniyor\u2026&#8220; &#8211; Av. Deniz Can K\u0131z\u0131l\" data-secret=\"b1OOCLKw3f\" frameborder=\"0\" marginwidth=\"0\" marginheight=\"0\" scrolling=\"no\" class=\"wp-embedded-content\"><\/iframe><script>\n\/*! This file is auto-generated *\/\n!function(d,l){\"use strict\";l.querySelector&&d.addEventListener&&\"undefined\"!=typeof URL&&(d.wp=d.wp||{},d.wp.receiveEmbedMessage||(d.wp.receiveEmbedMessage=function(e){var t=e.data;if((t||t.secret||t.message||t.value)&&!\/[^a-zA-Z0-9]\/.test(t.secret)){for(var s,r,n,a=l.querySelectorAll('iframe[data-secret=\"'+t.secret+'\"]'),o=l.querySelectorAll('blockquote[data-secret=\"'+t.secret+'\"]'),c=new RegExp(\"^https?:$\",\"i\"),i=0;i<o.length;i++)o[i].style.display=\"none\";for(i=0;i<a.length;i++)s=a[i],e.source===s.contentWindow&&(s.removeAttribute(\"style\"),\"height\"===t.message?(1e3<(r=parseInt(t.value,10))?r=1e3:~~r<200&&(r=200),s.height=r):\"link\"===t.message&&(r=new URL(s.getAttribute(\"src\")),n=new URL(t.value),c.test(n.protocol))&&n.host===r.host&&l.activeElement===s&&(d.top.location.href=t.value))}},d.addEventListener(\"message\",d.wp.receiveEmbedMessage,!1),l.addEventListener(\"DOMContentLoaded\",function(){for(var e,t,s=l.querySelectorAll(\"iframe.wp-embedded-content\"),r=0;r<s.length;r++)(t=(e=s[r]).getAttribute(\"data-secret\"))||(t=Math.random().toString(36).substring(2,12),e.src+=\"#?secret=\"+t,e.setAttribute(\"data-secret\",t)),e.contentWindow.postMessage({message:\"ready\",secret:t},\"*\")},!1)))}(window,document);\n\/\/# sourceURL=http:\/\/denizcankizil.tr\/wp-includes\/js\/wp-embed.min.js\n<\/script>","description":"Y\u00fczy\u0131l\u0131n felaketi 6 \u015eubat depremlerinde Reyhanl\u0131\u2019n\u0131n Demirk\u00f6pr\u00fc Mahallesi mevkiinde 4 metreyi bulan b\u00fcy\u00fck k\u0131r\u0131lmalar meydana gelmi\u015fti. Depremin hemen ard\u0131ndan ba\u015flat\u0131lan \u00e7al\u0131\u015fmalar\u0131n birinci etab\u0131 tamamland\u0131 ve ilk k\u00f6pr\u00fc trafi\u011fe a\u00e7\u0131ld\u0131. K\u0131r\u0131lmalar nedeniyle b\u00fcy\u00fck hasar g\u00f6ren yollar ve k\u00f6pr\u00fcdeki enkaz\u0131n bir k\u0131sm\u0131 kald\u0131r\u0131ld\u0131ktan sonra, ilk k\u00f6pr\u00fcn\u00fcn temeli at\u0131ld\u0131 ve yap\u0131m\u0131 tamamlanarak ara\u00e7 trafi\u011fine a\u00e7\u0131ld\u0131. Geli\u015f ve gidi\u015f olarak tek \u015feritten hizmet veren bu k\u00f6pr\u00fc, b\u00f6lgedeki ula\u015f\u0131m\u0131 \u00f6nemli \u00f6l\u00e7\u00fcde rahatlatm\u0131\u015f durumda. \u0130kinci k\u00f6pr\u00fcn\u00fcn in\u015faat \u00e7al\u0131\u015fmalar\u0131 ise aral\u0131ks\u0131z s\u00fcr\u00fcyor. Hatay Valili\u011fi koordinesinde, Karayollar\u0131 Genel M\u00fcd\u00fcrl\u00fc\u011f\u00fc taraf\u0131ndan y\u00fcr\u00fct\u00fclen \u00e7al\u0131\u015fmalar, gece g\u00fcnd\u00fcz demeden devam ediyor ve b\u00f6lge halk\u0131 taraf\u0131ndan takdirle kar\u015f\u0131lan\u0131yor. Demirk\u00f6pr\u00fc Mahallesi Muhtar\u0131 H\u00fcseyin \u015eahan, depremler s\u0131ras\u0131nda yol ve k\u00f6pr\u00fcde b\u00fcy\u00fck \u00e7\u00f6kme ve hasar meydana geldi\u011fini belirterek, \u201c6 \u015eubat depremlerinde yolumuz \u00e7\u00f6kt\u00fc. Bu y\u00fczden giri\u015f ve \u00e7\u0131k\u0131\u015flar\u0131m\u0131z\u0131 sa\u011flayam\u0131yorduk. Eski tarihi k\u00f6pr\u00fcy\u00fc kullanmak zorunda kald\u0131k. Devletimiz sa\u011f olsun, 3. g\u00fcnden itibaren hemen buraya gelip \u00e7al\u0131\u015fmalar ba\u015flatt\u0131. Yapboz gibi par\u00e7alanan k\u00f6pr\u00fc, bir bu\u00e7uk y\u0131l sonra \u015fimdi tek \u015feritli olarak tekrar hizmete girdi. 2. k\u00f6pr\u00fcn\u00fcn in\u015faat\u0131 ise devam ediyor. Tahminimce bir y\u0131l i\u00e7inde, depremin izleri tamamen silinmi\u015f olacak. Devletimize te\u015fekk\u00fcr ediyoruz\u201d dedi. ESK\u0130 TAR\u0130H\u0130 K\u00d6PR\u00dc YEN\u0130DEN YAPILIYOR Reyhanl\u0131 ve Antakya il\u00e7elerini birbirine ba\u011flayan Demirk\u00f6pr\u00fc k\u00f6pr\u00fcs\u00fcn\u00fcn ikinci k\u0131sm\u0131ndaki in\u015faat \u00e7al\u0131\u015fmalar\u0131 devam ederken, mahalle i\u00e7inden ge\u00e7en eski tarihi k\u00f6pr\u00fc de &hellip;"}