{"version":"1.0","provider_name":"Av. Deniz Can K\u0131z\u0131l","provider_url":"http:\/\/denizcankizil.tr\/de","author_name":"Av. Deniz Can K\u0131z\u0131l","author_url":"http:\/\/denizcankizil.tr\/de","title":"Demircili Kad\u0131nlar Ad\u0131m Ad\u0131m Manisa\u2019y\u0131 Gezdi","type":"rich","width":600,"height":338,"html":"<blockquote class=\"wp-embedded-content\" data-secret=\"llzTprb3WQ\"><a href=\"http:\/\/denizcankizil.tr\/de\/haberler\/gundem\/demircili-kadinlar-adim-adim-manisayi-gezdi\/\">Demircili Kad\u0131nlar Ad\u0131m Ad\u0131m Manisa\u2019y\u0131 Gezdi<\/a><\/blockquote><iframe sandbox=\"allow-scripts\" security=\"restricted\" src=\"http:\/\/denizcankizil.tr\/de\/haberler\/gundem\/demircili-kadinlar-adim-adim-manisayi-gezdi\/embed\/#?secret=llzTprb3WQ\" width=\"600\" height=\"338\" title=\"&#8222;Demircili Kad\u0131nlar Ad\u0131m Ad\u0131m Manisa\u2019y\u0131 Gezdi&#8220; &#8211; Av. Deniz Can K\u0131z\u0131l\" data-secret=\"llzTprb3WQ\" frameborder=\"0\" marginwidth=\"0\" marginheight=\"0\" scrolling=\"no\" class=\"wp-embedded-content\"><\/iframe><script>\n\/*! This file is auto-generated *\/\n!function(d,l){\"use strict\";l.querySelector&&d.addEventListener&&\"undefined\"!=typeof URL&&(d.wp=d.wp||{},d.wp.receiveEmbedMessage||(d.wp.receiveEmbedMessage=function(e){var t=e.data;if((t||t.secret||t.message||t.value)&&!\/[^a-zA-Z0-9]\/.test(t.secret)){for(var s,r,n,a=l.querySelectorAll('iframe[data-secret=\"'+t.secret+'\"]'),o=l.querySelectorAll('blockquote[data-secret=\"'+t.secret+'\"]'),c=new RegExp(\"^https?:$\",\"i\"),i=0;i<o.length;i++)o[i].style.display=\"none\";for(i=0;i<a.length;i++)s=a[i],e.source===s.contentWindow&&(s.removeAttribute(\"style\"),\"height\"===t.message?(1e3<(r=parseInt(t.value,10))?r=1e3:~~r<200&&(r=200),s.height=r):\"link\"===t.message&&(r=new URL(s.getAttribute(\"src\")),n=new URL(t.value),c.test(n.protocol))&&n.host===r.host&&l.activeElement===s&&(d.top.location.href=t.value))}},d.addEventListener(\"message\",d.wp.receiveEmbedMessage,!1),l.addEventListener(\"DOMContentLoaded\",function(){for(var e,t,s=l.querySelectorAll(\"iframe.wp-embedded-content\"),r=0;r<s.length;r++)(t=(e=s[r]).getAttribute(\"data-secret\"))||(t=Math.random().toString(36).substring(2,12),e.src+=\"#?secret=\"+t,e.setAttribute(\"data-secret\",t)),e.contentWindow.postMessage({message:\"ready\",secret:t},\"*\")},!1)))}(window,document);\n\/\/# sourceURL=http:\/\/denizcankizil.tr\/wp-includes\/js\/wp-embed.min.js\n<\/script>","description":"Manisa B\u00fcy\u00fck\u015fehir Belediyesi\u2019nin \u2018Ad\u0131m Ad\u0131m Manisa Projesi\u2019 kapsam\u0131nda Demirci il\u00e7esinden \u015fehir merkezine gelen 80 ki\u015filik kad\u0131n kafilesi, tarihi mek\u00e2nlar\u0131 gezdi. Manisa\u2019n\u0131n tarihi g\u00fczelliklerini ke\u015ffeden kad\u0131nlar, unutulmaz bir g\u00fcn ya\u015fad\u0131. \u200bManisa B\u00fcy\u00fck\u015fehir Belediyesi\u2019nin \u2018Ad\u0131m Ad\u0131m Manisa Projesi\u2019 kapsam\u0131nda Demirci il\u00e7esinden \u015fehir merkezine gelen 80 ki\u015filik kad\u0131n kafilesi, tarihi mek\u00e2nlar\u0131 gezdi. Manisa\u2019n\u0131n tarihi g\u00fczelliklerini ke\u015ffeden kad\u0131nlar, unutulmaz bir g\u00fcn ya\u015fad\u0131.\u00a0 \u200bHaberin Al\u0131nt\u0131land\u0131\u011f\u0131 Kaynak: www.iskenderun.org"}