{"version":"1.0","provider_name":"Av. Deniz Can K\u0131z\u0131l","provider_url":"http:\/\/denizcankizil.tr\/de","author_name":"admin","author_url":"http:\/\/denizcankizil.tr\/de\/author\/admin\/","title":"Cumhurba\u015fkan\u0131 Erdo\u011fan, DEM heyetini kabul etti","type":"rich","width":600,"height":338,"html":"<blockquote class=\"wp-embedded-content\" data-secret=\"RIsfvpOFMW\"><a href=\"http:\/\/denizcankizil.tr\/de\/haberler\/gundem\/cumhurbaskani-erdogan-dem-heyetini-kabul-etti\/\">Cumhurba\u015fkan\u0131 Erdo\u011fan, DEM heyetini kabul etti<\/a><\/blockquote><iframe sandbox=\"allow-scripts\" security=\"restricted\" src=\"http:\/\/denizcankizil.tr\/de\/haberler\/gundem\/cumhurbaskani-erdogan-dem-heyetini-kabul-etti\/embed\/#?secret=RIsfvpOFMW\" width=\"600\" height=\"338\" title=\"&#8222;Cumhurba\u015fkan\u0131 Erdo\u011fan, DEM heyetini kabul etti&#8220; &#8211; Av. Deniz Can K\u0131z\u0131l\" data-secret=\"RIsfvpOFMW\" frameborder=\"0\" marginwidth=\"0\" marginheight=\"0\" scrolling=\"no\" class=\"wp-embedded-content\"><\/iframe><script>\n\/*! This file is auto-generated *\/\n!function(d,l){\"use strict\";l.querySelector&&d.addEventListener&&\"undefined\"!=typeof URL&&(d.wp=d.wp||{},d.wp.receiveEmbedMessage||(d.wp.receiveEmbedMessage=function(e){var t=e.data;if((t||t.secret||t.message||t.value)&&!\/[^a-zA-Z0-9]\/.test(t.secret)){for(var s,r,n,a=l.querySelectorAll('iframe[data-secret=\"'+t.secret+'\"]'),o=l.querySelectorAll('blockquote[data-secret=\"'+t.secret+'\"]'),c=new RegExp(\"^https?:$\",\"i\"),i=0;i<o.length;i++)o[i].style.display=\"none\";for(i=0;i<a.length;i++)s=a[i],e.source===s.contentWindow&&(s.removeAttribute(\"style\"),\"height\"===t.message?(1e3<(r=parseInt(t.value,10))?r=1e3:~~r<200&&(r=200),s.height=r):\"link\"===t.message&&(r=new URL(s.getAttribute(\"src\")),n=new URL(t.value),c.test(n.protocol))&&n.host===r.host&&l.activeElement===s&&(d.top.location.href=t.value))}},d.addEventListener(\"message\",d.wp.receiveEmbedMessage,!1),l.addEventListener(\"DOMContentLoaded\",function(){for(var e,t,s=l.querySelectorAll(\"iframe.wp-embedded-content\"),r=0;r<s.length;r++)(t=(e=s[r]).getAttribute(\"data-secret\"))||(t=Math.random().toString(36).substring(2,12),e.src+=\"#?secret=\"+t,e.setAttribute(\"data-secret\",t)),e.contentWindow.postMessage({message:\"ready\",secret:t},\"*\")},!1)))}(window,document);\n\/\/# sourceURL=http:\/\/denizcankizil.tr\/wp-includes\/js\/wp-embed.min.js\n<\/script>","description":"Cumhurba\u015fkan\u0131 Recep Tayyip Erdo\u011fan, Halklar\u0131n E\u015fitlik ve Demokrasi Partisi (DEM Parti) Van Milletvekili Pervin Buldan ile \u0130stanbul Milletvekili S\u0131rr\u0131 S\u00fcreyya \u00d6nder\u2019i Cumhurba\u015fkanl\u0131\u011f\u0131 K\u00fclliyesi\u2019nde kabul etti.ANKARA (\u0130GFA)\u00a0 &#8211; Cumhurba\u015fkan\u0131 Recep Tayyip Erdo\u011fan, DEM Parti Van Milletvekili Pervin Buldan ve \u0130stanbul Milletvekili S\u0131rr\u0131 S\u00fcreyya \u00d6nder\u2019den olu\u015fan heyeti Cumhurba\u015fkanl\u0131\u011f\u0131 K\u00fclliyesi\u2019nde a\u011f\u0131rlad\u0131. \u0130leti\u015fim Ba\u015fkanl\u0131\u011f\u0131&#8217;ndan aktar\u0131lan habere g\u00f6re \u201cTer\u00f6rs\u00fcz T\u00fcrkiye\u201d s\u00fcrecinin yol haritas\u0131n\u0131n ele al\u0131nd\u0131\u011f\u0131 g\u00f6r\u00fc\u015fmede, AK Parti Genel Ba\u015fkanvekili Efkan Ala ve M\u0130T Ba\u015fkan\u0131 \u0130brahim Kal\u0131n da haz\u0131r bulundu. Toplant\u0131da, s\u00fcrece ili\u015fkin son durum ve hedefler de\u011ferlendirildi. \u200bCumhurba\u015fkan\u0131 Recep Tayyip Erdo\u011fan, Halklar\u0131n E\u015fitlik ve Demokrasi Partisi (DEM Parti) Van Milletvekili Pervin Buldan ile \u0130stanbul Milletvekili S\u0131rr\u0131 S\u00fcreyya \u00d6nder\u2019i Cumhurba\u015fkanl\u0131\u011f\u0131 K\u00fclliyesi\u2019nde kabul etti.ANKARA (\u0130GFA)\u00a0 &#8211; Cumhurba\u015fkan\u0131 Recep Tayyip Erdo\u011fan, DEM Parti Van Milletvekili Pervin Buldan ve \u0130stanbul Milletvekili S\u0131rr\u0131 S\u00fcreyya \u00d6nder\u2019den olu\u015fan heyeti Cumhurba\u015fkanl\u0131\u011f\u0131 K\u00fclliyesi\u2019nde a\u011f\u0131rlad\u0131. \u0130leti\u015fim Ba\u015fkanl\u0131\u011f\u0131&#8217;ndan aktar\u0131lan habere g\u00f6re \u201cTer\u00f6rs\u00fcz T\u00fcrkiye\u201d s\u00fcrecinin yol haritas\u0131n\u0131n ele al\u0131nd\u0131\u011f\u0131 g\u00f6r\u00fc\u015fmede, AK Parti Genel Ba\u015fkanvekili Efkan Ala ve M\u0130T Ba\u015fkan\u0131 \u0130brahim Kal\u0131n da haz\u0131r bulundu. Toplant\u0131da, s\u00fcrece ili\u015fkin son durum ve hedefler de\u011ferlendirildi.\u00a0 \u200bHaberin Al\u0131nt\u0131land\u0131\u011f\u0131 Kaynak: www.iskenderun.org"}