{"version":"1.0","provider_name":"Av. Deniz Can K\u0131z\u0131l","provider_url":"http:\/\/denizcankizil.tr\/de","author_name":"Antalya K\u00f6rfez","author_url":"http:\/\/denizcankizil.tr\/de\/author\/www-antalyakorfez-com\/","title":"CHP\u2019den \u2018Manavgat \u0130radesine Sahip \u00c7\u0131k\u0131yor\u2019 \u00e7a\u011fr\u0131s\u0131","type":"rich","width":600,"height":338,"html":"<blockquote class=\"wp-embedded-content\" data-secret=\"SfGMmGwxvL\"><a href=\"http:\/\/denizcankizil.tr\/de\/haberler\/gundem\/chpden-manavgat-iradesine-sahip-cikiyor-cagrisi\/\">CHP\u2019den \u2018Manavgat \u0130radesine Sahip \u00c7\u0131k\u0131yor\u2019 \u00e7a\u011fr\u0131s\u0131<\/a><\/blockquote><iframe sandbox=\"allow-scripts\" security=\"restricted\" src=\"http:\/\/denizcankizil.tr\/de\/haberler\/gundem\/chpden-manavgat-iradesine-sahip-cikiyor-cagrisi\/embed\/#?secret=SfGMmGwxvL\" width=\"600\" height=\"338\" title=\"&#8222;CHP\u2019den \u2018Manavgat \u0130radesine Sahip \u00c7\u0131k\u0131yor\u2019 \u00e7a\u011fr\u0131s\u0131&#8220; &#8211; Av. Deniz Can K\u0131z\u0131l\" data-secret=\"SfGMmGwxvL\" frameborder=\"0\" marginwidth=\"0\" marginheight=\"0\" scrolling=\"no\" class=\"wp-embedded-content\"><\/iframe><script>\n\/*! This file is auto-generated *\/\n!function(d,l){\"use strict\";l.querySelector&&d.addEventListener&&\"undefined\"!=typeof URL&&(d.wp=d.wp||{},d.wp.receiveEmbedMessage||(d.wp.receiveEmbedMessage=function(e){var t=e.data;if((t||t.secret||t.message||t.value)&&!\/[^a-zA-Z0-9]\/.test(t.secret)){for(var s,r,n,a=l.querySelectorAll('iframe[data-secret=\"'+t.secret+'\"]'),o=l.querySelectorAll('blockquote[data-secret=\"'+t.secret+'\"]'),c=new RegExp(\"^https?:$\",\"i\"),i=0;i<o.length;i++)o[i].style.display=\"none\";for(i=0;i<a.length;i++)s=a[i],e.source===s.contentWindow&&(s.removeAttribute(\"style\"),\"height\"===t.message?(1e3<(r=parseInt(t.value,10))?r=1e3:~~r<200&&(r=200),s.height=r):\"link\"===t.message&&(r=new URL(s.getAttribute(\"src\")),n=new URL(t.value),c.test(n.protocol))&&n.host===r.host&&l.activeElement===s&&(d.top.location.href=t.value))}},d.addEventListener(\"message\",d.wp.receiveEmbedMessage,!1),l.addEventListener(\"DOMContentLoaded\",function(){for(var e,t,s=l.querySelectorAll(\"iframe.wp-embedded-content\"),r=0;r<s.length;r++)(t=(e=s[r]).getAttribute(\"data-secret\"))||(t=Math.random().toString(36).substring(2,12),e.src+=\"#?secret=\"+t,e.setAttribute(\"data-secret\",t)),e.contentWindow.postMessage({message:\"ready\",secret:t},\"*\")},!1)))}(window,document);\n\/\/# sourceURL=http:\/\/denizcankizil.tr\/wp-includes\/js\/wp-embed.min.js\n<\/script>","description":"Antalya\u2019n\u0131n Manavgat il\u00e7esinde, Belediye Ba\u015fkan\u0131 Niyazi Nefi Kara\u2019n\u0131n da aralar\u0131nda bulundu\u011fu 19 ki\u015finin tutuklanmas\u0131yla sonu\u00e7lanan r\u00fc\u015fvet, irtikap ve zimmet soru\u015fturmas\u0131n\u0131n yank\u0131lar\u0131 s\u00fcrerken, CHP Antalya \u0130l Ba\u015fkanl\u0131\u011f\u0131 halk\u0131 soka\u011fa \u00e7a\u011f\u0131rd\u0131. CHP Antalya Milletvekili Aliye Co\u015far, bug\u00fcn saat 18.00\u2019de Manavgat Belediyesi \u00f6n\u00fcnde yap\u0131lacak olan bulu\u015fma i\u00e7in \u201cBu sadece bir belediye operasyonu de\u011fil, halk\u0131n sand\u0131ktaki iradesine m\u00fcdahaledir\u201d a\u00e7\u0131klamas\u0131nda bulundu. \u201cHALKIMIZI MANAVGAT BELED\u0130YES\u0130 \u00d6N\u00dcNE BEKL\u0130YORUZ\u201d CHP Antalya Milletvekili Aliye Co\u015far, \u00e7a\u011fr\u0131s\u0131nda \u015fu ifadelere yer verdi: \u201cSon g\u00fcnlerde ya\u015fananlar, halk\u0131n sand\u0131kta g\u00f6sterdi\u011fi iradeye a\u00e7\u0131k\u00e7a bir m\u00fcdahaledir. Bu sald\u0131r\u0131lar sadece Manavgat Belediyemizi de\u011fil, halk\u0131m\u0131z\u0131n iradesini hedef alm\u0131\u015ft\u0131r. Adaletin herkes i\u00e7in e\u015fit i\u015flemesi ve siyasetin yarg\u0131ya y\u00f6n vermedi\u011fi bir T\u00fcrkiye dile\u011fiyle. T\u00fcm halk\u0131m\u0131z\u0131 saat 18.00\u2019de Manavgat Belediyesi \u00f6n\u00fcnde bulu\u015fmaya davet ediyoruz.\u201d \u200bCHP Antalya \u0130l Ba\u015fkanl\u0131\u011f\u0131, r\u00fc\u015fvet ve zimmet soru\u015fturmas\u0131 kapsam\u0131nda tutuklanan Manavgat Belediye Ba\u015fkan\u0131 Niyazi Nefi Kara ve belediye y\u00f6neticilerine destek amac\u0131yla bug\u00fcn saat 18.00\u2019de Manavgat Belediyesi \u00f6n\u00fcnde \u201cManavgat \u0130radesine Sahip \u00c7\u0131k\u0131yor\u201d ba\u015fl\u0131kl\u0131 bir bulu\u015fma d\u00fczenliyor.\u00a0 \u200bHaberin Al\u0131nt\u0131land\u0131\u011f\u0131 Kaynak: www.antalyakorfez.com"}