{"version":"1.0","provider_name":"Av. Deniz Can K\u0131z\u0131l","provider_url":"http:\/\/denizcankizil.tr\/de","author_name":"admin","author_url":"http:\/\/denizcankizil.tr\/de\/author\/admin\/","title":"CHP Milletvekili Mullao\u011flu'ndan \u0130GC'ye Ziyaret","type":"rich","width":600,"height":338,"html":"<blockquote class=\"wp-embedded-content\" data-secret=\"Cv6Xwbf3rf\"><a href=\"http:\/\/denizcankizil.tr\/de\/haberler\/gundem\/chp-milletvekili-mullaoglundan-igcye-ziyaret\/\">CHP Milletvekili Mullao\u011flu&#8217;ndan \u0130GC&#8217;ye Ziyaret<\/a><\/blockquote><iframe sandbox=\"allow-scripts\" security=\"restricted\" src=\"http:\/\/denizcankizil.tr\/de\/haberler\/gundem\/chp-milletvekili-mullaoglundan-igcye-ziyaret\/embed\/#?secret=Cv6Xwbf3rf\" width=\"600\" height=\"338\" title=\"&#8222;CHP Milletvekili Mullao\u011flu&#8217;ndan \u0130GC&#8217;ye Ziyaret&#8220; &#8211; Av. Deniz Can K\u0131z\u0131l\" data-secret=\"Cv6Xwbf3rf\" frameborder=\"0\" marginwidth=\"0\" marginheight=\"0\" scrolling=\"no\" class=\"wp-embedded-content\"><\/iframe><script>\n\/*! This file is auto-generated *\/\n!function(d,l){\"use strict\";l.querySelector&&d.addEventListener&&\"undefined\"!=typeof URL&&(d.wp=d.wp||{},d.wp.receiveEmbedMessage||(d.wp.receiveEmbedMessage=function(e){var t=e.data;if((t||t.secret||t.message||t.value)&&!\/[^a-zA-Z0-9]\/.test(t.secret)){for(var s,r,n,a=l.querySelectorAll('iframe[data-secret=\"'+t.secret+'\"]'),o=l.querySelectorAll('blockquote[data-secret=\"'+t.secret+'\"]'),c=new RegExp(\"^https?:$\",\"i\"),i=0;i<o.length;i++)o[i].style.display=\"none\";for(i=0;i<a.length;i++)s=a[i],e.source===s.contentWindow&&(s.removeAttribute(\"style\"),\"height\"===t.message?(1e3<(r=parseInt(t.value,10))?r=1e3:~~r<200&&(r=200),s.height=r):\"link\"===t.message&&(r=new URL(s.getAttribute(\"src\")),n=new URL(t.value),c.test(n.protocol))&&n.host===r.host&&l.activeElement===s&&(d.top.location.href=t.value))}},d.addEventListener(\"message\",d.wp.receiveEmbedMessage,!1),l.addEventListener(\"DOMContentLoaded\",function(){for(var e,t,s=l.querySelectorAll(\"iframe.wp-embedded-content\"),r=0;r<s.length;r++)(t=(e=s[r]).getAttribute(\"data-secret\"))||(t=Math.random().toString(36).substring(2,12),e.src+=\"#?secret=\"+t,e.setAttribute(\"data-secret\",t)),e.contentWindow.postMessage({message:\"ready\",secret:t},\"*\")},!1)))}(window,document);\n\/\/# sourceURL=http:\/\/denizcankizil.tr\/wp-includes\/js\/wp-embed.min.js\n<\/script>","description":"&#8220;\u00d6zg\u00fcr Bas\u0131n, Demokrasinin Temel Dinami\u011fidir&#8221; \u0130skenderun Gazeteciler Cemiyeti Ba\u015fkan\u0131 Diyap Atar, Milletvekili Mullao\u011flu ve beraberindeki heyetin ziyaretinden duydu\u011fu memnuniyeti dile getirerek te\u015fekk\u00fcr etti. CHP Hatay Milletvekili Servet Mullao\u011flu, bas\u0131n\u0131n toplum i\u00e7in \u00f6nemine vurgu yaparak &#8220;Do\u011fru ve g\u00fcvenilir habercilik, demokrasinin temel dinamiklerinden biridir. Halk\u0131n ger\u00e7ekleri \u00f6\u011frenme hakk\u0131, ancak \u00f6zg\u00fcr ve ba\u011f\u0131ms\u0131z bir bas\u0131n ile m\u00fcmk\u00fcnd\u00fcr&#8221; dedi. &#8220;Deprem B\u00f6lgesinin Kalk\u0131nmas\u0131 \u0130\u00e7in \u00c7al\u0131\u015fmalar S\u00fcr\u00fcyor&#8221; Deprem b\u00f6lgesinin yeniden kalk\u0131nmas\u0131yla ilgili a\u00e7\u0131klamalarda bulunan Mullao\u011flu, yetkili kurumlarla temas halinde olduklar\u0131n\u0131 ifade ederek &#8220;Deprem b\u00f6lgesinin kalk\u0131nmas\u0131 i\u00e7in yo\u011fun bir \u00e7al\u0131\u015fma var. Yok demek do\u011fru olmaz. Ancak hala \u00e7\u00f6z\u00fcm bekleyen bir\u00e7ok sorun bulunuyor. Biz de sorunlar\u0131n oldu\u011fu b\u00f6lgeleri g\u00fcndeme getirerek, yetkili kurumlarla g\u00f6r\u00fc\u015f\u00fcp \u00e7\u00f6z\u00fcme ula\u015fmas\u0131n\u0131 sa\u011flamaya \u00e7al\u0131\u015f\u0131yoruz. Hatay\u2019daki sorunlar\u0131 yak\u0131ndan takip ederek, B\u00fcy\u00fck\u015fehir Belediyesi ba\u015fta olmak \u00fczere AFAD ve milletvekili arkada\u015flar\u0131m\u0131zla konunun \u00e7\u00f6z\u00fcm\u00fc i\u00e7in \u00e7al\u0131\u015f\u0131yoruz&#8221; diye konu\u015ftu. Z\u0130YARETE GEN\u0130\u015e KATILIM CHP Hatay Milletvekili Servet Mullao\u011flu\u2019nun \u0130skenderun Gazeteciler Cemiyeti ziyaretine, CHP Gen\u00e7lik Kollar\u0131 Genel Ba\u015fkan Yard\u0131mc\u0131s\u0131 \u0130klime Kabasakal, CHP il\u00e7e y\u00f6netim kurulu \u00fcyeleri, CHP Kad\u0131n Kollar\u0131 ve \u0130skenderun Belediye Ba\u015fkan Aday Adaylar\u0131ndan Av. Cihan \u00d6nal da kat\u0131ld\u0131. Ziyaret s\u0131ras\u0131nda yerel ve ulusal g\u00fcndemdeki geli\u015fmeler \u00fczerine fikir al\u0131\u015fveri\u015finde bulunulurken, bas\u0131n\u0131n yerel y\u00f6netimlerle i\u015f birli\u011fi i\u00e7inde olmas\u0131 gerekti\u011fi vurguland\u0131. \u200bCumhuriyet Halk Partisi Hatay Milletvekili Servet Mullao\u011flu ve parti y\u00f6neticileri, \u0130skenderun Gazeteciler &hellip;"}