{"version":"1.0","provider_name":"Av. Deniz Can K\u0131z\u0131l","provider_url":"http:\/\/denizcankizil.tr\/de","author_name":"Antalya K\u00f6rfez","author_url":"http:\/\/denizcankizil.tr\/de\/author\/www-antalyakorfez-com\/","title":"CHP, Antalya\u2019da elektrik zamlar\u0131n\u0131 protesto etti","type":"rich","width":600,"height":338,"html":"<blockquote class=\"wp-embedded-content\" data-secret=\"Stg5QmNmEh\"><a href=\"http:\/\/denizcankizil.tr\/de\/haberler\/gundem\/chp-antalyada-elektrik-zamlarini-protesto-etti\/\">CHP, Antalya\u2019da elektrik zamlar\u0131n\u0131 protesto etti<\/a><\/blockquote><iframe sandbox=\"allow-scripts\" security=\"restricted\" src=\"http:\/\/denizcankizil.tr\/de\/haberler\/gundem\/chp-antalyada-elektrik-zamlarini-protesto-etti\/embed\/#?secret=Stg5QmNmEh\" width=\"600\" height=\"338\" title=\"&#8222;CHP, Antalya\u2019da elektrik zamlar\u0131n\u0131 protesto etti&#8220; &#8211; Av. Deniz Can K\u0131z\u0131l\" data-secret=\"Stg5QmNmEh\" frameborder=\"0\" marginwidth=\"0\" marginheight=\"0\" scrolling=\"no\" class=\"wp-embedded-content\"><\/iframe><script>\n\/*! This file is auto-generated *\/\n!function(d,l){\"use strict\";l.querySelector&&d.addEventListener&&\"undefined\"!=typeof URL&&(d.wp=d.wp||{},d.wp.receiveEmbedMessage||(d.wp.receiveEmbedMessage=function(e){var t=e.data;if((t||t.secret||t.message||t.value)&&!\/[^a-zA-Z0-9]\/.test(t.secret)){for(var s,r,n,a=l.querySelectorAll('iframe[data-secret=\"'+t.secret+'\"]'),o=l.querySelectorAll('blockquote[data-secret=\"'+t.secret+'\"]'),c=new RegExp(\"^https?:$\",\"i\"),i=0;i<o.length;i++)o[i].style.display=\"none\";for(i=0;i<a.length;i++)s=a[i],e.source===s.contentWindow&&(s.removeAttribute(\"style\"),\"height\"===t.message?(1e3<(r=parseInt(t.value,10))?r=1e3:~~r<200&&(r=200),s.height=r):\"link\"===t.message&&(r=new URL(s.getAttribute(\"src\")),n=new URL(t.value),c.test(n.protocol))&&n.host===r.host&&l.activeElement===s&&(d.top.location.href=t.value))}},d.addEventListener(\"message\",d.wp.receiveEmbedMessage,!1),l.addEventListener(\"DOMContentLoaded\",function(){for(var e,t,s=l.querySelectorAll(\"iframe.wp-embedded-content\"),r=0;r<s.length;r++)(t=(e=s[r]).getAttribute(\"data-secret\"))||(t=Math.random().toString(36).substring(2,12),e.src+=\"#?secret=\"+t,e.setAttribute(\"data-secret\",t)),e.contentWindow.postMessage({message:\"ready\",secret:t},\"*\")},!1)))}(window,document);\n\/\/# sourceURL=http:\/\/denizcankizil.tr\/wp-includes\/js\/wp-embed.min.js\n<\/script>","description":"Cumhuriyet Halk Partisi (CHP) Antalya \u0130l \u00d6rg\u00fct\u00fc, son d\u00f6nemde art arda yap\u0131lan elektrik zamlar\u0131n\u0131 protesto etti. CK Akdeniz Elektrik Da\u011f\u0131t\u0131m \u015eirketi \u00f6n\u00fcnde yap\u0131lan bas\u0131n a\u00e7\u0131klamas\u0131na Emek ve Demokrasi G\u00fc\u00e7leri bile\u015fenler, CHP milletvekilleri, parti meclis \u00fcyeleri ve \u00e7ok say\u0131da yurtta\u015f kat\u0131ld\u0131. CHP Antalya \u0130l Ba\u015fkan\u0131 Nail Kamac\u0131, elektrik da\u011f\u0131t\u0131m\u0131n\u0131n \u00f6zelle\u015ftirilmesinin halk\u0131 a\u011f\u0131r faturalara mahkum etti\u011fini belirterek, &#8220;Bu hizmet birka\u00e7 ayr\u0131cal\u0131kl\u0131 \u015firkete de\u011fil, halka aittir&#8221; dedi. &#8220;ELEKTR\u0130K TEMEL B\u0130R \u0130NSAN HAKKIDIR&#8221; Cumhuriyet Halk Partisi Antalya \u0130l Ba\u015fkan\u0131 Nail Kamac\u0131, elektri\u011fe yap\u0131lan zamlar\u0131 ele\u015ftirdi. Elektrik t\u00fcketiminin temel bir insan hakk\u0131 oldu\u011funu ifade eden Kamac\u0131; \u201cBug\u00fcn burada, her ay elimizi yakan, aile b\u00fct\u00e7emizi sarsan elektrik faturalar\u0131n\u0131n ard\u0131ndaki ger\u00e7ekleri konu\u015fmak i\u00e7in topland\u0131k. \u00c7\u00fcnk\u00fc art\u0131k yeter! Elektrik bir l\u00fcks de\u011fil, temel bir insan hakk\u0131d\u0131r. Ancak bug\u00fcn \u00fclkemizde elektrik; yiyecekten, i\u00e7ecekten, \u0131s\u0131nmadan, ayd\u0131nlanmadan fedak\u00e2rl\u0131k ederek kullanabildi\u011fimiz, adeta bir l\u00fcks haline gelmi\u015ftir. Bu durumun nedeni yaln\u0131zca yap\u0131lan zamlar de\u011fildir. Bu, y\u0131llard\u0131r uygulanan yanl\u0131\u015f enerji politikalar\u0131n\u0131n, plans\u0131z ve rant odakl\u0131 \u00f6zelle\u015ftirmelerin ac\u0131 bir sonucudur\u201d dedi. &#8220;2012 YILINDA SATILDI\u011eINDA DOLAR 1 L\u0130RA 60 KURU\u015eTU&#8221; \u201cAkdeniz Elektrik Da\u011f\u0131t\u0131m A.\u015e&#8217;nin \u00f6zelle\u015ftirilme s\u00fcrecini hat\u0131rlatan Kamac\u0131, &#8220;2012 y\u0131l\u0131nda Antalya\u2019n\u0131n da i\u00e7inde bulundu\u011fu Akdeniz Elektrik Da\u011f\u0131t\u0131m A.\u015e., 546 milyon dolara \u00f6zel sekt\u00f6re sat\u0131ld\u0131. O g\u00fcn\u00fcn dolar kuru 1.60 TL idi. \u015eirket bu bedeli cebinden \u00f6demedi. &hellip;"}