{"version":"1.0","provider_name":"Av. Deniz Can K\u0131z\u0131l","provider_url":"http:\/\/denizcankizil.tr\/de","author_name":"Antalya K\u00f6rfez","author_url":"http:\/\/denizcankizil.tr\/de\/author\/www-antalyakorfez-com\/","title":"CHP Antalya milletvekillerinden \u00f6n se\u00e7im \u00e7a\u011fr\u0131s\u0131","type":"rich","width":600,"height":338,"html":"<blockquote class=\"wp-embedded-content\" data-secret=\"ygX42z1Q1e\"><a href=\"http:\/\/denizcankizil.tr\/de\/haberler\/gundem\/chp-antalya-milletvekillerinden-on-secim-cagrisi\/\">CHP Antalya milletvekillerinden \u00f6n se\u00e7im \u00e7a\u011fr\u0131s\u0131<\/a><\/blockquote><iframe sandbox=\"allow-scripts\" security=\"restricted\" src=\"http:\/\/denizcankizil.tr\/de\/haberler\/gundem\/chp-antalya-milletvekillerinden-on-secim-cagrisi\/embed\/#?secret=ygX42z1Q1e\" width=\"600\" height=\"338\" title=\"&#8222;CHP Antalya milletvekillerinden \u00f6n se\u00e7im \u00e7a\u011fr\u0131s\u0131&#8220; &#8211; Av. Deniz Can K\u0131z\u0131l\" data-secret=\"ygX42z1Q1e\" frameborder=\"0\" marginwidth=\"0\" marginheight=\"0\" scrolling=\"no\" class=\"wp-embedded-content\"><\/iframe><script>\n\/*! This file is auto-generated *\/\n!function(d,l){\"use strict\";l.querySelector&&d.addEventListener&&\"undefined\"!=typeof URL&&(d.wp=d.wp||{},d.wp.receiveEmbedMessage||(d.wp.receiveEmbedMessage=function(e){var t=e.data;if((t||t.secret||t.message||t.value)&&!\/[^a-zA-Z0-9]\/.test(t.secret)){for(var s,r,n,a=l.querySelectorAll('iframe[data-secret=\"'+t.secret+'\"]'),o=l.querySelectorAll('blockquote[data-secret=\"'+t.secret+'\"]'),c=new RegExp(\"^https?:$\",\"i\"),i=0;i<o.length;i++)o[i].style.display=\"none\";for(i=0;i<a.length;i++)s=a[i],e.source===s.contentWindow&&(s.removeAttribute(\"style\"),\"height\"===t.message?(1e3<(r=parseInt(t.value,10))?r=1e3:~~r<200&&(r=200),s.height=r):\"link\"===t.message&&(r=new URL(s.getAttribute(\"src\")),n=new URL(t.value),c.test(n.protocol))&&n.host===r.host&&l.activeElement===s&&(d.top.location.href=t.value))}},d.addEventListener(\"message\",d.wp.receiveEmbedMessage,!1),l.addEventListener(\"DOMContentLoaded\",function(){for(var e,t,s=l.querySelectorAll(\"iframe.wp-embedded-content\"),r=0;r<s.length;r++)(t=(e=s[r]).getAttribute(\"data-secret\"))||(t=Math.random().toString(36).substring(2,12),e.src+=\"#?secret=\"+t,e.setAttribute(\"data-secret\",t)),e.contentWindow.postMessage({message:\"ready\",secret:t},\"*\")},!1)))}(window,document);\n\/\/# sourceURL=http:\/\/denizcankizil.tr\/wp-includes\/js\/wp-embed.min.js\n<\/script>","description":"Cumhuriyet Halk Partisi (CHP), 23 Mart 2025 tarihinde cumhurba\u015fkan\u0131 aday\u0131n\u0131 belirlemek amac\u0131yla \u00f6n se\u00e7im yapacak. CHP Antalya milletvekilleri Aliye Co\u015far, Aykut Kaya ve Sururi \u00c7orabat\u0131r\u00a0sosyal medya hesaplar\u0131ndan \u00e7a\u011fr\u0131da bulunarak, &#8220;\u0130ktidar yolculu\u011fumuz ba\u015fl\u0131yor, Cumhurba\u015fkan\u0131 aday\u0131m\u0131z\u0131 gel, se\u00e7, tarihe ge\u00e7!&#8221; ifadelerini i\u00e7eren video payla\u015ft\u0131.\u00a0 \u00d6N SE\u00c7\u0130M \u0130\u00c7\u0130N Y\u00dcKSEK KATILIM BEKLEN\u0130YOR CHP taraf\u0131ndan yap\u0131lan a\u00e7\u0131klamaya g\u00f6re, 23 Mart&#8217;ta yap\u0131lacak \u00f6n se\u00e7im i\u00e7in ba\u015fvuru s\u00fcreci 21 \u015eubat&#8217;ta sona erdi. Partinin cumhurba\u015fkan\u0131 aday\u0131n\u0131n belirlenece\u011fi bu \u00f6n se\u00e7im, b\u00fcy\u00fck bir merakla bekleniyor. Antalya milletvekilleri Aliye Co\u015far, Aykut Kaya ve Sururi \u00c7orabat\u0131r, sosyal medya hesaplar\u0131 \u00fczerinden se\u00e7im s\u00fcreciyle ilgili destek \u00e7a\u011fr\u0131s\u0131 yaparak, partililerinden y\u00fcksek kat\u0131l\u0131m bekleniyor.\u00a0 ANTALYA M\u0130LLETVEK\u0130LLER\u0130, SE\u00c7\u0130ME KATILIM \u0130\u00c7\u0130N TE\u015eV\u0130K V\u0130DEOSU PAYLA\u015eIYOR CHP Antalya milletvekilleri, sosyal medya hesaplar\u0131 \u00fczerinden yapt\u0131klar\u0131 payla\u015f\u0131mlarda, partililerinin Cumhurba\u015fkan\u0131 aday\u0131n\u0131n belirlenmesine katk\u0131 sa\u011flamas\u0131 i\u00e7in 23 Mart se\u00e7imlerine kat\u0131lmaya davet ediyor. Antalya ve di\u011fer illerdeki CHP \u00fcyeleri, partilerinin iktidar yolunda \u00f6nemli bir ad\u0131m ataca\u011f\u0131 bu s\u00fcre\u00e7te, s\u00fcrecin \u015feffaf ve demokratik bir \u015fekilde i\u015fleyece\u011fini vurguluyor.\u00a0 \u200bCumhuriyet Halk Partisi (CHP), 23 Mart 2025 tarihinde cumhurba\u015fkan\u0131 aday\u0131n\u0131 belirlemek amac\u0131yla \u00f6n se\u00e7im yapacak. Antalya ba\u015fta olmak \u00fczere T\u00fcrkiye&#8217;nin d\u00f6rt bir yan\u0131ndaki CHP milletvekilleri, sosyal medya hesaplar\u0131ndan \u00e7a\u011fr\u0131da bulunarak, &#8220;\u0130ktidar yolculu\u011fumuz ba\u015fl\u0131yor, Cumhurba\u015fkan\u0131 aday\u0131m\u0131z\u0131 gel, se\u00e7, tarihe ge\u00e7!&#8221; ifadelerini payla\u015ft\u0131.\u00a0 \u200bHaberin Al\u0131nt\u0131land\u0131\u011f\u0131 Kaynak: www.antalyakorfez.com"}