{"version":"1.0","provider_name":"Av. Deniz Can K\u0131z\u0131l","provider_url":"http:\/\/denizcankizil.tr\/de","author_name":"Antalya K\u00f6rfez","author_url":"http:\/\/denizcankizil.tr\/de\/author\/www-antalyakorfez-com\/","title":"Cem Kotan uyarm\u0131\u015ft\u0131! Antalya\u2019da g\u00f6zalt\u0131lar ba\u015flad\u0131","type":"rich","width":600,"height":338,"html":"<blockquote class=\"wp-embedded-content\" data-secret=\"IdhrcVZIy3\"><a href=\"http:\/\/denizcankizil.tr\/de\/haberler\/gundem\/cem-kotan-uyarmisti-antalyada-gozaltilar-basladi\/\">Cem Kotan uyarm\u0131\u015ft\u0131! Antalya\u2019da g\u00f6zalt\u0131lar ba\u015flad\u0131<\/a><\/blockquote><iframe sandbox=\"allow-scripts\" security=\"restricted\" src=\"http:\/\/denizcankizil.tr\/de\/haberler\/gundem\/cem-kotan-uyarmisti-antalyada-gozaltilar-basladi\/embed\/#?secret=IdhrcVZIy3\" width=\"600\" height=\"338\" title=\"&#8222;Cem Kotan uyarm\u0131\u015ft\u0131! Antalya\u2019da g\u00f6zalt\u0131lar ba\u015flad\u0131&#8220; &#8211; Av. Deniz Can K\u0131z\u0131l\" data-secret=\"IdhrcVZIy3\" frameborder=\"0\" marginwidth=\"0\" marginheight=\"0\" scrolling=\"no\" class=\"wp-embedded-content\"><\/iframe><script>\n\/*! This file is auto-generated *\/\n!function(d,l){\"use strict\";l.querySelector&&d.addEventListener&&\"undefined\"!=typeof URL&&(d.wp=d.wp||{},d.wp.receiveEmbedMessage||(d.wp.receiveEmbedMessage=function(e){var t=e.data;if((t||t.secret||t.message||t.value)&&!\/[^a-zA-Z0-9]\/.test(t.secret)){for(var s,r,n,a=l.querySelectorAll('iframe[data-secret=\"'+t.secret+'\"]'),o=l.querySelectorAll('blockquote[data-secret=\"'+t.secret+'\"]'),c=new RegExp(\"^https?:$\",\"i\"),i=0;i<o.length;i++)o[i].style.display=\"none\";for(i=0;i<a.length;i++)s=a[i],e.source===s.contentWindow&&(s.removeAttribute(\"style\"),\"height\"===t.message?(1e3<(r=parseInt(t.value,10))?r=1e3:~~r<200&&(r=200),s.height=r):\"link\"===t.message&&(r=new URL(s.getAttribute(\"src\")),n=new URL(t.value),c.test(n.protocol))&&n.host===r.host&&l.activeElement===s&&(d.top.location.href=t.value))}},d.addEventListener(\"message\",d.wp.receiveEmbedMessage,!1),l.addEventListener(\"DOMContentLoaded\",function(){for(var e,t,s=l.querySelectorAll(\"iframe.wp-embedded-content\"),r=0;r<s.length;r++)(t=(e=s[r]).getAttribute(\"data-secret\"))||(t=Math.random().toString(36).substring(2,12),e.src+=\"#?secret=\"+t,e.setAttribute(\"data-secret\",t)),e.contentWindow.postMessage({message:\"ready\",secret:t},\"*\")},!1)))}(window,document);\n\/\/# sourceURL=http:\/\/denizcankizil.tr\/wp-includes\/js\/wp-embed.min.js\n<\/script>","description":"Antalya Konyaalt\u0131 Belediye Ba\u015fkan\u0131 Cem Kotan, ge\u00e7ti\u011fimiz g\u00fcn (3 Temmuz 2025 Per\u015fembe g\u00fcn\u00fc) kat\u0131ld\u0131\u011f\u0131 televizyon program\u0131nda \u00f6nemli a\u00e7\u0131klamalarda bulunmu\u015ftu. Ba\u015fkan Kotan, \u201cCumhuriyet Halk Partisi\u2019nin b\u00fct\u00fcn ba\u015fkanlar\u0131 tehdit alt\u0131nda! Her sabah kap\u0131m\u0131z\u0131 t\u0131klat\u0131p, \u2018Sizleri emniyete davet ediyoruz\u2019 c\u00fcmlesi ile kar\u0131\u015f\u0131labiliriz\u201d demi\u015fti. Kotan\u2019\u0131n bu s\u00f6zleri \u00fczerine bug\u00fcn \u00f6\u011fle saatlerinde Manavgat Belediyesi\u2019ne operasyon ger\u00e7ekle\u015ftirildi. MANAVGAT BELED\u0130YES\u0130\u2019NE OPERASYON Antalya \u0130l Emniyet M\u00fcd\u00fcrl\u00fc\u011f\u00fc Ka\u00e7ak\u00e7\u0131l\u0131k ve Organize Su\u00e7larla M\u00fccadele \u015eube M\u00fcd\u00fcrl\u00fc\u011f\u00fc\u2019n\u00fcn koordinasyonunda Manavgat Belediyesi\u2019ne operasyon ger\u00e7ekle\u015ftirildi. \u00c7ok say\u0131da ki\u015finin g\u00f6zalt\u0131na al\u0131nd\u0131\u011f\u0131 bilgisi geldi. Edinilen bilgiye g\u00f6re; d\u00fcn gece Ankara&#8217;dan d\u00f6nen Manavgat Belediye Ba\u015fkan\u0131 Niyazi Nefi Kara g\u00f6zalt\u0131na al\u0131nd\u0131. Bunun yan\u0131 s\u0131ra bir ba\u015fkan yard\u0131mc\u0131s\u0131n\u0131n al\u0131nd\u0131\u011f\u0131 ileri s\u00fcr\u00fcld\u00fc. BA\u015eKAN N\u0130YAZ\u0130 NEF\u0130 KARA G\u00d6ZALTINA ALINDI Operasyonda g\u00f6zalt\u0131na al\u0131nan ki\u015filerin KOM \u015eube M\u00fcd\u00fcrl\u00fc\u011f\u00fcne g\u00f6t\u00fcr\u00fcld\u00fc\u011f\u00fc \u00f6\u011frenildi. Operasyonda Belediye Ba\u015fkan\u0131 Niyazi Nefi Kara ba\u015fta olmak \u00fczere \u00d6zel Kalem M\u00fcd\u00fcr\u00fc B.\u015e, Yap\u0131 Kontrol M\u00fcd\u00fcr\u00fc H.K, \u0130mar M\u00fcd\u00fcr\u00fc M.K, \u0130mardan Sorumlu Ba\u015fkan Yard\u0131mc\u0131s\u0131 S.C. ve G.\u00d6 ekipler taraf\u0131ndan al\u0131narak ifade i\u00e7in merkeze g\u00f6t\u00fcr\u00fcld\u00fc. CEM KOTAN NE DEM\u0130\u015eT\u0130? [related-posts id=&#8221;18104931&#8243; color=&#8221;bg-danger&#8221;][\/related-posts] Cem Kotan ge\u00e7ti\u011fimiz g\u00fcn kat\u0131ld\u0131\u011f\u0131 televizyon program\u0131nda, \u201cKendimi halka emanet ettim&#8221; s\u00f6z\u00fc pek \u00e7ok ki\u015fi taraf\u0131ndan farkl\u0131 \u015fekilde yorumland\u0131. CHP\u2019li her ba\u015fkan\u0131n bir g\u00fcn g\u00f6zalt\u0131na al\u0131nma tehlikesi alt\u0131nda oldu\u011funu ama bu s\u00f6z\u00fc onu kastederek s\u00f6ylemedi\u011fini belirten Kotan, \u201cCumhuriyet Halk Partisi\u2019nin b\u00fct\u00fcn ba\u015fkanlar\u0131 tehdit &hellip;"}