{"version":"1.0","provider_name":"Av. Deniz Can K\u0131z\u0131l","provider_url":"http:\/\/denizcankizil.tr\/de","author_name":"admin","author_url":"http:\/\/denizcankizil.tr\/de\/author\/admin\/","title":"\u00c7al\u0131k: \u00d6nceli\u011fimiz bu kenti gelece\u011fe haz\u0131rlamak","type":"rich","width":600,"height":338,"html":"<blockquote class=\"wp-embedded-content\" data-secret=\"ZqJzzlaZNb\"><a href=\"http:\/\/denizcankizil.tr\/de\/haberler\/gundem\/calik-onceligimiz-bu-kenti-gelecege-hazirlamak\/\">\u00c7al\u0131k: \u00d6nceli\u011fimiz bu kenti gelece\u011fe haz\u0131rlamak<\/a><\/blockquote><iframe sandbox=\"allow-scripts\" security=\"restricted\" src=\"http:\/\/denizcankizil.tr\/de\/haberler\/gundem\/calik-onceligimiz-bu-kenti-gelecege-hazirlamak\/embed\/#?secret=ZqJzzlaZNb\" width=\"600\" height=\"338\" title=\"&#8222;\u00c7al\u0131k: \u00d6nceli\u011fimiz bu kenti gelece\u011fe haz\u0131rlamak&#8220; &#8211; Av. Deniz Can K\u0131z\u0131l\" data-secret=\"ZqJzzlaZNb\" frameborder=\"0\" marginwidth=\"0\" marginheight=\"0\" scrolling=\"no\" class=\"wp-embedded-content\"><\/iframe><script>\n\/*! This file is auto-generated *\/\n!function(d,l){\"use strict\";l.querySelector&&d.addEventListener&&\"undefined\"!=typeof URL&&(d.wp=d.wp||{},d.wp.receiveEmbedMessage||(d.wp.receiveEmbedMessage=function(e){var t=e.data;if((t||t.secret||t.message||t.value)&&!\/[^a-zA-Z0-9]\/.test(t.secret)){for(var s,r,n,a=l.querySelectorAll('iframe[data-secret=\"'+t.secret+'\"]'),o=l.querySelectorAll('blockquote[data-secret=\"'+t.secret+'\"]'),c=new RegExp(\"^https?:$\",\"i\"),i=0;i<o.length;i++)o[i].style.display=\"none\";for(i=0;i<a.length;i++)s=a[i],e.source===s.contentWindow&&(s.removeAttribute(\"style\"),\"height\"===t.message?(1e3<(r=parseInt(t.value,10))?r=1e3:~~r<200&&(r=200),s.height=r):\"link\"===t.message&&(r=new URL(s.getAttribute(\"src\")),n=new URL(t.value),c.test(n.protocol))&&n.host===r.host&&l.activeElement===s&&(d.top.location.href=t.value))}},d.addEventListener(\"message\",d.wp.receiveEmbedMessage,!1),l.addEventListener(\"DOMContentLoaded\",function(){for(var e,t,s=l.querySelectorAll(\"iframe.wp-embedded-content\"),r=0;r<s.length;r++)(t=(e=s[r]).getAttribute(\"data-secret\"))||(t=Math.random().toString(36).substring(2,12),e.src+=\"#?secret=\"+t,e.setAttribute(\"data-secret\",t)),e.contentWindow.postMessage({message:\"ready\",secret:t},\"*\")},!1)))}(window,document);\n\/\/# sourceURL=http:\/\/denizcankizil.tr\/wp-includes\/js\/wp-embed.min.js\n<\/script>","description":"2025 y\u0131l\u0131n\u0131n Beylikd\u00fcz\u00fc\u2019ne bar\u0131\u015f, huzur ve mutluluk getirmesini temenni eden Ba\u015fkan \u00c7al\u0131k, 2025 y\u0131l\u0131nda da kararl\u0131 bir \u015fekilde sosyal adalet ve e\u015fitlik ilkeleri do\u011frultusunda \u00e7al\u0131\u015fmaya devam edeceklerini belirtti. E\u011fitime, sa\u011fl\u0131\u011fa, bilime, sanata ve spora destek olmay\u0131 s\u00fcrd\u00fcreceklerini de vurgulayan Ba\u015fkan \u00c7al\u0131k \u201cBeylikd\u00fcz\u00fc Belediyesi olarak \u00e7ocuklar, gen\u00e7ler, kad\u0131nlar, ya\u015fl\u0131lar ve engelliler i\u00e7in durmadan, yorulmadan \u00f6n\u00fcm\u00fcze konan hi\u00e7bir engele tak\u0131lmadan \u00e7al\u0131\u015fmaya, hizmet etmeye devam edece\u011fiz\u201d dedi.\u0130STANBUL (\u0130GFA) &#8211; Beylikd\u00fcz\u00fc Belediyesi Ocak Ay\u0131 Meclis Toplant\u0131s\u0131, Belediye Meclis Salonu\u2019nda ger\u00e7ekle\u015fti. A\u00e7\u0131l\u0131\u015f konu\u015fmas\u0131na Aral\u0131k ay\u0131nda \u015fehit olan askerleri rahmet ve minnetle anarak ba\u015flayan Beylikd\u00fcz\u00fc Belediye Ba\u015fkan\u0131 Mehmet Murat \u00c7al\u0131k 2024 y\u0131l\u0131n\u0131n Beylikd\u00fcz\u00fc i\u00e7in bir d\u00f6n\u00fcm noktas\u0131 oldu\u011funu vurgulayarak, \u201cHalk\u0131m\u0131z\u0131n en \u00e7ok ihtiya\u00e7 duydu\u011fu sosyal belediyecili\u011fi bir ad\u0131m \u00f6teye ta\u015f\u0131yarak s\u00fcrd\u00fcr\u00fclebilir belediyecilik d\u00f6nemini Beylikd\u00fcz\u00fc\u2019nde ba\u015flatt\u0131k ve bunu cesaretle yapt\u0131k. E\u015fitsizliklerle m\u00fccadele etmek, kaynaklar\u0131 adil da\u011f\u0131tmak ve gelece\u011fi d\u00fc\u015f\u00fcnerek kal\u0131c\u0131 \u00e7\u00f6z\u00fcmler \u00fcretmek cesaret ister. Biz bu cesareti ortaya koyarak hizmet etmeye devam ettik\u201d ifadelerini kulland\u0131. Meclis grup s\u00f6zc\u00fclerinin g\u00fcndem d\u0131\u015f\u0131 s\u00f6z alarak Ocak ay\u0131 i\u00e7erisinde ger\u00e7ekle\u015fecek \u00f6nemli g\u00fcnlere de\u011findi\u011fi oturumda ayr\u0131ca; \u00d6nder Serkan \u00c7ebi, S\u00fcreyya G\u00f6kta\u015f, Aytekin Duri\u00e7, ve Dilaver Arvas Denetim Komisyonuna se\u00e7ildi. \u00a0\u201cBeylikd\u00fcz\u00fc\u2019nde bir yol \u00e7izdik\u201d Ba\u015fkan \u00c7al\u0131k meclis konu\u015fmas\u0131nda, ekonomik s\u0131k\u0131nt\u0131lar ve toplumsal sorunlara da vurgu yaparak, 2024 y\u0131l\u0131nda kad\u0131n cinayetleri ve \u00e7ocuk \u00f6l\u00fcmlerine &hellip;"}