{"version":"1.0","provider_name":"Av. Deniz Can K\u0131z\u0131l","provider_url":"http:\/\/denizcankizil.tr\/de","author_name":"admin","author_url":"http:\/\/denizcankizil.tr\/de\/author\/admin\/","title":"B\u00fcy\u00fck\u015fehir\u2019den Halkevi\u2019ne anlaml\u0131 g\u00fcnde anlaml\u0131 a\u00e7\u0131l\u0131\u015f","type":"rich","width":600,"height":338,"html":"<blockquote class=\"wp-embedded-content\" data-secret=\"AZf9eml9XR\"><a href=\"http:\/\/denizcankizil.tr\/de\/haberler\/gundem\/buyuksehirden-halkevine-anlamli-gunde-anlamli-acilis\/\">B\u00fcy\u00fck\u015fehir\u2019den Halkevi\u2019ne anlaml\u0131 g\u00fcnde anlaml\u0131 a\u00e7\u0131l\u0131\u015f<\/a><\/blockquote><iframe sandbox=\"allow-scripts\" security=\"restricted\" src=\"http:\/\/denizcankizil.tr\/de\/haberler\/gundem\/buyuksehirden-halkevine-anlamli-gunde-anlamli-acilis\/embed\/#?secret=AZf9eml9XR\" width=\"600\" height=\"338\" title=\"&#8222;B\u00fcy\u00fck\u015fehir\u2019den Halkevi\u2019ne anlaml\u0131 g\u00fcnde anlaml\u0131 a\u00e7\u0131l\u0131\u015f&#8220; &#8211; Av. Deniz Can K\u0131z\u0131l\" data-secret=\"AZf9eml9XR\" frameborder=\"0\" marginwidth=\"0\" marginheight=\"0\" scrolling=\"no\" class=\"wp-embedded-content\"><\/iframe><script>\n\/*! This file is auto-generated *\/\n!function(d,l){\"use strict\";l.querySelector&&d.addEventListener&&\"undefined\"!=typeof URL&&(d.wp=d.wp||{},d.wp.receiveEmbedMessage||(d.wp.receiveEmbedMessage=function(e){var t=e.data;if((t||t.secret||t.message||t.value)&&!\/[^a-zA-Z0-9]\/.test(t.secret)){for(var s,r,n,a=l.querySelectorAll('iframe[data-secret=\"'+t.secret+'\"]'),o=l.querySelectorAll('blockquote[data-secret=\"'+t.secret+'\"]'),c=new RegExp(\"^https?:$\",\"i\"),i=0;i<o.length;i++)o[i].style.display=\"none\";for(i=0;i<a.length;i++)s=a[i],e.source===s.contentWindow&&(s.removeAttribute(\"style\"),\"height\"===t.message?(1e3<(r=parseInt(t.value,10))?r=1e3:~~r<200&&(r=200),s.height=r):\"link\"===t.message&&(r=new URL(s.getAttribute(\"src\")),n=new URL(t.value),c.test(n.protocol))&&n.host===r.host&&l.activeElement===s&&(d.top.location.href=t.value))}},d.addEventListener(\"message\",d.wp.receiveEmbedMessage,!1),l.addEventListener(\"DOMContentLoaded\",function(){for(var e,t,s=l.querySelectorAll(\"iframe.wp-embedded-content\"),r=0;r<s.length;r++)(t=(e=s[r]).getAttribute(\"data-secret\"))||(t=Math.random().toString(36).substring(2,12),e.src+=\"#?secret=\"+t,e.setAttribute(\"data-secret\",t)),e.contentWindow.postMessage({message:\"ready\",secret:t},\"*\")},!1)))}(window,document);\n\/\/# sourceURL=http:\/\/denizcankizil.tr\/wp-includes\/js\/wp-embed.min.js\n<\/script>","description":"Halkevi Gen\u00e7lik Merkezi i\u00e7erisinde bulunan k\u00fct\u00fcphaneye Atat\u00fcrk\u2019\u00fcn annesi Z\u00fcbeyde Han\u0131m\u2019\u0131n ismini veren Kocaeli B\u00fcy\u00fck\u015fehir, a\u00e7\u0131l\u0131\u015f\u0131 da Z\u00fcbeyde Han\u0131m\u2019\u0131n \u00f6l\u00fcm y\u0131l d\u00f6n\u00fcm\u00fc olan 14 Ocak\u2019ta yapacak \u200bHalkevi Gen\u00e7lik Merkezi i\u00e7erisinde bulunan k\u00fct\u00fcphaneye Atat\u00fcrk\u2019\u00fcn annesi Z\u00fcbeyde Han\u0131m\u2019\u0131n ismini veren Kocaeli B\u00fcy\u00fck\u015fehir, a\u00e7\u0131l\u0131\u015f\u0131 da Z\u00fcbeyde Han\u0131m\u2019\u0131n \u00f6l\u00fcm y\u0131l d\u00f6n\u00fcm\u00fc olan 14 Ocak\u2019ta yapacak\u00a0 \u200bHaberin Al\u0131nt\u0131land\u0131\u011f\u0131 Kaynak: www.iskenderun.org"}