{"version":"1.0","provider_name":"Av. Deniz Can K\u0131z\u0131l","provider_url":"http:\/\/denizcankizil.tr\/de","author_name":"admin","author_url":"http:\/\/denizcankizil.tr\/de\/author\/admin\/","title":"Bursa'da bir fabrikan\u0131n dev kapasite art\u0131\u015f\u0131na iptal!","type":"rich","width":600,"height":338,"html":"<blockquote class=\"wp-embedded-content\" data-secret=\"mzQfSSMKMd\"><a href=\"http:\/\/denizcankizil.tr\/de\/haberler\/gundem\/bursada-bir-fabrikanin-dev-kapasite-artisina-iptal\/\">Bursa&#8217;da bir fabrikan\u0131n dev kapasite art\u0131\u015f\u0131na iptal!<\/a><\/blockquote><iframe sandbox=\"allow-scripts\" security=\"restricted\" src=\"http:\/\/denizcankizil.tr\/de\/haberler\/gundem\/bursada-bir-fabrikanin-dev-kapasite-artisina-iptal\/embed\/#?secret=mzQfSSMKMd\" width=\"600\" height=\"338\" title=\"&#8222;Bursa&#8217;da bir fabrikan\u0131n dev kapasite art\u0131\u015f\u0131na iptal!&#8220; &#8211; Av. Deniz Can K\u0131z\u0131l\" data-secret=\"mzQfSSMKMd\" frameborder=\"0\" marginwidth=\"0\" marginheight=\"0\" scrolling=\"no\" class=\"wp-embedded-content\"><\/iframe><script>\n\/*! This file is auto-generated *\/\n!function(d,l){\"use strict\";l.querySelector&&d.addEventListener&&\"undefined\"!=typeof URL&&(d.wp=d.wp||{},d.wp.receiveEmbedMessage||(d.wp.receiveEmbedMessage=function(e){var t=e.data;if((t||t.secret||t.message||t.value)&&!\/[^a-zA-Z0-9]\/.test(t.secret)){for(var s,r,n,a=l.querySelectorAll('iframe[data-secret=\"'+t.secret+'\"]'),o=l.querySelectorAll('blockquote[data-secret=\"'+t.secret+'\"]'),c=new RegExp(\"^https?:$\",\"i\"),i=0;i<o.length;i++)o[i].style.display=\"none\";for(i=0;i<a.length;i++)s=a[i],e.source===s.contentWindow&&(s.removeAttribute(\"style\"),\"height\"===t.message?(1e3<(r=parseInt(t.value,10))?r=1e3:~~r<200&&(r=200),s.height=r):\"link\"===t.message&&(r=new URL(s.getAttribute(\"src\")),n=new URL(t.value),c.test(n.protocol))&&n.host===r.host&&l.activeElement===s&&(d.top.location.href=t.value))}},d.addEventListener(\"message\",d.wp.receiveEmbedMessage,!1),l.addEventListener(\"DOMContentLoaded\",function(){for(var e,t,s=l.querySelectorAll(\"iframe.wp-embedded-content\"),r=0;r<s.length;r++)(t=(e=s[r]).getAttribute(\"data-secret\"))||(t=Math.random().toString(36).substring(2,12),e.src+=\"#?secret=\"+t,e.setAttribute(\"data-secret\",t)),e.contentWindow.postMessage({message:\"ready\",secret:t},\"*\")},!1)))}(window,document);\n\/\/# sourceURL=http:\/\/denizcankizil.tr\/wp-includes\/js\/wp-embed.min.js\n<\/script>","description":"Bursa Gemlik Kent Konseyi \u00f6nc\u00fcl\u00fc\u011f\u00fcnde ba\u015flat\u0131lan ve Bursa Kent Konseyi, Bursa Kent Konseyi \u00c7evre Meclisi, DO\u011eADER, MAG-DER ile bir\u00e7ok sivil toplum kurulu\u015funun destek verdi\u011fi, Marmara Kimya Sanayi firmas\u0131n\u0131n y\u00fczde 350 oran\u0131ndaki kapasite art\u0131\u015f\u0131na ili\u015fkin itiraz s\u00fcrecinde \u00f6nemli bir geli\u015fme ya\u015fand\u0131.Mahkemeye sunulan bilirki\u015fi raporunda, projenin durdurulmas\u0131 ve \u00c7ED (\u00c7evresel Etki De\u011ferlendirmesi) raporu al\u0131nmas\u0131 gerekti\u011fi belirtildi. \u201cKONUNUN SONUNA KADAR TAK\u0130P\u00c7\u0130S\u0130 OLMAYA DEVAM EDECE\u011e\u0130Z\u201d Konuya ili\u015fkin a\u00e7\u0131klama yapan Gemlik Kent Konseyi Ba\u015fkan\u0131 Sedat Akku\u015f, \u015f\u00f6yle konu\u015ftu: \u201cMahkemeye sunulan, bilirki\u015filer taraf\u0131ndan haz\u0131rlanan 75 sayfal\u0131k rapor elimize ula\u015ft\u0131. \u0130nceledi\u011fimizde g\u00f6rd\u00fck ki proje, anlat\u0131ld\u0131\u011f\u0131 kadar masum de\u011filmi\u015f; \u00e7ekincelerimizde hakl\u0131 oldu\u011fumuz ortaya \u00e7\u0131kt\u0131. Do\u011fam\u0131z\u0131n bu kadar hoyrat\u00e7a talan edildi\u011fi, Gemlik K\u00f6rfezi\u2019nin m\u00fcsilajla bo\u011fu\u015ftu\u011fu bug\u00fcnlerde, m\u00fccadelemizde bizleri yaln\u0131z b\u0131rakmayan ba\u015fta Gemlik halk\u0131na, Gemlik Belediyesi\u2019ne, Bursa Kent Konseyi\u2019ne, Bursa Kent Konseyi \u00c7evre Meclisi\u2019ne, DO\u011eADER\u2019e, MAG-DER\u2019e, Gemlik su \u00fcr\u00fcnleri kooperatifine, Kumla kay\u0131k\u00e7\u0131lar derne\u011fine, akademik odalara, siyasi partilere ve t\u00fcm sivil toplum kurulu\u015flar\u0131na te\u015fekk\u00fcr ederiz. Halk\u0131 bilgilendirme toplant\u0131s\u0131yla ba\u015flad\u0131\u011f\u0131m\u0131z, imza kampanyas\u0131yla devam ettirdi\u011fimiz ve \u00c7evre, \u015eehircilik ve \u0130klim De\u011fi\u015fikli\u011fi \u0130l M\u00fcd\u00fcrl\u00fc\u011f\u00fc \u00f6n\u00fcnde yapt\u0131\u011f\u0131m\u0131z bas\u0131n a\u00e7\u0131klamas\u0131yla b\u00fcy\u00fctt\u00fc\u011f\u00fcm\u00fcz bu hakl\u0131 m\u00fccadelemiz s\u00fcrecek. Gemlik halk\u0131 ad\u0131na konunun sonuna kadar takip\u00e7isi olaca\u011f\u0131z.\u201d \u200bBursa Gemlik Kent Konseyi \u00f6nc\u00fcl\u00fc\u011f\u00fcnde ba\u015flat\u0131lan ve Bursa Kent Konseyi, Bursa Kent Konseyi \u00c7evre Meclisi, DO\u011eADER, MAG-DER ile bir\u00e7ok sivil toplum kurulu\u015funun destek &hellip;"}