{"version":"1.0","provider_name":"Av. Deniz Can K\u0131z\u0131l","provider_url":"http:\/\/denizcankizil.tr\/de","author_name":"admin","author_url":"http:\/\/denizcankizil.tr\/de\/author\/admin\/","title":"Bursa Valili\u011fi\u2019nden s\u0131cakl\u0131k uyar\u0131s\u0131!","type":"rich","width":600,"height":338,"html":"<blockquote class=\"wp-embedded-content\" data-secret=\"vJyVnmq7Lr\"><a href=\"http:\/\/denizcankizil.tr\/de\/haberler\/gundem\/bursa-valiliginden-sicaklik-uyarisi\/\">Bursa Valili\u011fi\u2019nden s\u0131cakl\u0131k uyar\u0131s\u0131!<\/a><\/blockquote><iframe sandbox=\"allow-scripts\" security=\"restricted\" src=\"http:\/\/denizcankizil.tr\/de\/haberler\/gundem\/bursa-valiliginden-sicaklik-uyarisi\/embed\/#?secret=vJyVnmq7Lr\" width=\"600\" height=\"338\" title=\"&#8222;Bursa Valili\u011fi\u2019nden s\u0131cakl\u0131k uyar\u0131s\u0131!&#8220; &#8211; Av. Deniz Can K\u0131z\u0131l\" data-secret=\"vJyVnmq7Lr\" frameborder=\"0\" marginwidth=\"0\" marginheight=\"0\" scrolling=\"no\" class=\"wp-embedded-content\"><\/iframe><script>\n\/*! This file is auto-generated *\/\n!function(d,l){\"use strict\";l.querySelector&&d.addEventListener&&\"undefined\"!=typeof URL&&(d.wp=d.wp||{},d.wp.receiveEmbedMessage||(d.wp.receiveEmbedMessage=function(e){var t=e.data;if((t||t.secret||t.message||t.value)&&!\/[^a-zA-Z0-9]\/.test(t.secret)){for(var s,r,n,a=l.querySelectorAll('iframe[data-secret=\"'+t.secret+'\"]'),o=l.querySelectorAll('blockquote[data-secret=\"'+t.secret+'\"]'),c=new RegExp(\"^https?:$\",\"i\"),i=0;i<o.length;i++)o[i].style.display=\"none\";for(i=0;i<a.length;i++)s=a[i],e.source===s.contentWindow&&(s.removeAttribute(\"style\"),\"height\"===t.message?(1e3<(r=parseInt(t.value,10))?r=1e3:~~r<200&&(r=200),s.height=r):\"link\"===t.message&&(r=new URL(s.getAttribute(\"src\")),n=new URL(t.value),c.test(n.protocol))&&n.host===r.host&&l.activeElement===s&&(d.top.location.href=t.value))}},d.addEventListener(\"message\",d.wp.receiveEmbedMessage,!1),l.addEventListener(\"DOMContentLoaded\",function(){for(var e,t,s=l.querySelectorAll(\"iframe.wp-embedded-content\"),r=0;r<s.length;r++)(t=(e=s[r]).getAttribute(\"data-secret\"))||(t=Math.random().toString(36).substring(2,12),e.src+=\"#?secret=\"+t,e.setAttribute(\"data-secret\",t)),e.contentWindow.postMessage({message:\"ready\",secret:t},\"*\")},!1)))}(window,document);\n\/\/# sourceURL=http:\/\/denizcankizil.tr\/wp-includes\/js\/wp-embed.min.js\n<\/script>","description":"Bursa Valili\u011fi, 5 Temmuz\u2019dan itibaren hava s\u0131cakl\u0131klar\u0131n\u0131n mevsim normallerinin 6-8 derece \u00fczerine \u00e7\u0131kaca\u011f\u0131n\u0131 duyurdu, vatanda\u015flara 11.00-16.00 saatleri aras\u0131nda dikkatli olmalar\u0131 \u00e7a\u011fr\u0131s\u0131 yapt\u0131.BURSA (\u0130GFA) &#8211; Bursa Valili\u011fi, Meteoroloji Genel M\u00fcd\u00fcrl\u00fc\u011f\u00fc\u2019n\u00fcn verilerine dayanarak, 5 Temmuz 2025 Cumartesi g\u00fcn\u00fcnden itibaren il genelinde hava s\u0131cakl\u0131klar\u0131n\u0131n hissedilir derecede artaca\u011f\u0131n\u0131 a\u00e7\u0131klad\u0131. S\u0131cakl\u0131klar\u0131n mevsim normallerinin 6 ila 8 derece \u00fczerine \u00e7\u0131kmas\u0131 bekleniyor.Valilik taraf\u0131ndan yap\u0131lan sosyal medya payla\u015f\u0131m\u0131nda, \u201cY\u00fcksek s\u0131cakl\u0131klar nedeniyle kronik rahats\u0131zl\u0131\u011f\u0131 olanlar, ya\u015fl\u0131lar ve \u00e7ocuklar ba\u015fta olmak \u00fczere vatanda\u015flar\u0131m\u0131z\u0131n g\u00fcn\u00fcn en s\u0131cak saatleri olan 11.00 ile 16.00 aras\u0131nda a\u00e7\u0131k alanda bulunmamalar\u0131 hususunda dikkatli ve tedbirli olmalar\u0131 \u00f6nem arz etmektedir\u201d denildi. Uyar\u0131, 5 Temmuz 2025 saat 10.00\u2019dan 9 Temmuz 2025 saat 18.00\u2019e kadar ge\u00e7erli olacak. \u200bBursa Valili\u011fi, 5 Temmuz\u2019dan itibaren hava s\u0131cakl\u0131klar\u0131n\u0131n mevsim normallerinin 6-8 derece \u00fczerine \u00e7\u0131kaca\u011f\u0131n\u0131 duyurdu, vatanda\u015flara 11.00-16.00 saatleri aras\u0131nda dikkatli olmalar\u0131 \u00e7a\u011fr\u0131s\u0131 yapt\u0131.BURSA (\u0130GFA) &#8211; Bursa Valili\u011fi, Meteoroloji Genel M\u00fcd\u00fcrl\u00fc\u011f\u00fc\u2019n\u00fcn verilerine dayanarak, 5 Temmuz 2025 Cumartesi g\u00fcn\u00fcnden itibaren il genelinde hava s\u0131cakl\u0131klar\u0131n\u0131n hissedilir derecede artaca\u011f\u0131n\u0131 a\u00e7\u0131klad\u0131. S\u0131cakl\u0131klar\u0131n mevsim normallerinin 6 ila 8 derece \u00fczerine \u00e7\u0131kmas\u0131 bekleniyor.Valilik taraf\u0131ndan yap\u0131lan sosyal medya payla\u015f\u0131m\u0131nda, \u201cY\u00fcksek s\u0131cakl\u0131klar nedeniyle kronik rahats\u0131zl\u0131\u011f\u0131 olanlar, ya\u015fl\u0131lar ve \u00e7ocuklar ba\u015fta olmak \u00fczere vatanda\u015flar\u0131m\u0131z\u0131n g\u00fcn\u00fcn en s\u0131cak saatleri olan 11.00 ile 16.00 aras\u0131nda a\u00e7\u0131k alanda bulunmamalar\u0131 hususunda dikkatli ve tedbirli olmalar\u0131 \u00f6nem arz &hellip;"}