{"version":"1.0","provider_name":"Av. Deniz Can K\u0131z\u0131l","provider_url":"http:\/\/denizcankizil.tr\/de","author_name":"admin","author_url":"http:\/\/denizcankizil.tr\/de\/author\/admin\/","title":"Belenli ikinci y\u0131l\u0131nda 6 \u015eubat yeniden hissetti!","type":"rich","width":600,"height":338,"html":"<blockquote class=\"wp-embedded-content\" data-secret=\"A412SOdGDp\"><a href=\"http:\/\/denizcankizil.tr\/de\/haberler\/gundem\/belenli-ikinci-yilinda-6-subat-yeniden-hissetti\/\">Belenli ikinci y\u0131l\u0131nda 6 \u015eubat yeniden hissetti!<\/a><\/blockquote><iframe sandbox=\"allow-scripts\" security=\"restricted\" src=\"http:\/\/denizcankizil.tr\/de\/haberler\/gundem\/belenli-ikinci-yilinda-6-subat-yeniden-hissetti\/embed\/#?secret=A412SOdGDp\" width=\"600\" height=\"338\" title=\"&#8222;Belenli ikinci y\u0131l\u0131nda 6 \u015eubat yeniden hissetti!&#8220; &#8211; Av. Deniz Can K\u0131z\u0131l\" data-secret=\"A412SOdGDp\" frameborder=\"0\" marginwidth=\"0\" marginheight=\"0\" scrolling=\"no\" class=\"wp-embedded-content\"><\/iframe><script>\n\/*! This file is auto-generated *\/\n!function(d,l){\"use strict\";l.querySelector&&d.addEventListener&&\"undefined\"!=typeof URL&&(d.wp=d.wp||{},d.wp.receiveEmbedMessage||(d.wp.receiveEmbedMessage=function(e){var t=e.data;if((t||t.secret||t.message||t.value)&&!\/[^a-zA-Z0-9]\/.test(t.secret)){for(var s,r,n,a=l.querySelectorAll('iframe[data-secret=\"'+t.secret+'\"]'),o=l.querySelectorAll('blockquote[data-secret=\"'+t.secret+'\"]'),c=new RegExp(\"^https?:$\",\"i\"),i=0;i<o.length;i++)o[i].style.display=\"none\";for(i=0;i<a.length;i++)s=a[i],e.source===s.contentWindow&&(s.removeAttribute(\"style\"),\"height\"===t.message?(1e3<(r=parseInt(t.value,10))?r=1e3:~~r<200&&(r=200),s.height=r):\"link\"===t.message&&(r=new URL(s.getAttribute(\"src\")),n=new URL(t.value),c.test(n.protocol))&&n.host===r.host&&l.activeElement===s&&(d.top.location.href=t.value))}},d.addEventListener(\"message\",d.wp.receiveEmbedMessage,!1),l.addEventListener(\"DOMContentLoaded\",function(){for(var e,t,s=l.querySelectorAll(\"iframe.wp-embedded-content\"),r=0;r<s.length;r++)(t=(e=s[r]).getAttribute(\"data-secret\"))||(t=Math.random().toString(36).substring(2,12),e.src+=\"#?secret=\"+t,e.setAttribute(\"data-secret\",t)),e.contentWindow.postMessage({message:\"ready\",secret:t},\"*\")},!1)))}(window,document);\n\/\/# sourceURL=http:\/\/denizcankizil.tr\/wp-includes\/js\/wp-embed.min.js\n<\/script>","description":"Program kapsam\u0131nda anma y\u00fcr\u00fcy\u00fc\u015f\u00fc, Kur\u2019an-\u0131 Kerim tilaveti, depremde hayat\u0131n\u0131 kaybedenlerin mezarlar\u0131na ziyaret, sabah namaz\u0131 ve dualar ger\u00e7ekle\u015ftirildi. \u201cACILARIN \u00dcSS\u00dc HATAY OLDU\u201d Belen Belediye Ba\u015fkan\u0131 \u0130brahim G\u00fcl, anma program\u0131nda yapt\u0131\u011f\u0131 konu\u015fmada, depremin \u00fczerinden iki y\u0131l ge\u00e7mesine ra\u011fmen ac\u0131lar\u0131n hala taze oldu\u011funu vurgulayarak &#8220;6 \u015eubat depremi \u00fczerinden tam iki y\u0131l ge\u00e7ti. O g\u00fcn, asr\u0131n felaketini birlikte ya\u015fad\u0131k. 11 ilimizde 14 milyon insan\u0131m\u0131z\u0131n etkilendi\u011fi, 53 bin vatanda\u015f\u0131m\u0131z\u0131n hayat\u0131n\u0131 kaybetti\u011fi b\u00fcy\u00fck bir y\u0131k\u0131m ya\u015fad\u0131k. 483 binden fazla konut y\u0131k\u0131ld\u0131. Depremin merkezi Kahramanmara\u015f\u2019t\u0131 ama ac\u0131lar\u0131n \u00fcss\u00fc Hatay oldu. Hepimiz i\u00e7in o gece, bir\u00e7ok hik\u00e2yenin son buldu\u011fu, baz\u0131lar\u0131n\u0131n yar\u0131m kald\u0131\u011f\u0131 ve yenilerinin yaz\u0131ld\u0131\u011f\u0131 bir geceydi. \u00c7ocuklar\u0131n\u0131 korumak i\u00e7in onlara siper olan babalar\u0131n, ailesini kurtarmak i\u00e7in enkaz alt\u0131na geri d\u00f6nen \u00e7ocuklar\u0131n hik\u00e2yelerini duyduk. Deprem, efsaneleri bile k\u0131skand\u0131racak fedak\u00e2rl\u0131klar\u0131n ya\u015fand\u0131\u011f\u0131 bir felaketti&#8221; diye konu\u015ftu. Deprem sonras\u0131 devletin ve milletin b\u00fcy\u00fck bir dayan\u0131\u015fma sergiledi\u011fini belirten Ba\u015fkan G\u00fcl, TOK\u0130 konutlar\u0131 ve k\u00f6y evlerinin en k\u0131sa s\u00fcrede hak sahiplerine teslim edilece\u011finin alt\u0131n\u0131 \u00e7izerek\u201cBir olaca\u011f\u0131z, b\u00fct\u00fcn olaca\u011f\u0131z ve gelece\u011fe umutla bakaca\u011f\u0131z. Afetlere diren\u00e7li bir Belen in\u015fa etmek i\u00e7in \u00e7al\u0131\u015fmalar\u0131m\u0131z\u0131 s\u00fcrd\u00fcrece\u011fiz\u201d dedi. \u201cAsr\u0131n Felaketi, Asr\u0131n Birlikteli\u011fine D\u00f6n\u00fc\u015ft\u00fc\u201d Belen Kaymakam\u0131 Mahmut Sami Y\u0131lmaz ise konu\u015fmas\u0131nda, 6 \u015eubat depremlerinin Belen\u2019de derin yaralar a\u00e7t\u0131\u011f\u0131n\u0131 ancak devlet ve millet dayan\u0131\u015fmas\u0131yla bu felaketin \u00fcstesinden gelmek i\u00e7in b\u00fcy\u00fck \u00e7aba &hellip;"}