{"version":"1.0","provider_name":"Av. Deniz Can K\u0131z\u0131l","provider_url":"http:\/\/denizcankizil.tr\/de","author_name":"Av. Deniz Can K\u0131z\u0131l","author_url":"http:\/\/denizcankizil.tr\/de","title":"Bakan Tekin iki \u00fclkenin B\u00fcy\u00fckel\u00e7ilerini kabul etti","type":"rich","width":600,"height":338,"html":"<blockquote class=\"wp-embedded-content\" data-secret=\"wezJRZIWbF\"><a href=\"http:\/\/denizcankizil.tr\/de\/haberler\/gundem\/bakan-tekin-iki-ulkenin-buyukelcilerini-kabul-etti\/\">Bakan Tekin iki \u00fclkenin B\u00fcy\u00fckel\u00e7ilerini kabul etti<\/a><\/blockquote><iframe sandbox=\"allow-scripts\" security=\"restricted\" src=\"http:\/\/denizcankizil.tr\/de\/haberler\/gundem\/bakan-tekin-iki-ulkenin-buyukelcilerini-kabul-etti\/embed\/#?secret=wezJRZIWbF\" width=\"600\" height=\"338\" title=\"&#8222;Bakan Tekin iki \u00fclkenin B\u00fcy\u00fckel\u00e7ilerini kabul etti&#8220; &#8211; Av. Deniz Can K\u0131z\u0131l\" data-secret=\"wezJRZIWbF\" frameborder=\"0\" marginwidth=\"0\" marginheight=\"0\" scrolling=\"no\" class=\"wp-embedded-content\"><\/iframe><script>\n\/*! This file is auto-generated *\/\n!function(d,l){\"use strict\";l.querySelector&&d.addEventListener&&\"undefined\"!=typeof URL&&(d.wp=d.wp||{},d.wp.receiveEmbedMessage||(d.wp.receiveEmbedMessage=function(e){var t=e.data;if((t||t.secret||t.message||t.value)&&!\/[^a-zA-Z0-9]\/.test(t.secret)){for(var s,r,n,a=l.querySelectorAll('iframe[data-secret=\"'+t.secret+'\"]'),o=l.querySelectorAll('blockquote[data-secret=\"'+t.secret+'\"]'),c=new RegExp(\"^https?:$\",\"i\"),i=0;i<o.length;i++)o[i].style.display=\"none\";for(i=0;i<a.length;i++)s=a[i],e.source===s.contentWindow&&(s.removeAttribute(\"style\"),\"height\"===t.message?(1e3<(r=parseInt(t.value,10))?r=1e3:~~r<200&&(r=200),s.height=r):\"link\"===t.message&&(r=new URL(s.getAttribute(\"src\")),n=new URL(t.value),c.test(n.protocol))&&n.host===r.host&&l.activeElement===s&&(d.top.location.href=t.value))}},d.addEventListener(\"message\",d.wp.receiveEmbedMessage,!1),l.addEventListener(\"DOMContentLoaded\",function(){for(var e,t,s=l.querySelectorAll(\"iframe.wp-embedded-content\"),r=0;r<s.length;r++)(t=(e=s[r]).getAttribute(\"data-secret\"))||(t=Math.random().toString(36).substring(2,12),e.src+=\"#?secret=\"+t,e.setAttribute(\"data-secret\",t)),e.contentWindow.postMessage({message:\"ready\",secret:t},\"*\")},!1)))}(window,document);\n\/\/# sourceURL=http:\/\/denizcankizil.tr\/wp-includes\/js\/wp-embed.min.js\n<\/script>","description":"Mill\u00ee E\u011fitim Bakan\u0131 Yusuf Tekin, nezaket ziyaretinde bulunan \u00d6zbekistan&#8217;\u0131n Ankara B\u00fcy\u00fckel\u00e7isi Ali\u015fer Azamhocayev ile S\u0131rbistan&#8217;\u0131n Ankara B\u00fcy\u00fckel\u00e7isi Aca Jovanovi\u00e7&#8217;i ayr\u0131 ayr\u0131 kabul etti.ANKARA (\u0130GFA) &#8211; Milli E\u011fitim Bakan\u0131 Yusuf Tekin, g\u00f6r\u00fc\u015fmelere iki \u00fclkenin e\u011fitim alan\u0131ndaki i\u015f birliklerini de\u011ferlendirdi.\u00a0 S\u0131rbistan&#8217;\u0131n Ankara B\u00fcy\u00fckel\u00e7isi Aca Jovanovi\u00e7&#8217;in S\u0131rp\u00e7a&#8217;n\u0131n T\u00fcrkiye&#8217;de se\u00e7meli yabanc\u0131 dil dersleri aras\u0131nda yer almas\u0131na ili\u015fkin taleplerini dile getirmesi \u00fczerine Bakan Yusuf Tekin, T\u00fcrkiye Cumhuriyeti H\u00fck\u00fbmeti ile S\u0131rbistan Cumhuriyeti H\u00fck\u00fbmeti aras\u0131nda e\u011fitim alan\u0131nda imzalanan i\u015f birli\u011fi anla\u015fmas\u0131 kapsam\u0131nda resm\u00ee dillerin kar\u015f\u0131l\u0131kl\u0131 olarak \u00f6\u011fretilmesi \u00e7er\u00e7evesinde konunun ele al\u0131nabilece\u011fini vurgulad\u0131. Bakan Tekin, \u00d6zbekistan B\u00fcy\u00fckel\u00e7isi Azamhocayev&#8217;i kabul\u00fcnde ise iki \u00fclke aras\u0131ndaki g\u00fc\u00e7l\u00fc k\u00fclt\u00fcrel ba\u011flara i\u015faret ederek, e\u011fitim alan\u0131ndaki i\u015f birliklerinin art\u0131r\u0131lmas\u0131 i\u00e7in yap\u0131lacak projelere destek vermeye haz\u0131r olduklar\u0131n\u0131 s\u00f6yledi.\u00a0T\u00fcrkiye Cumhuriyeti H\u00fck\u00fbmeti ile \u00d6zbekistan Cumhuriyeti H\u00fck\u00fbmeti aras\u0131nda e\u011fitim alan\u0131nda m\u00fczakereleri devam eden anla\u015fma ve di\u011fer e\u011fitim i\u015f birlikleri de\u011ferlendirildi. \u200bMill\u00ee E\u011fitim Bakan\u0131 Yusuf Tekin, nezaket ziyaretinde bulunan \u00d6zbekistan&#8217;\u0131n Ankara B\u00fcy\u00fckel\u00e7isi Ali\u015fer Azamhocayev ile S\u0131rbistan&#8217;\u0131n Ankara B\u00fcy\u00fckel\u00e7isi Aca Jovanovi\u00e7&#8217;i ayr\u0131 ayr\u0131 kabul etti.ANKARA (\u0130GFA) &#8211; Milli E\u011fitim Bakan\u0131 Yusuf Tekin, g\u00f6r\u00fc\u015fmelere iki \u00fclkenin e\u011fitim alan\u0131ndaki i\u015f birliklerini de\u011ferlendirdi.\u00a0 S\u0131rbistan&#8217;\u0131n Ankara B\u00fcy\u00fckel\u00e7isi Aca Jovanovi\u00e7&#8217;in S\u0131rp\u00e7a&#8217;n\u0131n T\u00fcrkiye&#8217;de se\u00e7meli yabanc\u0131 dil dersleri aras\u0131nda yer almas\u0131na ili\u015fkin taleplerini dile getirmesi \u00fczerine Bakan Yusuf Tekin, T\u00fcrkiye Cumhuriyeti H\u00fck\u00fbmeti ile S\u0131rbistan Cumhuriyeti H\u00fck\u00fbmeti aras\u0131nda &hellip;"}