{"version":"1.0","provider_name":"Av. Deniz Can K\u0131z\u0131l","provider_url":"http:\/\/denizcankizil.tr\/de","author_name":"Av. Deniz Can K\u0131z\u0131l","author_url":"http:\/\/denizcankizil.tr\/de","title":"ASKON\u2019da Orhan Ayd\u0131n G\u00fcven Tazeledi","type":"rich","width":600,"height":338,"html":"<blockquote class=\"wp-embedded-content\" data-secret=\"51UowaW2B0\"><a href=\"http:\/\/denizcankizil.tr\/de\/haberler\/gundem\/askonda-orhan-aydin-guven-tazeledi\/\">ASKON\u2019da Orhan Ayd\u0131n G\u00fcven Tazeledi<\/a><\/blockquote><iframe sandbox=\"allow-scripts\" security=\"restricted\" src=\"http:\/\/denizcankizil.tr\/de\/haberler\/gundem\/askonda-orhan-aydin-guven-tazeledi\/embed\/#?secret=51UowaW2B0\" width=\"600\" height=\"338\" title=\"&#8222;ASKON\u2019da Orhan Ayd\u0131n G\u00fcven Tazeledi&#8220; &#8211; Av. Deniz Can K\u0131z\u0131l\" data-secret=\"51UowaW2B0\" frameborder=\"0\" marginwidth=\"0\" marginheight=\"0\" scrolling=\"no\" class=\"wp-embedded-content\"><\/iframe><script>\n\/*! This file is auto-generated *\/\n!function(d,l){\"use strict\";l.querySelector&&d.addEventListener&&\"undefined\"!=typeof URL&&(d.wp=d.wp||{},d.wp.receiveEmbedMessage||(d.wp.receiveEmbedMessage=function(e){var t=e.data;if((t||t.secret||t.message||t.value)&&!\/[^a-zA-Z0-9]\/.test(t.secret)){for(var s,r,n,a=l.querySelectorAll('iframe[data-secret=\"'+t.secret+'\"]'),o=l.querySelectorAll('blockquote[data-secret=\"'+t.secret+'\"]'),c=new RegExp(\"^https?:$\",\"i\"),i=0;i<o.length;i++)o[i].style.display=\"none\";for(i=0;i<a.length;i++)s=a[i],e.source===s.contentWindow&&(s.removeAttribute(\"style\"),\"height\"===t.message?(1e3<(r=parseInt(t.value,10))?r=1e3:~~r<200&&(r=200),s.height=r):\"link\"===t.message&&(r=new URL(s.getAttribute(\"src\")),n=new URL(t.value),c.test(n.protocol))&&n.host===r.host&&l.activeElement===s&&(d.top.location.href=t.value))}},d.addEventListener(\"message\",d.wp.receiveEmbedMessage,!1),l.addEventListener(\"DOMContentLoaded\",function(){for(var e,t,s=l.querySelectorAll(\"iframe.wp-embedded-content\"),r=0;r<s.length;r++)(t=(e=s[r]).getAttribute(\"data-secret\"))||(t=Math.random().toString(36).substring(2,12),e.src+=\"#?secret=\"+t,e.setAttribute(\"data-secret\",t)),e.contentWindow.postMessage({message:\"ready\",secret:t},\"*\")},!1)))}(window,document);\n\/\/# sourceURL=http:\/\/denizcankizil.tr\/wp-includes\/js\/wp-embed.min.js\n<\/script>","description":"M\u00dcREFFEH T\u00dcRK\u0130YE\u2019N\u0130N \u0130N\u015eASI \u0130\u00c7\u0130N \u00c7ALI\u015eTIK Ola\u011fan genel kurulda kat\u0131l\u0131mc\u0131lara seslenen ASKON Genel Ba\u015fkan Orhan Ayd\u0131n, konu\u015fmas\u0131n\u0131n b\u00fcy\u00fck bir b\u00f6l\u00fcm\u00fcnde 11. ve 12. d\u00f6nemlerde yapt\u0131klar\u0131 \u00e7al\u0131\u015fmalara de\u011finerek, \u201ciki d\u00f6nemdir maddi ve manevi t\u00fcm \u00e7al\u0131\u015fmalar\u0131m\u0131z, ASKON\u2019umuzun birlik ve b\u00fct\u00fcnl\u00fc\u011f\u00fcn\u00fcn tesisi, yar\u0131nlar\u0131n g\u00fc\u00e7l\u00fc, m\u00fcreffeh T\u00fcrkiye\u2019sinin in\u015fas\u0131 ve mazlumlar\u0131n hamili\u011fi \u00fczerine ge\u00e7mi\u015ftir\u201d dedi. HATAY\u2019DAN ORHAN AYDIN\u2019A TAM DESTEK 13. Ola\u011fan Genel Kurula kat\u0131lan ASKON Hatay \u0130l Ba\u015fkan\u0131 Halit TUN\u00c7, \u201ciki d\u00f6nemdir ASKON\u2019a katt\u0131\u011f\u0131 de\u011ferlerle ASKON\u2019un sadece T\u00fcrkiye\u2019de de\u011fil d\u00fcnyan\u0131n bir\u00e7ok \u00fclkesinde \u00f6rg\u00fctlenmesini sa\u011flayarak i\u015f d\u00fcnyas\u0131na ve \u00fclke ekonomisine \u00f6nemli katk\u0131lar sunmas\u0131n\u0131 sa\u011flayan Genel Ba\u015fkan\u0131m\u0131z Orhan Ayd\u0131n ile bir d\u00f6nem daha devam etme karar\u0131 ald\u0131k\u201d dedi. Ba\u015fkan Tun\u00e7, \u201cAsr\u0131n felaketini ya\u015fad\u0131\u011f\u0131m\u0131z 6 \u015eubat Depreminin ilk dakikalar\u0131ndan itibaren t\u00fcm ASKON \u015fubelerini teyakkuza ge\u00e7irerek deprem b\u00f6lgesine ciddi yard\u0131m katk\u0131 yap\u0131lmas\u0131n\u0131 sa\u011flayan Genel Ba\u015fkan\u0131m\u0131z Orhan Ayd\u0131n, ge\u00e7ti\u011fimiz Ramazan ay\u0131n\u0131n ilk ASKON iftar\u0131n\u0131 da deprem b\u00f6lgesi Hatay\u2019da ger\u00e7ekle\u015ftirerek b\u00f6lgemize verdi\u011fi \u00f6nemi ayr\u0131ca g\u00f6stermi\u015ftir. M\u00fccbir sebep halinin devam\u0131 ve deprem b\u00f6lgesindeki m\u00fckelleflere gerekli kolayl\u0131klar\u0131n g\u00f6sterilmesi noktas\u0131nda Hazine ve Maliye Bakanl\u0131\u011f\u0131 ile g\u00f6r\u00fc\u015fmeler ger\u00e7ekle\u015ftirerek konunun \u00f6nemine sosyal medya hesaplar\u0131ndan da dikkat \u00e7eken Gelen Ba\u015fkan\u0131m\u0131z Orhan Ayd\u0131n yeni d\u00f6nemde de deprem b\u00f6lgelerinin daha h\u0131zl\u0131 toparlanabilmesi i\u00e7in ilgili otoritelerle dirsek temas\u0131n\u0131 s\u00fcrd\u00fcreceklerini belirtmi\u015ftir\u201d \u015feklinde konu\u015ftu. Ba\u015fkan Tun\u00e7, yeni d\u00f6nemde genel merkezden alacaklar\u0131 destek &hellip;"}