{"version":"1.0","provider_name":"Av. Deniz Can K\u0131z\u0131l","provider_url":"http:\/\/denizcankizil.tr\/de","author_name":"Av. Deniz Can K\u0131z\u0131l","author_url":"http:\/\/denizcankizil.tr\/de","title":"As\u0131rl\u0131k miraslar yeniden hayat buluyor","type":"rich","width":600,"height":338,"html":"<blockquote class=\"wp-embedded-content\" data-secret=\"SkkJdSR8tt\"><a href=\"http:\/\/denizcankizil.tr\/de\/haberler\/gundem\/asirlik-miraslar-yeniden-hayat-buluyor\/\">As\u0131rl\u0131k miraslar yeniden hayat buluyor<\/a><\/blockquote><iframe sandbox=\"allow-scripts\" security=\"restricted\" src=\"http:\/\/denizcankizil.tr\/de\/haberler\/gundem\/asirlik-miraslar-yeniden-hayat-buluyor\/embed\/#?secret=SkkJdSR8tt\" width=\"600\" height=\"338\" title=\"&#8222;As\u0131rl\u0131k miraslar yeniden hayat buluyor&#8220; &#8211; Av. Deniz Can K\u0131z\u0131l\" data-secret=\"SkkJdSR8tt\" frameborder=\"0\" marginwidth=\"0\" marginheight=\"0\" scrolling=\"no\" class=\"wp-embedded-content\"><\/iframe><script>\n\/*! This file is auto-generated *\/\n!function(d,l){\"use strict\";l.querySelector&&d.addEventListener&&\"undefined\"!=typeof URL&&(d.wp=d.wp||{},d.wp.receiveEmbedMessage||(d.wp.receiveEmbedMessage=function(e){var t=e.data;if((t||t.secret||t.message||t.value)&&!\/[^a-zA-Z0-9]\/.test(t.secret)){for(var s,r,n,a=l.querySelectorAll('iframe[data-secret=\"'+t.secret+'\"]'),o=l.querySelectorAll('blockquote[data-secret=\"'+t.secret+'\"]'),c=new RegExp(\"^https?:$\",\"i\"),i=0;i<o.length;i++)o[i].style.display=\"none\";for(i=0;i<a.length;i++)s=a[i],e.source===s.contentWindow&&(s.removeAttribute(\"style\"),\"height\"===t.message?(1e3<(r=parseInt(t.value,10))?r=1e3:~~r<200&&(r=200),s.height=r):\"link\"===t.message&&(r=new URL(s.getAttribute(\"src\")),n=new URL(t.value),c.test(n.protocol))&&n.host===r.host&&l.activeElement===s&&(d.top.location.href=t.value))}},d.addEventListener(\"message\",d.wp.receiveEmbedMessage,!1),l.addEventListener(\"DOMContentLoaded\",function(){for(var e,t,s=l.querySelectorAll(\"iframe.wp-embedded-content\"),r=0;r<s.length;r++)(t=(e=s[r]).getAttribute(\"data-secret\"))||(t=Math.random().toString(36).substring(2,12),e.src+=\"#?secret=\"+t,e.setAttribute(\"data-secret\",t)),e.contentWindow.postMessage({message:\"ready\",secret:t},\"*\")},!1)))}(window,document);\n\/\/# sourceURL=http:\/\/denizcankizil.tr\/wp-includes\/js\/wp-embed.min.js\n<\/script>","description":"K\u00fclt\u00fcr ve Turizm Bakanl\u0131\u011f\u0131 Vak\u0131flar Genel M\u00fcd\u00fcrl\u00fc\u011f\u00fc, m\u00fcbarek \u00dc\u00e7 Aylar\u2019\u0131n ba\u015flang\u0131c\u0131 ve Ramazan-\u0131 \u015eerif\u2019in m\u00fcjdecisi olan bu \u00f6zel g\u00fcnde, restorasyonu tamamlanan \u00fc\u00e7 tarihi camiyi yeniden ibadete a\u00e7acak.Pazaryeri G\u00fcndem \/ B\u0130LEC\u0130K (\u0130GFA) &#8211;\u00a0 Depremde zarar g\u00f6ren Hatay Kanun\u00ee Sultan S\u00fcleyman Camii ile Edirne Ke\u015fan Hersekzade Ahmet Pa\u015fa Camii ve Bilecik Pazaryeri Kara Mustafa Pa\u015fa Camii, 2 Ocak Per\u015fembe g\u00fcn\u00fc Regaip Kandili&#8217;nde ak\u015fam ve yats\u0131 namazlar\u0131na m\u00fcteakip ibadete a\u00e7\u0131lacak. Vak\u0131flar Genel M\u00fcd\u00fcrl\u00fc\u011f\u00fc, ge\u00e7mi\u015ften gelen bu e\u015fsiz miraslar\u0131 ihya ederek milletin hizmetine sunman\u0131n gururunu ya\u015fad\u0131klar\u0131n\u0131 belirten Genel M\u00fcd\u00fcr Sinan Aksu, \u00fclke genelinde tarihi eserlerin korunmas\u0131 ve gelece\u011fe aktar\u0131lmas\u0131 i\u00e7in yo\u011fun bir \u00e7al\u0131\u015fma s\u00fcrd\u00fcrd\u00fcklerini, 250\u2019den fazla restorasyon projenin devam etti\u011fini kaydetti. Bu arada a\u00e7\u0131l\u0131\u015flar s\u0131ras\u0131nda vatanda\u015flara kandil simidi ve \u00e7e\u015fitli ikramlar sunulaca\u011f\u0131, \u00f6zel gecenin dualarla ta\u00e7lanaca\u011f\u0131 \u00f6\u011frenildi. \u200bK\u00fclt\u00fcr ve Turizm Bakanl\u0131\u011f\u0131 Vak\u0131flar Genel M\u00fcd\u00fcrl\u00fc\u011f\u00fc, m\u00fcbarek \u00dc\u00e7 Aylar\u2019\u0131n ba\u015flang\u0131c\u0131 ve Ramazan-\u0131 \u015eerif\u2019in m\u00fcjdecisi olan bu \u00f6zel g\u00fcnde, restorasyonu tamamlanan \u00fc\u00e7 tarihi camiyi yeniden ibadete a\u00e7acak.Pazaryeri G\u00fcndem \/ B\u0130LEC\u0130K (\u0130GFA) &#8211;\u00a0 Depremde zarar g\u00f6ren Hatay Kanun\u00ee Sultan S\u00fcleyman Camii ile Edirne Ke\u015fan Hersekzade Ahmet Pa\u015fa Camii ve Bilecik Pazaryeri Kara Mustafa Pa\u015fa Camii, 2 Ocak Per\u015fembe g\u00fcn\u00fc Regaip Kandili&#8217;nde ak\u015fam ve yats\u0131 namazlar\u0131na m\u00fcteakip ibadete a\u00e7\u0131lacak. Vak\u0131flar Genel M\u00fcd\u00fcrl\u00fc\u011f\u00fc, ge\u00e7mi\u015ften gelen bu e\u015fsiz miraslar\u0131 ihya ederek &hellip;"}