{"version":"1.0","provider_name":"Av. Deniz Can K\u0131z\u0131l","provider_url":"http:\/\/denizcankizil.tr\/de","author_name":"Av. Deniz Can K\u0131z\u0131l","author_url":"http:\/\/denizcankizil.tr\/de","title":"Antalya\u2019da falezlerin koruma stat\u00fcs\u00fc d\u00fc\u015f\u00fcr\u00fcld\u00fc!","type":"rich","width":600,"height":338,"html":"<blockquote class=\"wp-embedded-content\" data-secret=\"YJNYtRtGpX\"><a href=\"http:\/\/denizcankizil.tr\/de\/haberler\/gundem\/antalyada-falezlerin-koruma-statusu-dusuruldu\/\">Antalya\u2019da falezlerin koruma stat\u00fcs\u00fc d\u00fc\u015f\u00fcr\u00fcld\u00fc!<\/a><\/blockquote><iframe sandbox=\"allow-scripts\" security=\"restricted\" src=\"http:\/\/denizcankizil.tr\/de\/haberler\/gundem\/antalyada-falezlerin-koruma-statusu-dusuruldu\/embed\/#?secret=YJNYtRtGpX\" width=\"600\" height=\"338\" title=\"&#8222;Antalya\u2019da falezlerin koruma stat\u00fcs\u00fc d\u00fc\u015f\u00fcr\u00fcld\u00fc!&#8220; &#8211; Av. Deniz Can K\u0131z\u0131l\" data-secret=\"YJNYtRtGpX\" frameborder=\"0\" marginwidth=\"0\" marginheight=\"0\" scrolling=\"no\" class=\"wp-embedded-content\"><\/iframe><script>\n\/*! This file is auto-generated *\/\n!function(d,l){\"use strict\";l.querySelector&&d.addEventListener&&\"undefined\"!=typeof URL&&(d.wp=d.wp||{},d.wp.receiveEmbedMessage||(d.wp.receiveEmbedMessage=function(e){var t=e.data;if((t||t.secret||t.message||t.value)&&!\/[^a-zA-Z0-9]\/.test(t.secret)){for(var s,r,n,a=l.querySelectorAll('iframe[data-secret=\"'+t.secret+'\"]'),o=l.querySelectorAll('blockquote[data-secret=\"'+t.secret+'\"]'),c=new RegExp(\"^https?:$\",\"i\"),i=0;i<o.length;i++)o[i].style.display=\"none\";for(i=0;i<a.length;i++)s=a[i],e.source===s.contentWindow&&(s.removeAttribute(\"style\"),\"height\"===t.message?(1e3<(r=parseInt(t.value,10))?r=1e3:~~r<200&&(r=200),s.height=r):\"link\"===t.message&&(r=new URL(s.getAttribute(\"src\")),n=new URL(t.value),c.test(n.protocol))&&n.host===r.host&&l.activeElement===s&&(d.top.location.href=t.value))}},d.addEventListener(\"message\",d.wp.receiveEmbedMessage,!1),l.addEventListener(\"DOMContentLoaded\",function(){for(var e,t,s=l.querySelectorAll(\"iframe.wp-embedded-content\"),r=0;r<s.length;r++)(t=(e=s[r]).getAttribute(\"data-secret\"))||(t=Math.random().toString(36).substring(2,12),e.src+=\"#?secret=\"+t,e.setAttribute(\"data-secret\",t)),e.contentWindow.postMessage({message:\"ready\",secret:t},\"*\")},!1)))}(window,document);\n\/\/# sourceURL=http:\/\/denizcankizil.tr\/wp-includes\/js\/wp-embed.min.js\n<\/script>","description":"2020 y\u0131l\u0131nda koruma s\u0131n\u0131rlar\u0131 \u00e7izilerek haz\u0131rlanan haritada \u2018kesin korunacak hassas alan\u2019 olan b\u00f6lgenin Konyaalt\u0131 yakas\u0131ndaki k\u0131sm\u0131 7 Eyl\u00fcl 2024 tarihli Resmi Gazete karar\u0131yla k\u00fc\u00e7\u00fclt\u00fcld\u00fc. Buna g\u00f6re Antalya M\u00fczesi\u2019nin kar\u015f\u0131s\u0131ndaki k\u0131y\u0131 alan\u0131 ve Konyaalt\u0131 Varyant\u0131\u2019n\u0131n bulundu\u011fu b\u00f6lgede koruma stat\u00fcs\u00fc kald\u0131r\u0131ld\u0131. Muratpa\u015fa-Konyaalt\u0131 falez band\u0131n\u0131n koruma s\u0131n\u0131rlar\u0131 daralt\u0131lmas\u0131na itirazlar devam ediyor. Falezlerde yap\u0131la\u015fman\u0131n \u00f6n\u00fcn\u00fcn a\u00e7\u0131ld\u0131\u011f\u0131na dikkat \u00e7eken \u015eehir Planc\u0131lar\u0131 Odas\u0131 (\u015ePO) Antalya \u015eubesi Ba\u015fkan\u0131 Funda Y\u00f6r\u00fck, falezlerin korunmas\u0131 i\u00e7in mahkemeye ba\u015fvurduklar\u0131n\u0131 s\u00f6yledi. \u00a0Dan\u0131\u015fta 4\u2019\u00fcnc\u00fc dairesi ve Antalya 5\u2019inci idare mahkemesine a\u00e7\u0131lan davada cumhurba\u015fkan\u0131 karar\u0131n\u0131n \u00f6ncelikle y\u00fcr\u00fctmesinin durdurulmas\u0131na takiben iptaline karar verilmesi talep edildi. \u00a0FALEZLER YEN\u0130DEN KORUMA ALTINA ALINDI Bu geli\u015fmelerin ard\u0131ndan Antalya \u00c7evre \u015eehircilik ve \u0130klim De\u011fi\u015fikli\u011fi \u0130l M\u00fcd\u00fcrl\u00fc\u011f\u00fc bir a\u00e7\u0131klama yaparak kayg\u0131lar\u0131 giderdi. \u00a0Yap\u0131lan a\u00e7\u0131klamada falezler hatt\u0131 yeniden \u201cNitelikli Dog\u0306al Koruma Alan\u0131\u201d olarak tescil edildi\u011fi duyuruldu. Yaz\u0131l\u0131 olarak duyurulan geli\u015fmede, \u201cMuratpas\u0327a ilc\u0327esi, Bahc\u0327elievler Mahallesi s\u0131n\u0131rlar\u0131 ic\u0327erisinde yer alan Muratpas\u0327a-Konyaalt\u0131 Falezleri Dog\u0306al Sit Alan\u0131 as\u0327ag\u0306\u0131daki haritada go\u0308sterildig\u0306i s\u0327ekliyle revize edilerek, revize edilen alanlar Bakanl\u0131k Makam\u0131n\u0131n 09.09.2024 tarihli ve 10399331 say\u0131l\u0131 Olur\u2019u ile \u201cNitelikli Dog\u0306al Koruma Alan\u0131\u201d olarak tescil edilmis\u0327tir. \u00a027 Ekim 2017 tarihli ve 30223 say\u0131l\u0131 Resmi Gazete\u2019mde yay\u0131mlanan \u201cKorunan Alanlar\u0131n Tespit, Tescil ve Onay\u0131na I\u0307lis\u0327kin Usul ve Esaslara Dair Yo\u0308netmelikte Deg\u0306is\u0327iklik Yap\u0131lmas\u0131na Dair Y\u00f6netmelik\u201d in 2. maddesinin (j) bendinde yer alan \u201cAn\u0131t &hellip;"}