{"version":"1.0","provider_name":"Av. Deniz Can K\u0131z\u0131l","provider_url":"http:\/\/denizcankizil.tr\/de","author_name":"admin","author_url":"http:\/\/denizcankizil.tr\/de\/author\/admin\/","title":"Antalya s\u00fcrd\u00fcr\u00fclebilir turizmin yeni lideri oluyor","type":"rich","width":600,"height":338,"html":"<blockquote class=\"wp-embedded-content\" data-secret=\"rk0pIae5nG\"><a href=\"http:\/\/denizcankizil.tr\/de\/haberler\/gundem\/antalya-surdurulebilir-turizmin-yeni-lideri-oluyor\/\">Antalya s\u00fcrd\u00fcr\u00fclebilir turizmin yeni lideri oluyor<\/a><\/blockquote><iframe sandbox=\"allow-scripts\" security=\"restricted\" src=\"http:\/\/denizcankizil.tr\/de\/haberler\/gundem\/antalya-surdurulebilir-turizmin-yeni-lideri-oluyor\/embed\/#?secret=rk0pIae5nG\" width=\"600\" height=\"338\" title=\"&#8222;Antalya s\u00fcrd\u00fcr\u00fclebilir turizmin yeni lideri oluyor&#8220; &#8211; Av. Deniz Can K\u0131z\u0131l\" data-secret=\"rk0pIae5nG\" frameborder=\"0\" marginwidth=\"0\" marginheight=\"0\" scrolling=\"no\" class=\"wp-embedded-content\"><\/iframe><script>\n\/*! This file is auto-generated *\/\n!function(d,l){\"use strict\";l.querySelector&&d.addEventListener&&\"undefined\"!=typeof URL&&(d.wp=d.wp||{},d.wp.receiveEmbedMessage||(d.wp.receiveEmbedMessage=function(e){var t=e.data;if((t||t.secret||t.message||t.value)&&!\/[^a-zA-Z0-9]\/.test(t.secret)){for(var s,r,n,a=l.querySelectorAll('iframe[data-secret=\"'+t.secret+'\"]'),o=l.querySelectorAll('blockquote[data-secret=\"'+t.secret+'\"]'),c=new RegExp(\"^https?:$\",\"i\"),i=0;i<o.length;i++)o[i].style.display=\"none\";for(i=0;i<a.length;i++)s=a[i],e.source===s.contentWindow&&(s.removeAttribute(\"style\"),\"height\"===t.message?(1e3<(r=parseInt(t.value,10))?r=1e3:~~r<200&&(r=200),s.height=r):\"link\"===t.message&&(r=new URL(s.getAttribute(\"src\")),n=new URL(t.value),c.test(n.protocol))&&n.host===r.host&&l.activeElement===s&&(d.top.location.href=t.value))}},d.addEventListener(\"message\",d.wp.receiveEmbedMessage,!1),l.addEventListener(\"DOMContentLoaded\",function(){for(var e,t,s=l.querySelectorAll(\"iframe.wp-embedded-content\"),r=0;r<s.length;r++)(t=(e=s[r]).getAttribute(\"data-secret\"))||(t=Math.random().toString(36).substring(2,12),e.src+=\"#?secret=\"+t,e.setAttribute(\"data-secret\",t)),e.contentWindow.postMessage({message:\"ready\",secret:t},\"*\")},!1)))}(window,document);\n\/\/# sourceURL=http:\/\/denizcankizil.tr\/wp-includes\/js\/wp-embed.min.js\n<\/script>","description":"Antalya B\u00fcy\u00fck\u015fehir Belediye Ba\u015fkan\u0131 Muhittin B\u00f6cek, D\u00fcnya Seyahat ve Turizm Konseyi (WTTC) Ba\u015fkan\u0131 Julia Simpson ile turizmin gelece\u011fini ele ald\u0131. Ba\u015fkan Muhittin B\u00f6cek, Antalya\u2019n\u0131n k\u00fcresel \u00f6l\u00e7ekte s\u00fcrd\u00fcr\u00fclebilir turizmin \u00f6nc\u00fc \u015fehirlerinden biri olma yolunda emin ad\u0131mlarla ilerledi\u011fini s\u00f6yledi.ANTALYA (\u0130GFA) &#8211;\u00a0Antalya B\u00fcy\u00fck\u015fehir Belediye Ba\u015fkan\u0131 Muhittin B\u00f6cek, D\u00fcnya Seyahat ve Turizm Konseyi (WTTC) Ba\u015fkan\u0131 ve CEO\u2019su Julia Simpson ve Coral Travel holding Y\u00f6netim Kurulu Ba\u015fkan\u0131 Ayhan Bekta\u015f\u2019\u0131 makam\u0131nda a\u011f\u0131rlad\u0131. Ba\u015fkan Muhittin B\u00f6cek ile WTTC Ba\u015fkan\u0131 Julia Simpson aras\u0131nda ger\u00e7ekle\u015fen bulu\u015fmada turizmin gelece\u011fi ve Antalya\u2019n\u0131n bu gelecekteki stratejik konumu ele al\u0131nd\u0131. Ba\u015fkan Muhittin B\u00f6cek, WTTC\u2019nin davetiyle 28-29 Eyl\u00fcl 2025 tarihlerinde Roma\u2019da d\u00fczenlenecek D\u00fcnya Seyahat ve Turizm Konseyi Zirvesi\u2019nde Antalya\u2019y\u0131 temsilen bir sunum ger\u00e7ekle\u015ftirecek. Muhittin B\u00f6cek\u2019in Roma\u2019da yapaca\u011f\u0131 sunum ile Antalya\u2019n\u0131n k\u00fcresel turizm politikalar\u0131na y\u00f6n veren \u015fehirler aras\u0131na ad\u0131n\u0131 yazd\u0131rmas\u0131 i\u00e7in f\u0131rsat olarak de\u011ferlendiriliyor. WTTC \u0130LE \u00d6NEML\u0130 \u0130\u015eB\u0130RL\u0130\u011e\u0130 PROJELER\u0130 Ba\u015fkan Muhittin B\u00f6cek, WTTC i\u015f birli\u011fiyle \u00f6nemli \u00e7al\u0131\u015fmalar yapacaklar\u0131n\u0131 belirtti. Ba\u015fkan B\u00f6cek, \u201cYe\u015fil etkinlik takvimi ile \u00e7evreci etkinliklerin desteklenmesi, dijital turizm platformu kurulumu ile ziyaret\u00e7i deneyiminin s\u00fcre\u00e7 boyunca s\u00fcrd\u00fcr\u00fclebilir ve yenilik\u00e7i h\u00e2le getirilmesi, kad\u0131n giri\u015fimcili\u011fi ve yerel k\u00fclt\u00fcr eksenli projelerle toplumsal kapsay\u0131c\u0131l\u0131\u011f\u0131n art\u0131r\u0131lmas\u0131 ve WTTC Akdeniz B\u00f6lge Ofisi\u2019nin Antalya\u2019da a\u00e7\u0131lmas\u0131 i\u00e7in giri\u015fimlerde bulunulmas\u0131 ad\u0131na \u00e7al\u0131\u015fmalar yapaca\u011f\u0131z\u201d dedi. EKONOM\u0130K VER\u0130LER\u0130 PAYLA\u015eTI WTTC Ba\u015fkan\u0131 Julia Simpson, Antalya\u2019ya \u00f6zellikle &hellip;"}