{"version":"1.0","provider_name":"Av. Deniz Can K\u0131z\u0131l","provider_url":"http:\/\/denizcankizil.tr\/de","author_name":"Antalya K\u00f6rfez","author_url":"http:\/\/denizcankizil.tr\/de\/author\/www-antalyakorfez-com\/","title":"Antalya Kent Konseyi'ne ASAT'tan genel sekreter","type":"rich","width":600,"height":338,"html":"<blockquote class=\"wp-embedded-content\" data-secret=\"mC8wFHlM54\"><a href=\"http:\/\/denizcankizil.tr\/de\/haberler\/gundem\/antalya-kent-konseyine-asattan-genel-sekreter\/\">Antalya Kent Konseyi&#8217;ne ASAT&#8217;tan genel sekreter<\/a><\/blockquote><iframe sandbox=\"allow-scripts\" security=\"restricted\" src=\"http:\/\/denizcankizil.tr\/de\/haberler\/gundem\/antalya-kent-konseyine-asattan-genel-sekreter\/embed\/#?secret=mC8wFHlM54\" width=\"600\" height=\"338\" title=\"&#8222;Antalya Kent Konseyi&#8217;ne ASAT&#8217;tan genel sekreter&#8220; &#8211; Av. Deniz Can K\u0131z\u0131l\" data-secret=\"mC8wFHlM54\" frameborder=\"0\" marginwidth=\"0\" marginheight=\"0\" scrolling=\"no\" class=\"wp-embedded-content\"><\/iframe><script>\n\/*! This file is auto-generated *\/\n!function(d,l){\"use strict\";l.querySelector&&d.addEventListener&&\"undefined\"!=typeof URL&&(d.wp=d.wp||{},d.wp.receiveEmbedMessage||(d.wp.receiveEmbedMessage=function(e){var t=e.data;if((t||t.secret||t.message||t.value)&&!\/[^a-zA-Z0-9]\/.test(t.secret)){for(var s,r,n,a=l.querySelectorAll('iframe[data-secret=\"'+t.secret+'\"]'),o=l.querySelectorAll('blockquote[data-secret=\"'+t.secret+'\"]'),c=new RegExp(\"^https?:$\",\"i\"),i=0;i<o.length;i++)o[i].style.display=\"none\";for(i=0;i<a.length;i++)s=a[i],e.source===s.contentWindow&&(s.removeAttribute(\"style\"),\"height\"===t.message?(1e3<(r=parseInt(t.value,10))?r=1e3:~~r<200&&(r=200),s.height=r):\"link\"===t.message&&(r=new URL(s.getAttribute(\"src\")),n=new URL(t.value),c.test(n.protocol))&&n.host===r.host&&l.activeElement===s&&(d.top.location.href=t.value))}},d.addEventListener(\"message\",d.wp.receiveEmbedMessage,!1),l.addEventListener(\"DOMContentLoaded\",function(){for(var e,t,s=l.querySelectorAll(\"iframe.wp-embedded-content\"),r=0;r<s.length;r++)(t=(e=s[r]).getAttribute(\"data-secret\"))||(t=Math.random().toString(36).substring(2,12),e.src+=\"#?secret=\"+t,e.setAttribute(\"data-secret\",t)),e.contentWindow.postMessage({message:\"ready\",secret:t},\"*\")},!1)))}(window,document);\n\/\/# sourceURL=http:\/\/denizcankizil.tr\/wp-includes\/js\/wp-embed.min.js\n<\/script>","description":"ASAT Genel M\u00fcd\u00fcrl\u00fc\u011f\u00fc Bas\u0131n ve Halkla \u0130li\u015fkiler \u015eube M\u00fcd\u00fcrl\u00fc\u011f\u00fc yapan Ercan Deyirmenci, Antalya Kent Konseyi Y\u00fcr\u00fctme Kurulu karar\u0131yla Antalya Kent Konseyi Genel Sekreteri olarak g\u00f6reve ba\u015flad\u0131. Antalya Sanat\u00e7\u0131lar Derne\u011fi temsilcisi olarak uzun y\u0131llardan beri Antalya Kent Konseyi&#8217;nde \u00e7al\u0131\u015fmalarda bulunan Deyirmenci, halen Afet ve Kriz Y\u00f6netimi \u00c7al\u0131\u015fma Grubu&#8217;nda Ba\u015fkan Yard\u0131mc\u0131l\u0131\u011f\u0131 g\u00f6revini y\u00fcr\u00fct\u00fcyor.\u00a0 TE\u015eEKK\u00dcR MESAJI YAYINLADI\u00a0 G\u00f6reve ba\u015flamas\u0131n\u0131n ard\u0131ndan sosyal medya hesab\u0131ndan bir mesaj yay\u0131nlayan Ercan Deyirmenci, &#8220;Antalya B\u00fcy\u00fck\u015fehir Belediyesi Ba\u015fkan\u0131 Say\u0131n Muhittin B\u00f6cek&#8217;in \u00f6nerisi ve Antalya Kent Konseyi Y\u00fcr\u00fctme Kurulunun karar\u0131yla Antalya Kent Konseyi Genel Sekreteri olarak g\u00f6reve ba\u015flad\u0131m. Bana g\u00fcvenerek, bu onurlu g\u00f6revi lay\u0131k g\u00f6ren herkese te\u015fekk\u00fcr ederim&#8221; dedi.\u00a0 \u00a0 \u00a0 \u00a0 \u00a0 \u00a0 \u00a0 \u00a0 \u00a0 \u00a0 \u00a0 \u00a0 \u00a0 \u00a0 \u00a0 \u200bAntalya Kent Konseyi Genel Sekreterli\u011fine, ASAT Genel M\u00fcd\u00fcrl\u00fc\u011f\u00fc Bas\u0131n ve Halkla \u0130li\u015fkiler \u015eube M\u00fcd\u00fcrl\u00fc\u011f\u00fc yapan Ercan Deyirmenci getirildi.\u00a0 \u200bHaberin Al\u0131nt\u0131land\u0131\u011f\u0131 Kaynak: www.antalyakorfez.com"}