{"version":"1.0","provider_name":"Av. Deniz Can K\u0131z\u0131l","provider_url":"http:\/\/denizcankizil.tr\/de","author_name":"Av. Deniz Can K\u0131z\u0131l","author_url":"http:\/\/denizcankizil.tr\/de","title":"Amanos Da\u011flar\u0131'na Mevsimin \u0130lk Kar\u0131 D\u00fc\u015ft\u00fc","type":"rich","width":600,"height":338,"html":"<blockquote class=\"wp-embedded-content\" data-secret=\"jNfgCK5BuC\"><a href=\"http:\/\/denizcankizil.tr\/de\/haberler\/gundem\/amanos-daglarina-mevsimin-ilk-kari-dustu\/\">Amanos Da\u011flar\u0131&#8217;na Mevsimin \u0130lk Kar\u0131 D\u00fc\u015ft\u00fc<\/a><\/blockquote><iframe sandbox=\"allow-scripts\" security=\"restricted\" src=\"http:\/\/denizcankizil.tr\/de\/haberler\/gundem\/amanos-daglarina-mevsimin-ilk-kari-dustu\/embed\/#?secret=jNfgCK5BuC\" width=\"600\" height=\"338\" title=\"&#8222;Amanos Da\u011flar\u0131&#8217;na Mevsimin \u0130lk Kar\u0131 D\u00fc\u015ft\u00fc&#8220; &#8211; Av. Deniz Can K\u0131z\u0131l\" data-secret=\"jNfgCK5BuC\" frameborder=\"0\" marginwidth=\"0\" marginheight=\"0\" scrolling=\"no\" class=\"wp-embedded-content\"><\/iframe><script>\n\/*! This file is auto-generated *\/\n!function(d,l){\"use strict\";l.querySelector&&d.addEventListener&&\"undefined\"!=typeof URL&&(d.wp=d.wp||{},d.wp.receiveEmbedMessage||(d.wp.receiveEmbedMessage=function(e){var t=e.data;if((t||t.secret||t.message||t.value)&&!\/[^a-zA-Z0-9]\/.test(t.secret)){for(var s,r,n,a=l.querySelectorAll('iframe[data-secret=\"'+t.secret+'\"]'),o=l.querySelectorAll('blockquote[data-secret=\"'+t.secret+'\"]'),c=new RegExp(\"^https?:$\",\"i\"),i=0;i<o.length;i++)o[i].style.display=\"none\";for(i=0;i<a.length;i++)s=a[i],e.source===s.contentWindow&&(s.removeAttribute(\"style\"),\"height\"===t.message?(1e3<(r=parseInt(t.value,10))?r=1e3:~~r<200&&(r=200),s.height=r):\"link\"===t.message&&(r=new URL(s.getAttribute(\"src\")),n=new URL(t.value),c.test(n.protocol))&&n.host===r.host&&l.activeElement===s&&(d.top.location.href=t.value))}},d.addEventListener(\"message\",d.wp.receiveEmbedMessage,!1),l.addEventListener(\"DOMContentLoaded\",function(){for(var e,t,s=l.querySelectorAll(\"iframe.wp-embedded-content\"),r=0;r<s.length;r++)(t=(e=s[r]).getAttribute(\"data-secret\"))||(t=Math.random().toString(36).substring(2,12),e.src+=\"#?secret=\"+t,e.setAttribute(\"data-secret\",t)),e.contentWindow.postMessage({message:\"ready\",secret:t},\"*\")},!1)))}(window,document);\n\/\/# sourceURL=http:\/\/denizcankizil.tr\/wp-includes\/js\/wp-embed.min.js\n<\/script>","description":"Meteoroloji yurt genelinde so\u011fuk havan\u0131n etkisine girildi\u011fi, bir\u00e7ok yerde kar ya\u011f\u0131\u015f\u0131, ya\u011fmur uyar\u0131s\u0131nda bulunmu\u015ftu. Pazar g\u00fcn\u00fc Hatay\u2019da Amanos Da\u011flar\u0131, mevsimin ilk kar\u0131yla beyaza b\u00fcr\u00fcnerek kartpostall\u0131k manzaralar olu\u015fturdu. Amanos Da\u011flar\u0131\u2019na d\u00fc\u015fen ilk kar, \u00e7evredeki tar\u0131m alanlar\u0131nda su rezervleri a\u00e7\u0131s\u0131ndan umut olurken, K\u0131\u015f mevsimi etkisini art\u0131rmas\u0131yla, ba\u015fta \u0130skenderun olmak \u00fczere b\u00f6lgede haz\u0131rl\u0131klar h\u0131z kazand\u0131. \u0130skenderun&#8217;da so\u011fuk hava etkisini art\u0131r\u0131rken, s\u0131cakl\u0131klar\u0131n d\u00fc\u015fmesiyle birlikte b\u00f6lge halk\u0131 k\u0131\u015f mevsimini iyiden iyiye hissetmeye ba\u015flad\u0131. D\u00fcnk\u00fc kar ya\u011f\u0131\u015f\u0131n\u0131n etkisiyle, yazl\u0131klar\u0131n\u0131 bir kenara koyan vatanda\u015flar k\u0131\u015fl\u0131k k\u0131yafetlerini \u00e7\u0131kard\u0131, montlar, kabanlar, bereler giyildi. Kentte bir anda s\u0131cakl\u0131klar\u0131n d\u00fc\u015fmesiyle birlikte k\u0131\u015f mevsimi b\u00f6lge halk\u0131na so\u011fuk y\u00fcz\u00fcn\u00fc g\u00f6sterdi. Amanoslar\u0131n zirvesine kar ya\u011f\u0131\u015f\u0131, hem do\u011fa tutkunlar\u0131n\u0131 hem de b\u00f6lgedeki vatanda\u015flar\u0131 sevindirdi. \u200bT\u00fcm yurdu etkisi alt\u0131na alan so\u011fuk hava, ya\u011fmur ve kar ya\u011f\u0131\u015f\u0131, bir\u00e7ok yerde oldu\u011fu gibi Hatay\u2019da amanos da\u011f\u0131n\u0131n y\u00fcksek kesimlerini de beyaza b\u00fcr\u00fcnd\u00fcrd\u00fc. Ya\u011fan karla birlikte k\u0131\u015f t\u00fcm il\u00e7elerde kendini hissettirmeye ba\u015flad\u0131.\u00a0 \u200bHaberin Al\u0131nt\u0131land\u0131\u011f\u0131 Kaynak: www.iskenderun.org"}