{"version":"1.0","provider_name":"Av. Deniz Can K\u0131z\u0131l","provider_url":"http:\/\/denizcankizil.tr\/de","author_name":"admin","author_url":"http:\/\/denizcankizil.tr\/de\/author\/admin\/","title":"Ad\u0131yaman\u2019da seyir halindeki otomobil alev ald\u0131","type":"rich","width":600,"height":338,"html":"<blockquote class=\"wp-embedded-content\" data-secret=\"aTM6DSLK18\"><a href=\"http:\/\/denizcankizil.tr\/de\/haberler\/gundem\/adiyamanda-seyir-halindeki-otomobil-alev-aldi\/\">Ad\u0131yaman\u2019da seyir halindeki otomobil alev ald\u0131<\/a><\/blockquote><iframe sandbox=\"allow-scripts\" security=\"restricted\" src=\"http:\/\/denizcankizil.tr\/de\/haberler\/gundem\/adiyamanda-seyir-halindeki-otomobil-alev-aldi\/embed\/#?secret=aTM6DSLK18\" width=\"600\" height=\"338\" title=\"&#8222;Ad\u0131yaman\u2019da seyir halindeki otomobil alev ald\u0131&#8220; &#8211; Av. Deniz Can K\u0131z\u0131l\" data-secret=\"aTM6DSLK18\" frameborder=\"0\" marginwidth=\"0\" marginheight=\"0\" scrolling=\"no\" class=\"wp-embedded-content\"><\/iframe><script>\n\/*! This file is auto-generated *\/\n!function(d,l){\"use strict\";l.querySelector&&d.addEventListener&&\"undefined\"!=typeof URL&&(d.wp=d.wp||{},d.wp.receiveEmbedMessage||(d.wp.receiveEmbedMessage=function(e){var t=e.data;if((t||t.secret||t.message||t.value)&&!\/[^a-zA-Z0-9]\/.test(t.secret)){for(var s,r,n,a=l.querySelectorAll('iframe[data-secret=\"'+t.secret+'\"]'),o=l.querySelectorAll('blockquote[data-secret=\"'+t.secret+'\"]'),c=new RegExp(\"^https?:$\",\"i\"),i=0;i<o.length;i++)o[i].style.display=\"none\";for(i=0;i<a.length;i++)s=a[i],e.source===s.contentWindow&&(s.removeAttribute(\"style\"),\"height\"===t.message?(1e3<(r=parseInt(t.value,10))?r=1e3:~~r<200&&(r=200),s.height=r):\"link\"===t.message&&(r=new URL(s.getAttribute(\"src\")),n=new URL(t.value),c.test(n.protocol))&&n.host===r.host&&l.activeElement===s&&(d.top.location.href=t.value))}},d.addEventListener(\"message\",d.wp.receiveEmbedMessage,!1),l.addEventListener(\"DOMContentLoaded\",function(){for(var e,t,s=l.querySelectorAll(\"iframe.wp-embedded-content\"),r=0;r<s.length;r++)(t=(e=s[r]).getAttribute(\"data-secret\"))||(t=Math.random().toString(36).substring(2,12),e.src+=\"#?secret=\"+t,e.setAttribute(\"data-secret\",t)),e.contentWindow.postMessage({message:\"ready\",secret:t},\"*\")},!1)))}(window,document);\n\/\/# sourceURL=http:\/\/denizcankizil.tr\/wp-includes\/js\/wp-embed.min.js\n<\/script>","description":"Ad\u0131yaman&#8217;da seyir halindeki otomobilin aniden alev ald\u0131. Arac\u0131 durdurarak kendini d\u0131\u015far\u0131ya atan s\u00fcr\u00fcc\u00fcn\u00fcn sa\u011fl\u0131k durumunun iyi oldu\u011fu \u00f6\u011frenildi.ADIYAMAN (\u0130GFA) &#8211; Ad\u0131yaman\u2019\u0131n Atat\u00fcrk Bulvar\u0131, Yunus Emre Mahallesi \u00fczerinde seyir halinde olan 01 CTS 57 plakal\u0131 otomobil, hen\u00fcz bilinmeyen bir nedenle aniden alev ald\u0131. Al\u0131nan bilgiye g\u00f6re ismi \u00f6\u011frenilemeyen s\u00fcr\u00fcc\u00fc, arac\u0131 durdurarak hemen d\u0131\u015far\u0131 \u00e7\u0131kt\u0131. \u00c7evredeki vatanda\u015flar\u0131n ihbar\u0131 \u00fczerine olay yerine itfaiye ve polis ekipleri sevk edildi. K\u0131sa s\u00fcrede m\u00fcdahale eden itfaiye ekipleri, ara\u00e7taki yang\u0131n\u0131 kontrol alt\u0131na alarak s\u00f6nd\u00fcrd\u00fc. Yang\u0131n sonucu ara\u00e7 kullan\u0131lamaz hale gelirken, olayda herhangi bir yaralanma veya can kayb\u0131 ya\u015fanmad\u0131. \u200bAd\u0131yaman&#8217;da seyir halindeki otomobilin aniden alev ald\u0131. Arac\u0131 durdurarak kendini d\u0131\u015far\u0131ya atan s\u00fcr\u00fcc\u00fcn\u00fcn sa\u011fl\u0131k durumunun iyi oldu\u011fu \u00f6\u011frenildi.ADIYAMAN (\u0130GFA) &#8211; Ad\u0131yaman\u2019\u0131n Atat\u00fcrk Bulvar\u0131, Yunus Emre Mahallesi \u00fczerinde seyir halinde olan 01 CTS 57 plakal\u0131 otomobil, hen\u00fcz bilinmeyen bir nedenle aniden alev ald\u0131. Al\u0131nan bilgiye g\u00f6re ismi \u00f6\u011frenilemeyen s\u00fcr\u00fcc\u00fc, arac\u0131 durdurarak hemen d\u0131\u015far\u0131 \u00e7\u0131kt\u0131. \u00c7evredeki vatanda\u015flar\u0131n ihbar\u0131 \u00fczerine olay yerine itfaiye ve polis ekipleri sevk edildi. K\u0131sa s\u00fcrede m\u00fcdahale eden itfaiye ekipleri, ara\u00e7taki yang\u0131n\u0131 kontrol alt\u0131na alarak s\u00f6nd\u00fcrd\u00fc. Yang\u0131n sonucu ara\u00e7 kullan\u0131lamaz hale gelirken, olayda herhangi bir yaralanma veya can kayb\u0131 ya\u015fanmad\u0131.\u00a0 \u200bHaberin Al\u0131nt\u0131land\u0131\u011f\u0131 Kaynak: www.iskenderun.org"}