{"version":"1.0","provider_name":"Av. Deniz Can K\u0131z\u0131l","provider_url":"http:\/\/denizcankizil.tr\/de","author_name":"Av. Deniz Can K\u0131z\u0131l","author_url":"http:\/\/denizcankizil.tr\/de","title":"9 tane yediler, \u2018kazand\u0131k\u2019 dediler","type":"rich","width":600,"height":338,"html":"<blockquote class=\"wp-embedded-content\" data-secret=\"80Iki0t3GY\"><a href=\"http:\/\/denizcankizil.tr\/de\/haberler\/gundem\/9-tane-yediler-kazandik-dediler\/\">9 tane yediler, \u2018kazand\u0131k\u2019 dediler<\/a><\/blockquote><iframe sandbox=\"allow-scripts\" security=\"restricted\" src=\"http:\/\/denizcankizil.tr\/de\/haberler\/gundem\/9-tane-yediler-kazandik-dediler\/embed\/#?secret=80Iki0t3GY\" width=\"600\" height=\"338\" title=\"&#8222;9 tane yediler, \u2018kazand\u0131k\u2019 dediler&#8220; &#8211; Av. Deniz Can K\u0131z\u0131l\" data-secret=\"80Iki0t3GY\" frameborder=\"0\" marginwidth=\"0\" marginheight=\"0\" scrolling=\"no\" class=\"wp-embedded-content\"><\/iframe><script>\n\/*! This file is auto-generated *\/\n!function(d,l){\"use strict\";l.querySelector&&d.addEventListener&&\"undefined\"!=typeof URL&&(d.wp=d.wp||{},d.wp.receiveEmbedMessage||(d.wp.receiveEmbedMessage=function(e){var t=e.data;if((t||t.secret||t.message||t.value)&&!\/[^a-zA-Z0-9]\/.test(t.secret)){for(var s,r,n,a=l.querySelectorAll('iframe[data-secret=\"'+t.secret+'\"]'),o=l.querySelectorAll('blockquote[data-secret=\"'+t.secret+'\"]'),c=new RegExp(\"^https?:$\",\"i\"),i=0;i<o.length;i++)o[i].style.display=\"none\";for(i=0;i<a.length;i++)s=a[i],e.source===s.contentWindow&&(s.removeAttribute(\"style\"),\"height\"===t.message?(1e3<(r=parseInt(t.value,10))?r=1e3:~~r<200&&(r=200),s.height=r):\"link\"===t.message&&(r=new URL(s.getAttribute(\"src\")),n=new URL(t.value),c.test(n.protocol))&&n.host===r.host&&l.activeElement===s&&(d.top.location.href=t.value))}},d.addEventListener(\"message\",d.wp.receiveEmbedMessage,!1),l.addEventListener(\"DOMContentLoaded\",function(){for(var e,t,s=l.querySelectorAll(\"iframe.wp-embedded-content\"),r=0;r<s.length;r++)(t=(e=s[r]).getAttribute(\"data-secret\"))||(t=Math.random().toString(36).substring(2,12),e.src+=\"#?secret=\"+t,e.setAttribute(\"data-secret\",t)),e.contentWindow.postMessage({message:\"ready\",secret:t},\"*\")},!1)))}(window,document);\n\/\/# sourceURL=http:\/\/denizcankizil.tr\/wp-includes\/js\/wp-embed.min.js\n<\/script>","description":"TFF 2. Lig\u2019de m\u00fccadele eden Kepez Belediyesi\u2019ne ba\u011fl\u0131 Kepez Belediyespor, T\u00fcrkiye Kupas\u0131 ma\u00e7\u0131nda Konyaspor\u2019a 9-0 yenildi. Kar\u015f\u0131la\u015fmada hi\u00e7bir varl\u0131k g\u00f6steremeyen Kepez Belediyespor bu sonu\u00e7la kupadan elendi. Al\u0131nan k\u00f6t\u00fc ma\u011flubiyet kul\u00fcpteki sorunlar\u0131 bir kez daha g\u00fcndeme getirdi. \u0130NTERNET S\u0130TES\u0130 G\u00dcNCELLENM\u0130YOR Yak\u0131n zamanda Soykan Bayraktar kul\u00fcp A.\u015e. ba\u015fkanl\u0131\u011f\u0131ndan istifa etmi\u015fti. Bayraktar\u2019\u0131n istifas\u0131ndan ard\u0131ndan hen\u00fcz kul\u00fcp ba\u015fkan\u0131 belirlenmedi\u011fi \u00f6\u011frenildi. \u0130stifalar\u0131n havada u\u00e7u\u015ftu\u011fu Kepez Belediyespor\u2019daki ba\u015f\u0131bo\u015fluk \u2018yok art\u0131k\u2019 dedirtti. Kul\u00fcb\u00fcn resmi internet sitesi www.kepezspor.org 2 May\u0131s 2024 tarihinden beri g\u00fcncellenmiyor. Sitenin ana sayfas\u0131nda eski haberler yer al\u0131rken, kul\u00fcp ba\u015fkan\u0131 olarak Soykan Bayraktar\u2019dan \u00f6nceki \u0130smail \u0130ltemir g\u00f6r\u00fcn\u00fcyor. Resmi internet sitesinde eski ba\u015fkanlardan \u0130smail \u0130ltemir ba\u015fkan g\u00f6r\u00fcn\u00fcrken, y\u00f6netim kurulunun da geli\u015fig\u00fczel yaz\u0131ld\u0131\u011f\u0131 g\u00f6r\u00fcl\u00fcyor FACEBOOK\u2019TA AKILLARA ZARAR PAYLA\u015eIM Yine Y\u00f6netim Kurulu listesinin ba\u015ftan sa\u011fma yaz\u0131ld\u0131\u011f\u0131 dikkat \u00e7ekiyor. Kul\u00fcb\u00fcn resmi Facebook hesab\u0131 da evlere \u015fenlik y\u00f6netiliyor. 2 Aral\u0131k\u2019ta \u2018Tak\u0131m\u0131m\u0131z Ziraat T\u00fcrkiye Kupas\u0131 ma\u00e7\u0131nda kar\u015f\u0131la\u015faca\u011f\u0131 Konyasapor ma\u00e7\u0131n\u0131n haz\u0131rl\u0131klar\u0131na ba\u015flad\u0131\u2019 payla\u015f\u0131m\u0131 yap\u0131lan Facebook hesab\u0131nda Konyaspor\u2019a kar\u015f\u0131 al\u0131nan 9-0\u2019l\u0131k ma\u011flubiyetin ard\u0131ndan \u2018G\u00fcn\u00fcn kazanan\u0131\u2019 \u015feklinde payla\u015f\u0131m yap\u0131ld\u0131. \u00a0\u00a0 9-0&#8217;l\u0131k Konyaspor ma\u011flubiyetinin ard\u0131ndan Kepezspor resmi Facebook hesab\u0131ndan yap\u0131lan payla\u015f\u0131m\u00a0 KOCAG\u00d6Z EL\u0130N\u0130 AYA\u011eINI \u00c7EKT\u0130 Yerel se\u00e7imlerde Kepez Belediyesi\u2019nin kazanan Ba\u015fkan Mesut Kocag\u00f6z\u2019\u00fcn ise kul\u00fcbe beklenen deste\u011fi vermedi\u011fi bildirildi. Ba\u015fkan olduktan sonra kul\u00fcp y\u00f6netimini ba\u015ftan a\u015fa\u011f\u0131 yenileyen Kocag\u00f6z, \u00f6zellikle futbol kul\u00fcb\u00fcnden b\u00fcy\u00fck ba\u015far\u0131 bekliyordu. Fakat &hellip;"}